{"id":2688,"date":"2024-09-10T17:23:20","date_gmt":"2024-09-10T17:23:20","guid":{"rendered":"http:\/\/www.nsa.smsm.lt\/projektai\/?page_id=2688"},"modified":"2026-04-20T12:51:36","modified_gmt":"2026-04-20T12:51:36","slug":"duk","status":"publish","type":"page","link":"https:\/\/www.nsa.smsm.lt\/projektai\/ugdymo-projektai\/projektas-tesk-ateik-tobulek-prisidek\/duk\/","title":{"rendered":"DUK"},"content":{"rendered":"<p><strong>Da\u017eniausiai u\u017eduodami klausimai d\u0117l pedagogini\u0173 darbuotoj\u0173 kompetencij\u0173 tobulinimo sta\u017euo\u010di\u0173 u\u017esienyje<\/strong><\/p>\n<div class=\"panel-group\" id=\"collapse_2138-6489\"><div class=\"panel panel-default\">    <div class=\"panel-heading\" role=\"tab\" id=\"heading_citem_e868-f6b3\">        <h4 class=\"panel-title\"><a class=\"accordion-toggle collapsed\" data-toggle=\"collapse\" aria-controls=\"heading_citem_e868-f6b3\" data-parent=\"#collapse_2138-6489\" href=\"#citem_e868-f6b3\">Kas yra pedagog\u0173 profesin\u0117s sta\u017euot\u0117s u\u017esienyje, kas ir kaip gali \u012f jas vykti?<\/a>        <\/h4>    <\/div>    <div id=\"citem_e868-f6b3\" class=\"panel-collapse collapse \" role=\"tabpanel\" aria-labelledby=\"heading_citem_e868-f6b3\">        <div class=\"panel-body\">\n<p>Atsakymai \u012f projekto \u201eT\u0119sk: ateik, tobul\u0117k, prisid\u0117k!\u201c dalyvi\u0173 da\u017eniausiai u\u017eduodamus klausimus apie pedagog\u0173 profesin\u0117s kompetencijos sta\u017euotes u\u017esienyje pateikiami projekto komandos paruo\u0161tame vaizdo \u012fra\u0161e &#8211; <a href=\"https:\/\/youtu.be\/XZ5wlgyrONM?feature=shared\"><span data-ccp-charstyle=\"Hyperlink\">https:\/\/youtu.be\/XZ5wlgyrONM?feature=shared<\/span><\/a><span data-ccp-props=\"{&quot;335559737&quot;:-360}\">\u00a0<\/span><\/p>\n<p>        <\/p><\/div>    <\/div><\/div><div class=\"panel panel-default\">    <div class=\"panel-heading\" role=\"tab\" id=\"heading_citem_8784-b93c\">        <h4 class=\"panel-title\"><a class=\"accordion-toggle collapsed\" data-toggle=\"collapse\" aria-controls=\"heading_citem_8784-b93c\" data-parent=\"#collapse_2138-6489\" href=\"#citem_8784-b93c\">Kur rasti sta\u017euot\u0119 ar organizacijas, kuriose galima sta\u017euotis? <\/a>        <\/h4>    <\/div>    <div id=\"citem_8784-b93c\" class=\"panel-collapse collapse \" role=\"tabpanel\" aria-labelledby=\"heading_citem_8784-b93c\">        <div class=\"panel-body\">\n<p>Pedagoginiai darbuotojai sta\u017euot\u0117s viet\u0105 susirasti ir j\u0105 organizuotis turi savaranki\u0161kai. Renkantis sta\u017euot\u0117s viet\u0105, rekomenduojama pasitelkti mokyklos turimus partnerius u\u017esienyje (jei toki\u0173 yra), socialinius partnerius Lietuvoje ir i\u0161naudoti asmenin\u012f socialin\u012f tinkl\u0105.<span data-ccp-props=\"{&quot;335559737&quot;:-360}\">\u00a0<\/span><\/p>\n<p><span data-contrast=\"none\">\u010cia pateikiamas <strong><a href=\"https:\/\/www.nsa.smsm.lt\/projektai\/wp-content\/uploads\/2026\/04\/Stazuociu-vietu-nuorodos_2026_IV-kvietimas.pdf\" target=\"_blank\" rel=\"noopener\">galim\u0173<\/a><\/strong> <\/span><span data-contrast=\"auto\">sta\u017euo\u010di\u0173 viet\u0173 s\u0105ra\u0161as, ta\u010diau juo vadovautis neprivaloma.<\/span><span data-ccp-props=\"{&quot;335559737&quot;:-360}\">\u00a0<\/span><\/p>\n<p>        <\/p><\/div>    <\/div><\/div><div class=\"panel panel-default\">    <div class=\"panel-heading\" role=\"tab\" id=\"heading_citem_3467-cf6d\">        <h4 class=\"panel-title\"><a class=\"accordion-toggle collapsed\" data-toggle=\"collapse\" aria-controls=\"heading_citem_3467-cf6d\" data-parent=\"#collapse_2138-6489\" href=\"#citem_3467-cf6d\">Kokios i\u0161laidos yra kompensuojamos?<\/a>        <\/h4>    <\/div>    <div id=\"citem_3467-cf6d\" class=\"panel-collapse collapse \" role=\"tabpanel\" aria-labelledby=\"heading_citem_3467-cf6d\">        <div class=\"panel-body\">\n<p>Kompensuojamos \u0161ios i\u0161laidos:<span data-ccp-props=\"{&quot;335559737&quot;:-360}\">\u00a0<\/span><\/p>\n<ul>\n<li><span data-contrast=\"none\"> sta\u017euot\u0117s programos mokestis, kuris neturi vir\u0161yti 80\u202fEur (vienos dienos);<\/span><\/li>\n<li><span data-contrast=\"none\"> kelion\u0117s \u012f u\u017esien\u012f ir atgal i\u0161laidos (fiksuotos, jei vykstama \u012f ES \u0161al\u012f);<\/span><\/li>\n<li><span data-contrast=\"none\"> fiksuotos sta\u017euot\u0117s ES \u0161alyje finansavimo l\u0117\u0161os, \u012f kurias \u012feina perve\u017eimo\u202f\/ jud\u0117jimo \u0161alyje (Lietuvoje ir u\u017esienyje) paslaugos, gyvenamojo ploto nuomos i\u0161laidos, maitinimo i\u0161laidos, kelion\u0117s draudimas.<\/span><\/li>\n<\/ul>\n<p><span data-contrast=\"none\">Nustatyti sta\u017euot\u0117s \u012fkainiai, vadovaujantis Europos socialinio fondo agent\u016bros tyrimais:<\/span><span data-ccp-props=\"{&quot;335559737&quot;:-360}\">\u00a0<\/span><\/p>\n<p><a href=\"https:\/\/esinvesticijos.lt\/dokumentai\/fi-57-01-fi-57-12-kelioniu-i-uzsieni-islaidu-fi-nustatymo-tyrimas\"><span data-ccp-charstyle=\"Hyperlink\">F\u012e-57-01 \u2013 F\u012e-57-11. Kelioni\u0173 \u012f u\u017esien\u012f i\u0161laid\u0173 fiksuot\u0173j\u0173 vieneto \u012fkaini\u0173 nustatymo tyrimas (2024 m. baland\u017eio 9 d. redakcija)<\/span><\/a><span data-ccp-props=\"{&quot;335559737&quot;:-360}\">\u00a0<\/span><\/p>\n<p><a href=\"https:\/\/esinvesticijos.lt\/dokumentai\/fi-56-01-fi-56-09-darbuotojo-komandiruotes-i-es-valstybe-fi-nustatymo-tyrimas\"><span data-ccp-charstyle=\"Hyperlink\">F\u012e-56-01 \u2013 F\u012e-56-10. Darbuotojo komandiruot\u0117s \u012f Europos S\u0105jungos valstyb\u0119(-<\/span><\/a><a href=\"https:\/\/esinvesticijos.lt\/dokumentai\/fi-56-01-fi-56-09-darbuotojo-komandiruotes-i-es-valstybe-fi-nustatymo-tyrimas\"><span data-ccp-charstyle=\"Hyperlink\">es<\/span><\/a><a href=\"https:\/\/esinvesticijos.lt\/dokumentai\/fi-56-01-fi-56-09-darbuotojo-komandiruotes-i-es-valstybe-fi-nustatymo-tyrimas\"><span data-ccp-charstyle=\"Hyperlink\">) i\u0161laid\u0173 fiksuot\u0173j\u0173 vieneto \u012fkaini\u0173 nustatymo tyrimas (2024 m. baland\u017eio 8 d. redakcija)<\/span><\/a><span data-ccp-props=\"{&quot;335559737&quot;:-360}\">\u00a0<\/span><\/p>\n<p><span data-contrast=\"none\">Jei vykstama \u012f Jungtin\u0119 Did\u017eiosios Britanijos ir \u0160iaur\u0117s Airijos Karalyst\u0119, Islandij\u0105, Norvegij\u0105 ir Lichten\u0161tein\u0105, finansuojama pagal faktines i\u0161laidas, nevir\u0161ijant valstyb\u0117s numatyt\u0173 dienpinigi\u0173 ir kit\u0173 komandiruo\u010di\u0173 i\u0161laid\u0173 (<\/span><a href=\"https:\/\/e-seimas.lrs.lt\/portal\/legalAct\/lt\/TAD\/TAIS.232345\/asr\"><span data-ccp-charstyle=\"Hyperlink\">https:\/\/e-seimas.lrs.lt\/portal\/legalAct\/lt\/TAD\/TAIS.232345\/asr<\/span><\/a><span data-contrast=\"none\">).<\/span><span data-ccp-props=\"{&quot;335559737&quot;:-360}\">\u00a0<\/span><\/p>\n<p><span data-contrast=\"none\">Atsiskaityti reikia pagal Pedagogini\u0173 darbuotoj\u0173 kompetencij\u0173 tobulinimo sta\u017euo\u010di\u0173 u\u017esienyje\u202f<\/span><a href=\"http:\/\/www.nsa.smsm.lt\/projektai\/wp-content\/uploads\/2024\/08\/Pedagoginiu_darbuotoju_kompetenciju_tobulinimo_stazuociu_uzsienyje_aprasas.red_.docx\"><span data-ccp-charstyle=\"Hyperlink\">apra\u0161o<\/span><\/a><span data-contrast=\"none\">\u202f(toliau\u202f\u2013 Apra\u0161as) 6\u202fir 8\u202fpriedus.<\/span><span data-ccp-props=\"{&quot;335559737&quot;:-360}\">\u00a0<\/span><\/p>\n<p>        <\/p><\/div>    <\/div><\/div><div class=\"panel panel-default\">    <div class=\"panel-heading\" role=\"tab\" id=\"heading_citem_970e-30ad\">        <h4 class=\"panel-title\"><a class=\"accordion-toggle collapsed\" data-toggle=\"collapse\" aria-controls=\"heading_citem_970e-30ad\" data-parent=\"#collapse_2138-6489\" href=\"#citem_970e-30ad\">Ar gali du pedagogai i\u0161 vienos mokyklos vykti \u012f t\u0105 pa\u010di\u0105 sta\u017euot\u0119? Ar pateikiama bendra, ar atskiros parai\u0161kos?<\/a>        <\/h4>    <\/div>    <div id=\"citem_970e-30ad\" class=\"panel-collapse collapse \" role=\"tabpanel\" aria-labelledby=\"heading_citem_970e-30ad\">        <div class=\"panel-body\">\n<p>Du pedagogai i\u0161 vienos mokyklos \u012f t\u0105 pa\u010di\u0105 sta\u017euot\u0119 vykti gali. Kiekvienas \u012f sta\u017euot\u0119 vykti norintis pedagoginis darbuotojas pildo atskir\u0105 parai\u0161k\u0105.<span data-ccp-props=\"{&quot;335559737&quot;:-360}\">\u00a0<\/span><\/p>\n<p>        <\/p><\/div>    <\/div><\/div><div class=\"panel panel-default\">    <div class=\"panel-heading\" role=\"tab\" id=\"heading_citem_c8b3-0d2f\">        <h4 class=\"panel-title\"><a class=\"accordion-toggle collapsed\" data-toggle=\"collapse\" aria-controls=\"heading_citem_c8b3-0d2f\" data-parent=\"#collapse_2138-6489\" href=\"#citem_c8b3-0d2f\">Ar yra am\u017eiaus cenzas?<\/a>        <\/h4>    <\/div>    <div id=\"citem_c8b3-0d2f\" class=\"panel-collapse collapse \" role=\"tabpanel\" aria-labelledby=\"heading_citem_c8b3-0d2f\">        <div class=\"panel-body\">\n<p>Am\u017eiaus cenzas sta\u017euo\u010di\u0173 dalyviams netaikomas.<\/p>\n<p>        <\/p><\/div>    <\/div><\/div><div class=\"panel panel-default\">    <div class=\"panel-heading\" role=\"tab\" id=\"heading_citem_f1fd-e69f\">        <h4 class=\"panel-title\"><a class=\"accordion-toggle collapsed\" data-toggle=\"collapse\" aria-controls=\"heading_citem_f1fd-e69f\" data-parent=\"#collapse_2138-6489\" href=\"#citem_f1fd-e69f\">Kas gali pasira\u0161yti sutikim\u0105?<\/a>        <\/h4>    <\/div>    <div id=\"citem_f1fd-e69f\" class=\"panel-collapse collapse \" role=\"tabpanel\" aria-labelledby=\"heading_citem_f1fd-e69f\">        <div class=\"panel-body\">\n<p>Sutikim\u0105 gali pasira\u0161yti tuo metu \u0161vietimo \u012fstaigai, kurioje pretendentas dirba, vadovaujantis asmuo. Jei \u012f sta\u017euot\u0119 vykti ketina \u0161vietimo \u012fstaigos vadovaujantis asmuo, sutikim\u0105 pasira\u0161yti turi jo tiesioginis vadovas (pvz. savivaldyb\u0117s administracijos vadovas ar jo \u012fgaliotas asmuo).<\/p>\n<p>        <\/p><\/div>    <\/div><\/div><div class=\"panel panel-default\">    <div class=\"panel-heading\" role=\"tab\" id=\"heading_citem_c992-18a5\">        <h4 class=\"panel-title\"><a class=\"accordion-toggle collapsed\" data-toggle=\"collapse\" aria-controls=\"heading_citem_c992-18a5\" data-parent=\"#collapse_2138-6489\" href=\"#citem_c992-18a5\">Ar neatsiranda \u012fsipareigojim\u0173 organizacijai, kuri patvirtino dalyvavim\u0105, ta\u010diau dalyvis finansavimo negavo?<\/a>        <\/h4>    <\/div>    <div id=\"citem_c992-18a5\" class=\"panel-collapse collapse \" role=\"tabpanel\" aria-labelledby=\"heading_citem_c992-18a5\">        <div class=\"panel-body\">\n<p>Komunikuojant su sta\u017euot\u0119 organizuojan\u010dia organizacija, rekomenduojama informuoti, iki kada prane\u0161ite apie dalyvavim\u0105\u00a0\/ nedalyvavim\u0105 pasirinktoje sta\u017euot\u0117je.<\/p>\n<p>        <\/p><\/div>    <\/div><\/div><div class=\"panel panel-default\">    <div class=\"panel-heading\" role=\"tab\" id=\"heading_citem_e981-02a6\">        <h4 class=\"panel-title\"><a class=\"accordion-toggle collapsed\" data-toggle=\"collapse\" aria-controls=\"heading_citem_e981-02a6\" data-parent=\"#collapse_2138-6489\" href=\"#citem_e981-02a6\">Ar galima nurodyti sta\u017euot\u0117s dat\u0105 preliminariai, keisti viet\u0105 ir laik\u0105?<\/a>        <\/h4>    <\/div>    <div id=\"citem_e981-02a6\" class=\"panel-collapse collapse \" role=\"tabpanel\" aria-labelledby=\"heading_citem_e981-02a6\">        <div class=\"panel-body\">\n<p>Teikdami parai\u0161k\u0105 turite nurodyti tiksl\u0173 sta\u017euot\u0117s laik\u0105, dat\u0105 ir viet\u0105.\u00a0<span data-ccp-props=\"{&quot;335559737&quot;:-360}\">\u00a0<\/span><\/p>\n<p><span data-contrast=\"none\">Sta\u017euot\u0117s tema, data, vieta ir laikas gali b\u016bti kei\u010diami tik i\u0161imtiniais atvejais, pvz., nesusidarius grupei. Su \u0161iais aspektais susij\u0119 pakeitimai bus numatyti tri\u0161al\u0117je sutartyje.<\/span><\/p>\n<p>        <\/p><\/div>    <\/div><\/div><div class=\"panel panel-default\">    <div class=\"panel-heading\" role=\"tab\" id=\"heading_citem_7970-c7b3\">        <h4 class=\"panel-title\"><a class=\"accordion-toggle collapsed\" data-toggle=\"collapse\" aria-controls=\"heading_citem_7970-c7b3\" data-parent=\"#collapse_2138-6489\" href=\"#citem_7970-c7b3\">Ar u\u017esienio kalba b\u016btinai turi b\u016bti angl\u0173? Ar reik\u0117s pateikti u\u017esienio kalbos mok\u0117jimo lyg\u012f (B1) patvirtinant\u012f dokument\u0105?<\/a>        <\/h4>    <\/div>    <div id=\"citem_7970-c7b3\" class=\"panel-collapse collapse \" role=\"tabpanel\" aria-labelledby=\"heading_citem_7970-c7b3\">        <div class=\"panel-body\">\n<p>Sta\u017euot\u0117s kalba gali b\u016bti bet kuri kita Europos S\u0105jungos oficiali kalba.<span data-ccp-props=\"{&quot;335559737&quot;:-360}\">\u00a0<\/span><\/p>\n<p><span data-contrast=\"none\">Pavyzd\u017eiui, J\u016bs mokate vokie\u010di\u0173 kalb\u0105 ir grei\u010diausiai dom\u0117sit\u0117s galimybe sta\u017euotis toje \u0161alyje, kurioje kalbama vokie\u010di\u0173 kalba. Tokiu atveju J\u016bs\u0173 sta\u017euot\u0117s kalba bus vokie\u010di\u0173.<\/span><span data-ccp-props=\"{&quot;335559737&quot;:-360}\">\u00a0<\/span><\/p>\n<p><span data-contrast=\"none\">Mok\u0117jimo lygio patvirtinti dokumentu nereikia, pretendentas turi \u012fsivertinti pats, ar gal\u0117s laisvai bendrauti sta\u017euot\u0117je.<\/span><span data-ccp-props=\"{&quot;335559737&quot;:-360}\">\u00a0<\/span><\/p>\n<p>        <\/p><\/div>    <\/div><\/div><div class=\"panel panel-default\">    <div class=\"panel-heading\" role=\"tab\" id=\"heading_citem_56b2-cfc2\">        <h4 class=\"panel-title\"><a class=\"accordion-toggle collapsed\" data-toggle=\"collapse\" aria-controls=\"heading_citem_56b2-cfc2\" data-parent=\"#collapse_2138-6489\" href=\"#citem_56b2-cfc2\">\u012etraukusis ugdymas suaugusi\u0173j\u0173 mokymo centruose. Ar b\u016bt\u0173 galimyb\u0117 pagilinti kompetencijas \u0161ioje srityje?<\/a>        <\/h4>    <\/div>    <div id=\"citem_56b2-cfc2\" class=\"panel-collapse collapse \" role=\"tabpanel\" aria-labelledby=\"heading_citem_56b2-cfc2\">        <div class=\"panel-body\">\n<p>Kompetencijos, susijusios su \u012ftraukiuoju ugdymu suaugusi\u0173j\u0173 mokymo centruose, sta\u017euot\u0117s metu gali b\u016bti tobulinamos. \u0160i\u0173 kompetencij\u0173 tobulinimas\u202f\u2013 viena i\u0161 prioritetini\u0173 kvalifikacijos tobulinimo sri\u010di\u0173 (<a href=\"https:\/\/e-seimas.lrs.lt\/portal\/legalAct\/lt\/TAD\/7f71bc407b2511edbdcebd68a7a0df7e?positionInSearchResults=1&amp;searchModelUUID=be8b255c-e73b-469a-b268-7da007579273;\"><span data-ccp-charstyle=\"Hyperlink\">prioritetin\u0117s<\/span><\/a><span data-contrast=\"none\">\u202f<\/span><a href=\"https:\/\/e-seimas.lrs.lt\/portal\/legalAct\/lt\/TAD\/7f71bc407b2511edbdcebd68a7a0df7e?positionInSearchResults=1&amp;searchModelUUID=be8b255c-e73b-469a-b268-7da007579273;\"><span data-ccp-charstyle=\"Hyperlink\">kvalifikacijos<\/span><\/a><span data-contrast=\"none\">\u202f<\/span><a href=\"https:\/\/e-seimas.lrs.lt\/portal\/legalAct\/lt\/TAD\/7f71bc407b2511edbdcebd68a7a0df7e?positionInSearchResults=1&amp;searchModelUUID=be8b255c-e73b-469a-b268-7da007579273;\"><span data-ccp-charstyle=\"Hyperlink\">tobulinimo<\/span><\/a><span data-contrast=\"none\">\u202f<\/span><a href=\"https:\/\/e-seimas.lrs.lt\/portal\/legalAct\/lt\/TAD\/7f71bc407b2511edbdcebd68a7a0df7e?positionInSearchResults=1&amp;searchModelUUID=be8b255c-e73b-469a-b268-7da007579273;\"><span data-ccp-charstyle=\"Hyperlink\">sritys<\/span><\/a><span data-contrast=\"none\">).<\/span><span data-ccp-props=\"{&quot;335559737&quot;:-360}\">\u00a0<\/span><\/p>\n<p>        <\/p><\/div>    <\/div><\/div><div class=\"panel panel-default\">    <div class=\"panel-heading\" role=\"tab\" id=\"heading_citem_76d3-9f86\">        <h4 class=\"panel-title\"><a class=\"accordion-toggle collapsed\" data-toggle=\"collapse\" aria-controls=\"heading_citem_76d3-9f86\" data-parent=\"#collapse_2138-6489\" href=\"#citem_76d3-9f86\">Ar galima tobulinti angl\u0173 kalbos \u017einias?<\/a>        <\/h4>    <\/div>    <div id=\"citem_76d3-9f86\" class=\"panel-collapse collapse \" role=\"tabpanel\" aria-labelledby=\"heading_citem_76d3-9f86\">        <div class=\"panel-body\">\n<p>Tobulinti angl\u0173 kalbos \u017eini\u0173 negalima. L\u0117\u0161\u0173 neskiriama u\u017esienio kalbos \u017eini\u0173 tobulinimo kursams ir toms veikloms, kurios n\u0117ra susijusios su pedagogini\u0173 kompetencij\u0173 \u012fgijimu, tobulinimu, taip pat toms, kurios neturi poveikio pedagoginio darbuotojo darbinei veiklai, ir tai nebus paveiku ateityje.<span data-ccp-props=\"{}\">\u00a0<\/span><\/p>\n<p>        <\/p><\/div>    <\/div><\/div><div class=\"panel panel-default\">    <div class=\"panel-heading\" role=\"tab\" id=\"heading_citem_a143-1be3\">        <h4 class=\"panel-title\"><a class=\"accordion-toggle collapsed\" data-toggle=\"collapse\" aria-controls=\"heading_citem_a143-1be3\" data-parent=\"#collapse_2138-6489\" href=\"#citem_a143-1be3\">\u012etraukusis ugdymas suaugusi\u0173j\u0173 mokymo centruose. Ar b\u016bt\u0173 galimyb\u0117 pagilinti kompetencijas \u0161ioje srityje?<\/a>        <\/h4>    <\/div>    <div id=\"citem_a143-1be3\" class=\"panel-collapse collapse \" role=\"tabpanel\" aria-labelledby=\"heading_citem_a143-1be3\">        <div class=\"panel-body\">\n<p>Kompetencijos, susijusios su \u012ftraukiuoju ugdymu suaugusi\u0173j\u0173 mokymo centruose, sta\u017euot\u0117s metu gali b\u016bti tobulinamos. \u0160i\u0173 kompetencij\u0173 tobulinimas\u00a0\u2013 viena i\u0161 prioritetini\u0173 kvalifikacijos tobulinimo sri\u010di\u0173 (<a href=\"https:\/\/e-seimas.lrs.lt\/portal\/legalAct\/lt\/TAD\/7f71bc407b2511edbdcebd68a7a0df7e?positionInSearchResults=1&amp;searchModelUUID=be8b255c-e73b-469a-b268-7da007579273;\">prioritetin\u0117s<\/a> <a href=\"https:\/\/e-seimas.lrs.lt\/portal\/legalAct\/lt\/TAD\/7f71bc407b2511edbdcebd68a7a0df7e?positionInSearchResults=1&amp;searchModelUUID=be8b255c-e73b-469a-b268-7da007579273;\">kvalifikacijos<\/a> <a href=\"https:\/\/e-seimas.lrs.lt\/portal\/legalAct\/lt\/TAD\/7f71bc407b2511edbdcebd68a7a0df7e?positionInSearchResults=1&amp;searchModelUUID=be8b255c-e73b-469a-b268-7da007579273;\">tobulinimo<\/a> <a href=\"https:\/\/e-seimas.lrs.lt\/portal\/legalAct\/lt\/TAD\/7f71bc407b2511edbdcebd68a7a0df7e?positionInSearchResults=1&amp;searchModelUUID=be8b255c-e73b-469a-b268-7da007579273;\">sritys<\/a>).<\/p>\n<p>        <\/p><\/div>    <\/div><\/div><div class=\"panel panel-default\">    <div class=\"panel-heading\" role=\"tab\" id=\"heading_citem_1912-7a76\">        <h4 class=\"panel-title\"><a class=\"accordion-toggle collapsed\" data-toggle=\"collapse\" aria-controls=\"heading_citem_1912-7a76\" data-parent=\"#collapse_2138-6489\" href=\"#citem_1912-7a76\">Ar s\u0117km\u0117s atveju savivaldyb\u0117s \u0161vietimo skyrius gali nei\u0161leisti vykti \u012f sta\u017euot\u0119?<\/a>        <\/h4>    <\/div>    <div id=\"citem_1912-7a76\" class=\"panel-collapse collapse \" role=\"tabpanel\" aria-labelledby=\"heading_citem_1912-7a76\">        <div class=\"panel-body\">\n<p>Jei esate pedagoginis darbuotojas, dirbantis mokykloje, vykim\u0105 \u012f sta\u017euot\u0119 turite derinti su tiesioginiu vadovu. Jei esate \u012fstaigos vadovas, vykim\u0105 \u012f sta\u017euot\u0119 su savivaldyb\u0117s \u0161vietimo skyriumi turite suderinti i\u0161 anksto.<span data-ccp-props=\"{}\">\u00a0<\/span><\/p>\n<p>        <\/p><\/div>    <\/div><\/div><div class=\"panel panel-default\">    <div class=\"panel-heading\" role=\"tab\" id=\"heading_citem_4f7f-bdce\">        <h4 class=\"panel-title\"><a class=\"accordion-toggle collapsed\" data-toggle=\"collapse\" aria-controls=\"heading_citem_4f7f-bdce\" data-parent=\"#collapse_2138-6489\" href=\"#citem_4f7f-bdce\">Ar yra galimyb\u0117 sta\u017euotis ikimokyklini\u0173 \u012fstaig\u0173 vadovams? Ar neformaliojo \u0161vietimo pedagogai gali vykti \u012f sta\u017euotes?<\/a>        <\/h4>    <\/div>    <div id=\"citem_4f7f-bdce\" class=\"panel-collapse collapse \" role=\"tabpanel\" aria-labelledby=\"heading_citem_4f7f-bdce\">        <div class=\"panel-body\">\n<p>Gali, jei jie yra <a href=\"https:\/\/e-seimas.lrs.lt\/portal\/legalAct\/lt\/TAD\/TAIS.219282\/qSWTvEUSQx\">pedagoginiai darbuotojai<\/a> (i\u0161skyrus auk\u0161t\u0173j\u0173 mokykl\u0173 pedagoginius darbuotojus).<\/p>\n<p>        <\/p><\/div>    <\/div><\/div><div class=\"panel panel-default\">    <div class=\"panel-heading\" role=\"tab\" id=\"heading_citem_95a5-2213\">        <h4 class=\"panel-title\"><a class=\"accordion-toggle collapsed\" data-toggle=\"collapse\" aria-controls=\"heading_citem_95a5-2213\" data-parent=\"#collapse_2138-6489\" href=\"#citem_95a5-2213\">Ar sta\u017euot\u0117je galima dalyvauti tik kursuose ir konferencijose, ar galima rinktis ir kitas formas?<\/a>        <\/h4>    <\/div>    <div id=\"citem_95a5-2213\" class=\"panel-collapse collapse \" role=\"tabpanel\" aria-labelledby=\"heading_citem_95a5-2213\">        <div class=\"panel-body\">\n<p>Sta\u017euot\u0117 gali b\u016bti seminaras, kursai, konferencija, <em>\u0161e\u0161\u0117liavimas<\/em> ir kita kvalifikacijos tobulinimo forma.<\/p>\n<p>        <\/p><\/div>    <\/div><\/div><div class=\"panel panel-default\">    <div class=\"panel-heading\" role=\"tab\" id=\"heading_citem_ec3f-1415\">        <h4 class=\"panel-title\"><a class=\"accordion-toggle collapsed\" data-toggle=\"collapse\" aria-controls=\"heading_citem_ec3f-1415\" data-parent=\"#collapse_2138-6489\" href=\"#citem_ec3f-1415\">Ar vykstant \u012f sta\u017euot\u0119 reikia imti neapmokamas atostogas?<\/a>        <\/h4>    <\/div>    <div id=\"citem_ec3f-1415\" class=\"panel-collapse collapse \" role=\"tabpanel\" aria-labelledby=\"heading_citem_ec3f-1415\">        <div class=\"panel-body\">\n<p>Sta\u017euot\u0117 yra kvalifikacijos tobulinimo forma. Mokyklos turi patvirtint\u0105 tvark\u0105, pagal kuri\u0105 pedagogai gali vykti \u012f komandiruotes, seminarus, sta\u017euotes.<\/p>\n<p>        <\/p><\/div>    <\/div><\/div><div class=\"panel panel-default\">    <div class=\"panel-heading\" role=\"tab\" id=\"heading_citem_85a1-9c35\">        <h4 class=\"panel-title\"><a class=\"accordion-toggle collapsed\" data-toggle=\"collapse\" aria-controls=\"heading_citem_85a1-9c35\" data-parent=\"#collapse_2138-6489\" href=\"#citem_85a1-9c35\">Ar logopedai, muzikos mokytojai gali dalyvauti sta\u017euot\u0117je?<\/a>        <\/h4>    <\/div>    <div id=\"citem_85a1-9c35\" class=\"panel-collapse collapse \" role=\"tabpanel\" aria-labelledby=\"heading_citem_85a1-9c35\">        <div class=\"panel-body\">\n<p>Taip, visi <a href=\"https:\/\/e-seimas.lrs.lt\/portal\/legalAct\/lt\/TAD\/TAIS.219282\/qSWTvEUSQx\">pedagoginiai darbuotojai<\/a> (i\u0161skyrus auk\u0161t\u0173j\u0173 mokykl\u0173 pedagoginius darbuotojus), turintys auk\u0161t\u0105j\u012f i\u0161silavinim\u0105, gali dalyvauti sta\u017euot\u0117je.<\/p>\n<p>        <\/p><\/div>    <\/div><\/div><div class=\"panel panel-default\">    <div class=\"panel-heading\" role=\"tab\" id=\"heading_citem_361d-1740\">        <h4 class=\"panel-title\"><a class=\"accordion-toggle collapsed\" data-toggle=\"collapse\" aria-controls=\"heading_citem_361d-1740\" data-parent=\"#collapse_2138-6489\" href=\"#citem_361d-1740\">Ar sta\u017euot\u0117 gali b\u016bti 3 dien\u0173 trukm\u0117s?<\/a>        <\/h4>    <\/div>    <div id=\"citem_361d-1740\" class=\"panel-collapse collapse \" role=\"tabpanel\" aria-labelledby=\"heading_citem_361d-1740\">        <div class=\"panel-body\">\n<p>Minimali sta\u017euot\u0117s trukm\u0117\u00a0\u2013 5\u00a0programos dienos be kelion\u0117s.<\/p>\n<p>        <\/p><\/div>    <\/div><\/div><div class=\"panel panel-default\">    <div class=\"panel-heading\" role=\"tab\" id=\"heading_citem_a71a-4507\">        <h4 class=\"panel-title\"><a class=\"accordion-toggle collapsed\" data-toggle=\"collapse\" aria-controls=\"heading_citem_a71a-4507\" data-parent=\"#collapse_2138-6489\" href=\"#citem_a71a-4507\">Kokia yra ilgiausia galima sta\u017euot\u0117s trukm\u0117?<\/a>        <\/h4>    <\/div>    <div id=\"citem_a71a-4507\" class=\"panel-collapse collapse \" role=\"tabpanel\" aria-labelledby=\"heading_citem_a71a-4507\">        <div class=\"panel-body\">\n<p>Maksimalus sta\u017euot\u0117s \u012fgyvendinimo dien\u0173 skai\u010dius yra 10 dien\u0173 (did\u017eiausias apmokam\u0173 nakvyni\u0173 skai\u010dius \u2013 9), \u012fskaitant kelion\u0117s dienas.\u202f<span data-ccp-props=\"{}\">\u00a0<\/span><\/p>\n<p>        <\/p><\/div>    <\/div><\/div><div class=\"panel panel-default\">    <div class=\"panel-heading\" role=\"tab\" id=\"heading_citem_d5c3-6ac1\">        <h4 class=\"panel-title\"><a class=\"accordion-toggle collapsed\" data-toggle=\"collapse\" aria-controls=\"heading_citem_d5c3-6ac1\" data-parent=\"#collapse_2138-6489\" href=\"#citem_d5c3-6ac1\">Koki\u0105 ataskait\u0105 reikia pateikti po sta\u017euot\u0117s?<\/a>        <\/h4>    <\/div>    <div id=\"citem_d5c3-6ac1\" class=\"panel-collapse collapse \" role=\"tabpanel\" aria-labelledby=\"heading_citem_d5c3-6ac1\">        <div class=\"panel-body\">\n<p>Ataskaitos formos yra pateiktos <a href=\"http:\/\/www.nsa.smsm.lt\/projektai\/wp-content\/uploads\/2024\/08\/Pedagoginiu_darbuotoju_kompetenciju_tobulinimo_stazuociu_uzsienyje_aprasas.red_.docx\">Apra\u0161o<\/a> 6 ir 7\u00a0prieduose.<\/p>\n<p>        <\/p><\/div>    <\/div><\/div><div class=\"panel panel-default\">    <div class=\"panel-heading\" role=\"tab\" id=\"heading_citem_7d99-f567\">        <h4 class=\"panel-title\"><a class=\"accordion-toggle collapsed\" data-toggle=\"collapse\" aria-controls=\"heading_citem_7d99-f567\" data-parent=\"#collapse_2138-6489\" href=\"#citem_7d99-f567\">Ar galima dalyvauti sta\u017euot\u0117je antr\u0105 kart\u0105?<\/a>        <\/h4>    <\/div>    <div id=\"citem_7d99-f567\" class=\"panel-collapse collapse \" role=\"tabpanel\" aria-labelledby=\"heading_citem_7d99-f567\">        <div class=\"panel-body\">\n<p>Sta\u017euot\u0117 projekto \u201eT\u0119sk: ateik, tobul\u0117k, prisid\u0117k<span data-contrast=\"none\">!\u201d <\/span><span data-contrast=\"none\">l\u0117\u0161omis yra finansuojama tik vien\u0105 kart\u0105. Antr\u0105 kart\u0105 finansavimas sta\u017euotei nesuteikimas.<\/span><span data-ccp-props=\"{}\">\u00a0<\/span><\/p>\n<p>        <\/p><\/div>    <\/div><\/div><br \/>\n<div class=\"panel panel-default\">    <div class=\"panel-heading\" role=\"tab\" id=\"heading_citem_7d99-f567\">        <h4 class=\"panel-title\"><a class=\"accordion-toggle collapsed\" data-toggle=\"collapse\" aria-controls=\"heading_citem_7d99-f567\" data-parent=\"#collapse_2138-6489\" href=\"#citem_7d99-f567\">Kiek pedagogini\u0173 darbuotoj\u0173 gali i\u0161vykti i\u0161 vienos ugdymo \u012fstaigos?<\/a>        <\/h4>    <\/div>    <div id=\"citem_7d99-f567\" class=\"panel-collapse collapse \" role=\"tabpanel\" aria-labelledby=\"heading_citem_7d99-f567\">        <div class=\"panel-body\">\n<p>I\u0161 vienos ugdymo \u012fstaigos \u012f sta\u017euot\u0119 siun\u010diame daugiausiai 2 darbuotojus. Likus laisv\u0173 finansavimo viet\u0173 ir atitinkant parai\u0161kos kriterijus, konkurso b\u016bdu, galime pakviesti daugiau. Pirmenyb\u0117 teikiama toms mokykloms ir ugdymo \u012fstaigoms, i\u0161 kuri\u0173 pedagoginiai darbuotojai dar nebuvo i\u0161vyk\u0119.<span data-ccp-props=\"{}\">\u00a0<\/span><\/p>\n<p>        <\/p><\/div>    <\/div><\/div><br \/>\n<div class=\"panel panel-default\">    <div class=\"panel-heading\" role=\"tab\" id=\"heading_citem_7d99-f567\">        <h4 class=\"panel-title\"><a class=\"accordion-toggle collapsed\" data-toggle=\"collapse\" aria-controls=\"heading_citem_7d99-f567\" data-parent=\"#collapse_2138-6489\" href=\"#citem_7d99-f567\">Ar galiu pildyti parai\u0161k\u0105 ir dalyvauti sta\u017euot\u0117je, jeigu gaunu finansavim\u0105 kitoje projekto \u201eTesk: ateik, tobul\u0117k, prisid\u0117k!\u201c veikloje?<\/a>        <\/h4>    <\/div>    <div id=\"citem_7d99-f567\" class=\"panel-collapse collapse \" role=\"tabpanel\" aria-labelledby=\"heading_citem_7d99-f567\">        <div class=\"panel-body\">\n<p>Dalyviams, kurie yra gav\u0119 arba \u0161iuo metu gauna finansavim\u0105 kitoje projekto veikloje, finansavimas nesuteikiamas, \u012f sta\u017euot\u0119 projekto l\u0117\u0161omis jie vykti negali.<span data-ccp-props=\"{}\">\u00a0<\/span><\/p>\n<p>        <\/p><\/div>    <\/div><\/div><br \/>\n<div class=\"panel panel-default\">    <div class=\"panel-heading\" role=\"tab\" id=\"heading_citem_7d99-f567\">        <h4 class=\"panel-title\"><a class=\"accordion-toggle collapsed\" data-toggle=\"collapse\" aria-controls=\"heading_citem_7d99-f567\" data-parent=\"#collapse_2138-6489\" href=\"#citem_7d99-f567\">Kas moka dienpinigius sta\u017euot\u0117s metu?<\/a>        <\/h4>    <\/div>    <div id=\"citem_7d99-f567\" class=\"panel-collapse collapse \" role=\"tabpanel\" aria-labelledby=\"heading_citem_7d99-f567\">        <div class=\"panel-body\">\n<p>Sta\u017euot\u0117s dalyvio i\u0161laidos, pagal sudarom\u0105 tri\u0161al\u0119 sutart\u012f, yra dengiamos projekto \u201eT\u0119sk: ateik, tobul\u0117k, prisid\u0117k<span data-contrast=\"none\">!\u201d l<\/span><span data-contrast=\"none\">\u0117\u0161omis<\/span>. Ugdymo \u012fstaiga\/pedagoginio darbuotojo tiesioginis darbdavys papildom\u0173 dienpinigi\u0173 nemoka ir komandiruot\u0117s i\u0161laid\u0173 padengti neturi.<\/p>\n<p>        <\/p><\/div>    <\/div><\/div><br \/>\n<\/div>\n","protected":false},"excerpt":{"rendered":"<p>Da\u017eniausiai u\u017eduodami klausimai d\u0117l pedagogini\u0173 darbuotoj\u0173 kompetencij\u0173 tobulinimo sta\u017euo\u010di\u0173 u\u017esienyje<\/p>\n","protected":false},"author":1,"featured_media":0,"parent":2321,"menu_order":0,"comment_status":"closed","ping_status":"closed","template":"page-sub-projektas.php","meta":{"_acf_changed":false,"inline_featured_image":false,"footnotes":""},"class_list":["post-2688","page","type-page","status-publish","hentry"],"acf":[],"yoast_head":"<!-- This site is optimized with the Yoast SEO plugin v27.4 - https:\/\/yoast.com\/product\/yoast-seo-wordpress\/ -->\n<title>DUK - N\u0160A projektai<\/title>\n<meta name=\"robots\" content=\"index, follow, max-snippet:-1, max-image-preview:large, max-video-preview:-1\" \/>\n<link rel=\"canonical\" href=\"https:\/\/www.nsa.smsm.lt\/projektai\/ugdymo-projektai\/projektas-tesk-ateik-tobulek-prisidek\/duk\/\" \/>\n<meta property=\"og:locale\" content=\"lt_LT\" \/>\n<meta property=\"og:type\" content=\"article\" \/>\n<meta property=\"og:title\" content=\"DUK - N\u0160A projektai\" \/>\n<meta property=\"og:description\" content=\"Da\u017eniausiai u\u017eduodami klausimai d\u0117l pedagogini\u0173 darbuotoj\u0173 kompetencij\u0173 tobulinimo sta\u017euo\u010di\u0173 u\u017esienyje\" \/>\n<meta property=\"og:url\" content=\"https:\/\/www.nsa.smsm.lt\/projektai\/ugdymo-projektai\/projektas-tesk-ateik-tobulek-prisidek\/duk\/\" \/>\n<meta property=\"og:site_name\" content=\"N\u0160A projektai\" \/>\n<meta property=\"article:modified_time\" content=\"2026-04-20T12:51:36+00:00\" \/>\n<meta name=\"twitter:card\" content=\"summary_large_image\" \/>\n<meta name=\"twitter:label1\" content=\"Est. reading time\" \/>\n\t<meta name=\"twitter:data1\" content=\"6 minut\u0117s\" \/>\n<script type=\"application\/ld+json\" class=\"yoast-schema-graph\">{\"@context\":\"https:\\\/\\\/schema.org\",\"@graph\":[{\"@type\":\"WebPage\",\"@id\":\"https:\\\/\\\/www.nsa.smsm.lt\\\/projektai\\\/ugdymo-projektai\\\/projektas-tesk-ateik-tobulek-prisidek\\\/duk\\\/\",\"url\":\"https:\\\/\\\/www.nsa.smsm.lt\\\/projektai\\\/ugdymo-projektai\\\/projektas-tesk-ateik-tobulek-prisidek\\\/duk\\\/\",\"name\":\"DUK - N\u0160A projektai\",\"isPartOf\":{\"@id\":\"https:\\\/\\\/www.nsa.smsm.lt\\\/projektai\\\/#website\"},\"datePublished\":\"2024-09-10T17:23:20+00:00\",\"dateModified\":\"2026-04-20T12:51:36+00:00\",\"breadcrumb\":{\"@id\":\"https:\\\/\\\/www.nsa.smsm.lt\\\/projektai\\\/ugdymo-projektai\\\/projektas-tesk-ateik-tobulek-prisidek\\\/duk\\\/#breadcrumb\"},\"inLanguage\":\"lt-LT\",\"potentialAction\":[{\"@type\":\"ReadAction\",\"target\":[\"https:\\\/\\\/www.nsa.smsm.lt\\\/projektai\\\/ugdymo-projektai\\\/projektas-tesk-ateik-tobulek-prisidek\\\/duk\\\/\"]}]},{\"@type\":\"BreadcrumbList\",\"@id\":\"https:\\\/\\\/www.nsa.smsm.lt\\\/projektai\\\/ugdymo-projektai\\\/projektas-tesk-ateik-tobulek-prisidek\\\/duk\\\/#breadcrumb\",\"itemListElement\":[{\"@type\":\"ListItem\",\"position\":1,\"name\":\"Prad\u017eia\",\"item\":\"https:\\\/\\\/www.nsa.smsm.lt\\\/projektai\\\/\"},{\"@type\":\"ListItem\",\"position\":2,\"name\":\"Ugdymo projektai\",\"item\":\"https:\\\/\\\/www.nsa.smsm.lt\\\/projektai\\\/ugdymo-projektai\\\/\"},{\"@type\":\"ListItem\",\"position\":3,\"name\":\"Projektas \u201eT\u0119sk: ateik, tobul\u0117k, prisid\u0117k!\u201c\",\"item\":\"https:\\\/\\\/www.nsa.smsm.lt\\\/projektai\\\/ugdymo-projektai\\\/projektas-tesk-ateik-tobulek-prisidek\\\/\"},{\"@type\":\"ListItem\",\"position\":4,\"name\":\"DUK\"}]},{\"@type\":\"WebSite\",\"@id\":\"https:\\\/\\\/www.nsa.smsm.lt\\\/projektai\\\/#website\",\"url\":\"https:\\\/\\\/www.nsa.smsm.lt\\\/projektai\\\/\",\"name\":\"N\u0160A projektai\",\"description\":\"\",\"potentialAction\":[{\"@type\":\"SearchAction\",\"target\":{\"@type\":\"EntryPoint\",\"urlTemplate\":\"https:\\\/\\\/www.nsa.smsm.lt\\\/projektai\\\/?s={search_term_string}\"},\"query-input\":{\"@type\":\"PropertyValueSpecification\",\"valueRequired\":true,\"valueName\":\"search_term_string\"}}],\"inLanguage\":\"lt-LT\"}]}<\/script>\n<!-- \/ Yoast SEO plugin. -->","yoast_head_json":{"title":"DUK - N\u0160A projektai","robots":{"index":"index","follow":"follow","max-snippet":"max-snippet:-1","max-image-preview":"max-image-preview:large","max-video-preview":"max-video-preview:-1"},"canonical":"https:\/\/www.nsa.smsm.lt\/projektai\/ugdymo-projektai\/projektas-tesk-ateik-tobulek-prisidek\/duk\/","og_locale":"lt_LT","og_type":"article","og_title":"DUK - N\u0160A projektai","og_description":"Da\u017eniausiai u\u017eduodami klausimai d\u0117l pedagogini\u0173 darbuotoj\u0173 kompetencij\u0173 tobulinimo sta\u017euo\u010di\u0173 u\u017esienyje","og_url":"https:\/\/www.nsa.smsm.lt\/projektai\/ugdymo-projektai\/projektas-tesk-ateik-tobulek-prisidek\/duk\/","og_site_name":"N\u0160A projektai","article_modified_time":"2026-04-20T12:51:36+00:00","twitter_card":"summary_large_image","twitter_misc":{"Est. reading time":"6 minut\u0117s"},"schema":{"@context":"https:\/\/schema.org","@graph":[{"@type":"WebPage","@id":"https:\/\/www.nsa.smsm.lt\/projektai\/ugdymo-projektai\/projektas-tesk-ateik-tobulek-prisidek\/duk\/","url":"https:\/\/www.nsa.smsm.lt\/projektai\/ugdymo-projektai\/projektas-tesk-ateik-tobulek-prisidek\/duk\/","name":"DUK - N\u0160A projektai","isPartOf":{"@id":"https:\/\/www.nsa.smsm.lt\/projektai\/#website"},"datePublished":"2024-09-10T17:23:20+00:00","dateModified":"2026-04-20T12:51:36+00:00","breadcrumb":{"@id":"https:\/\/www.nsa.smsm.lt\/projektai\/ugdymo-projektai\/projektas-tesk-ateik-tobulek-prisidek\/duk\/#breadcrumb"},"inLanguage":"lt-LT","potentialAction":[{"@type":"ReadAction","target":["https:\/\/www.nsa.smsm.lt\/projektai\/ugdymo-projektai\/projektas-tesk-ateik-tobulek-prisidek\/duk\/"]}]},{"@type":"BreadcrumbList","@id":"https:\/\/www.nsa.smsm.lt\/projektai\/ugdymo-projektai\/projektas-tesk-ateik-tobulek-prisidek\/duk\/#breadcrumb","itemListElement":[{"@type":"ListItem","position":1,"name":"Prad\u017eia","item":"https:\/\/www.nsa.smsm.lt\/projektai\/"},{"@type":"ListItem","position":2,"name":"Ugdymo projektai","item":"https:\/\/www.nsa.smsm.lt\/projektai\/ugdymo-projektai\/"},{"@type":"ListItem","position":3,"name":"Projektas \u201eT\u0119sk: ateik, tobul\u0117k, prisid\u0117k!\u201c","item":"https:\/\/www.nsa.smsm.lt\/projektai\/ugdymo-projektai\/projektas-tesk-ateik-tobulek-prisidek\/"},{"@type":"ListItem","position":4,"name":"DUK"}]},{"@type":"WebSite","@id":"https:\/\/www.nsa.smsm.lt\/projektai\/#website","url":"https:\/\/www.nsa.smsm.lt\/projektai\/","name":"N\u0160A projektai","description":"","potentialAction":[{"@type":"SearchAction","target":{"@type":"EntryPoint","urlTemplate":"https:\/\/www.nsa.smsm.lt\/projektai\/?s={search_term_string}"},"query-input":{"@type":"PropertyValueSpecification","valueRequired":true,"valueName":"search_term_string"}}],"inLanguage":"lt-LT"}]}},"_links":{"self":[{"href":"https:\/\/www.nsa.smsm.lt\/projektai\/wp-json\/wp\/v2\/pages\/2688","targetHints":{"allow":["GET"]}}],"collection":[{"href":"https:\/\/www.nsa.smsm.lt\/projektai\/wp-json\/wp\/v2\/pages"}],"about":[{"href":"https:\/\/www.nsa.smsm.lt\/projektai\/wp-json\/wp\/v2\/types\/page"}],"author":[{"embeddable":true,"href":"https:\/\/www.nsa.smsm.lt\/projektai\/wp-json\/wp\/v2\/users\/1"}],"replies":[{"embeddable":true,"href":"https:\/\/www.nsa.smsm.lt\/projektai\/wp-json\/wp\/v2\/comments?post=2688"}],"version-history":[{"count":8,"href":"https:\/\/www.nsa.smsm.lt\/projektai\/wp-json\/wp\/v2\/pages\/2688\/revisions"}],"predecessor-version":[{"id":3534,"href":"https:\/\/www.nsa.smsm.lt\/projektai\/wp-json\/wp\/v2\/pages\/2688\/revisions\/3534"}],"up":[{"embeddable":true,"href":"https:\/\/www.nsa.smsm.lt\/projektai\/wp-json\/wp\/v2\/pages\/2321"}],"wp:attachment":[{"href":"https:\/\/www.nsa.smsm.lt\/projektai\/wp-json\/wp\/v2\/media?parent=2688"}],"curies":[{"name":"wp","href":"https:\/\/api.w.org\/{rel}","templated":true}]}}