{"id":2376,"date":"2024-01-23T13:09:02","date_gmt":"2024-01-23T13:09:02","guid":{"rendered":"http:\/\/www.nsa.smsm.lt\/projektai\/?page_id=2376"},"modified":"2025-02-11T13:10:05","modified_gmt":"2025-02-11T13:10:05","slug":"tevams","status":"publish","type":"page","link":"https:\/\/www.nsa.smsm.lt\/projektai\/informacine-kampanija-nepalik-vaiko-be-pradzios\/tevams\/","title":{"rendered":"T\u0117vams"},"content":{"rendered":"<p><b>Kod\u0117l vaik\u0173 dar\u017eelis \u2013 geras pasirinkimas j\u016bs\u0173 ma\u017eyliui?<\/b><\/p>\n<p><span style=\"font-weight: 400\">Pristatome atmintin\u0119 \u201eNepalik vaiko be prad\u017eios\u201c, skirt\u0105 0-6 metu\u0328 amz\u030ciaus vaikus auginantiems te\u0307veliams (globe\u0307jams) ir kitiems juos priz\u030ciu\u0304rintiems suaugusiesiems. Joje rasite ai\u0161kiai ir prakti\u0161kai pateiktus atsakymus \u012f svarbiausius klausimus apie vaik\u0173 dar\u017eelio naud\u0105 ir reik\u0161m\u0119 vaikui. Su\u017einosite, koks yra vaiku\u0328 darz\u030celis s\u030ciandien, ka\u0328 jame patiria ir kaip jauc\u030ciasi vaikas, kokia bendruomen\u0117 j\u012f supa. O taip pat gausite praktini\u0173 patarim\u0173, kaip u\u017esiregistruoti \u012f vaik\u0173 dar\u017eel\u012f.<\/span><span style=\"font-weight: 400\">\ud83c\udf31\ud83d\udc76<\/span><\/p>\n<p><span style=\"font-weight: 400\">Atmintin\u0119 skaitykite <a href=\"http:\/\/www.nsa.smsm.lt\/projektai\/wp-content\/uploads\/2025\/02\/Atmintine.pdf\">\u010dia.<\/a><br \/>\n<\/span><\/p>\n<p>&nbsp;<\/p>\n<p><b>D\u0117l galimyb\u0117s lankyti vaik\u0173 dar\u017eel\u012f <\/b>kvie\u010diame kreiptis \u012f savivaldyb\u0117s, kurioje gyvenate, administracijos \u0161vietimo padalin\u012f.<\/p>\n","protected":false},"excerpt":{"rendered":"<p>Kod\u0117l vaik\u0173 dar\u017eelis \u2013 geras pasirinkimas j\u016bs\u0173 ma\u017eyliui? Pristatome atmintin\u0119 \u201eNepalik vaiko be prad\u017eios\u201c, skirt\u0105 0-6 metu\u0328 amz\u030ciaus vaikus auginantiems te\u0307veliams (globe\u0307jams) ir kitiems juos priz\u030ciu\u0304rintiems suaugusiesiems. Joje rasite ai\u0161kiai ir prakti\u0161kai pateiktus atsakymus \u012f svarbiausius klausimus apie vaik\u0173 dar\u017eelio&nbsp;<a href=\"https:\/\/www.nsa.smsm.lt\/projektai\/informacine-kampanija-nepalik-vaiko-be-pradzios\/tevams\/\" class=\"placiau\">Pla\u010diau <i class=\"fa fa-caret-right\"><\/i><\/a><\/p>\n","protected":false},"author":8,"featured_media":0,"parent":2360,"menu_order":0,"comment_status":"closed","ping_status":"closed","template":"page-kampanija.php","meta":{"_acf_changed":false,"inline_featured_image":false,"footnotes":""},"class_list":["post-2376","page","type-page","status-publish","hentry"],"acf":[],"yoast_head":"<!-- This site is optimized with the Yoast SEO plugin v27.4 - https:\/\/yoast.com\/product\/yoast-seo-wordpress\/ -->\n<title>T\u0117vams - N\u0160A projektai<\/title>\n<meta name=\"robots\" content=\"index, follow, max-snippet:-1, max-image-preview:large, max-video-preview:-1\" \/>\n<link rel=\"canonical\" href=\"https:\/\/www.nsa.smsm.lt\/projektai\/informacine-kampanija-nepalik-vaiko-be-pradzios\/tevams\/\" \/>\n<meta property=\"og:locale\" content=\"lt_LT\" \/>\n<meta property=\"og:type\" content=\"article\" \/>\n<meta property=\"og:title\" content=\"T\u0117vams - N\u0160A projektai\" \/>\n<meta property=\"og:description\" content=\"Kod\u0117l vaik\u0173 dar\u017eelis \u2013 geras pasirinkimas j\u016bs\u0173 ma\u017eyliui? Pristatome atmintin\u0119 \u201eNepalik vaiko be prad\u017eios\u201c, skirt\u0105 0-6 metu\u0328 amz\u030ciaus vaikus auginantiems te\u0307veliams (globe\u0307jams) ir kitiems juos priz\u030ciu\u0304rintiems suaugusiesiems. Joje rasite ai\u0161kiai ir prakti\u0161kai pateiktus atsakymus \u012f svarbiausius klausimus apie vaik\u0173 dar\u017eelio&nbsp;Pla\u010diau\" \/>\n<meta property=\"og:url\" content=\"https:\/\/www.nsa.smsm.lt\/projektai\/informacine-kampanija-nepalik-vaiko-be-pradzios\/tevams\/\" \/>\n<meta property=\"og:site_name\" content=\"N\u0160A projektai\" \/>\n<meta property=\"article:modified_time\" content=\"2025-02-11T13:10:05+00:00\" \/>\n<meta name=\"twitter:card\" content=\"summary_large_image\" \/>\n<meta name=\"twitter:label1\" content=\"Est. reading time\" \/>\n\t<meta name=\"twitter:data1\" content=\"1 minut\u0117\" \/>\n<script type=\"application\/ld+json\" class=\"yoast-schema-graph\">{\"@context\":\"https:\\\/\\\/schema.org\",\"@graph\":[{\"@type\":\"WebPage\",\"@id\":\"https:\\\/\\\/www.nsa.smsm.lt\\\/projektai\\\/informacine-kampanija-nepalik-vaiko-be-pradzios\\\/tevams\\\/\",\"url\":\"https:\\\/\\\/www.nsa.smsm.lt\\\/projektai\\\/informacine-kampanija-nepalik-vaiko-be-pradzios\\\/tevams\\\/\",\"name\":\"T\u0117vams - N\u0160A projektai\",\"isPartOf\":{\"@id\":\"https:\\\/\\\/www.nsa.smsm.lt\\\/projektai\\\/#website\"},\"datePublished\":\"2024-01-23T13:09:02+00:00\",\"dateModified\":\"2025-02-11T13:10:05+00:00\",\"breadcrumb\":{\"@id\":\"https:\\\/\\\/www.nsa.smsm.lt\\\/projektai\\\/informacine-kampanija-nepalik-vaiko-be-pradzios\\\/tevams\\\/#breadcrumb\"},\"inLanguage\":\"lt-LT\",\"potentialAction\":[{\"@type\":\"ReadAction\",\"target\":[\"https:\\\/\\\/www.nsa.smsm.lt\\\/projektai\\\/informacine-kampanija-nepalik-vaiko-be-pradzios\\\/tevams\\\/\"]}]},{\"@type\":\"BreadcrumbList\",\"@id\":\"https:\\\/\\\/www.nsa.smsm.lt\\\/projektai\\\/informacine-kampanija-nepalik-vaiko-be-pradzios\\\/tevams\\\/#breadcrumb\",\"itemListElement\":[{\"@type\":\"ListItem\",\"position\":1,\"name\":\"Prad\u017eia\",\"item\":\"https:\\\/\\\/www.nsa.smsm.lt\\\/projektai\\\/\"},{\"@type\":\"ListItem\",\"position\":2,\"name\":\"Ankstyvasis ugdymas\",\"item\":\"https:\\\/\\\/www.nsa.smsm.lt\\\/projektai\\\/informacine-kampanija-nepalik-vaiko-be-pradzios\\\/\"},{\"@type\":\"ListItem\",\"position\":3,\"name\":\"T\u0117vams\"}]},{\"@type\":\"WebSite\",\"@id\":\"https:\\\/\\\/www.nsa.smsm.lt\\\/projektai\\\/#website\",\"url\":\"https:\\\/\\\/www.nsa.smsm.lt\\\/projektai\\\/\",\"name\":\"N\u0160A projektai\",\"description\":\"\",\"potentialAction\":[{\"@type\":\"SearchAction\",\"target\":{\"@type\":\"EntryPoint\",\"urlTemplate\":\"https:\\\/\\\/www.nsa.smsm.lt\\\/projektai\\\/?s={search_term_string}\"},\"query-input\":{\"@type\":\"PropertyValueSpecification\",\"valueRequired\":true,\"valueName\":\"search_term_string\"}}],\"inLanguage\":\"lt-LT\"}]}<\/script>\n<!-- \/ Yoast SEO plugin. -->","yoast_head_json":{"title":"T\u0117vams - N\u0160A projektai","robots":{"index":"index","follow":"follow","max-snippet":"max-snippet:-1","max-image-preview":"max-image-preview:large","max-video-preview":"max-video-preview:-1"},"canonical":"https:\/\/www.nsa.smsm.lt\/projektai\/informacine-kampanija-nepalik-vaiko-be-pradzios\/tevams\/","og_locale":"lt_LT","og_type":"article","og_title":"T\u0117vams - N\u0160A projektai","og_description":"Kod\u0117l vaik\u0173 dar\u017eelis \u2013 geras pasirinkimas j\u016bs\u0173 ma\u017eyliui? Pristatome atmintin\u0119 \u201eNepalik vaiko be prad\u017eios\u201c, skirt\u0105 0-6 metu\u0328 amz\u030ciaus vaikus auginantiems te\u0307veliams (globe\u0307jams) ir kitiems juos priz\u030ciu\u0304rintiems suaugusiesiems. Joje rasite ai\u0161kiai ir prakti\u0161kai pateiktus atsakymus \u012f svarbiausius klausimus apie vaik\u0173 dar\u017eelio&nbsp;Pla\u010diau","og_url":"https:\/\/www.nsa.smsm.lt\/projektai\/informacine-kampanija-nepalik-vaiko-be-pradzios\/tevams\/","og_site_name":"N\u0160A projektai","article_modified_time":"2025-02-11T13:10:05+00:00","twitter_card":"summary_large_image","twitter_misc":{"Est. reading time":"1 minut\u0117"},"schema":{"@context":"https:\/\/schema.org","@graph":[{"@type":"WebPage","@id":"https:\/\/www.nsa.smsm.lt\/projektai\/informacine-kampanija-nepalik-vaiko-be-pradzios\/tevams\/","url":"https:\/\/www.nsa.smsm.lt\/projektai\/informacine-kampanija-nepalik-vaiko-be-pradzios\/tevams\/","name":"T\u0117vams - N\u0160A projektai","isPartOf":{"@id":"https:\/\/www.nsa.smsm.lt\/projektai\/#website"},"datePublished":"2024-01-23T13:09:02+00:00","dateModified":"2025-02-11T13:10:05+00:00","breadcrumb":{"@id":"https:\/\/www.nsa.smsm.lt\/projektai\/informacine-kampanija-nepalik-vaiko-be-pradzios\/tevams\/#breadcrumb"},"inLanguage":"lt-LT","potentialAction":[{"@type":"ReadAction","target":["https:\/\/www.nsa.smsm.lt\/projektai\/informacine-kampanija-nepalik-vaiko-be-pradzios\/tevams\/"]}]},{"@type":"BreadcrumbList","@id":"https:\/\/www.nsa.smsm.lt\/projektai\/informacine-kampanija-nepalik-vaiko-be-pradzios\/tevams\/#breadcrumb","itemListElement":[{"@type":"ListItem","position":1,"name":"Prad\u017eia","item":"https:\/\/www.nsa.smsm.lt\/projektai\/"},{"@type":"ListItem","position":2,"name":"Ankstyvasis ugdymas","item":"https:\/\/www.nsa.smsm.lt\/projektai\/informacine-kampanija-nepalik-vaiko-be-pradzios\/"},{"@type":"ListItem","position":3,"name":"T\u0117vams"}]},{"@type":"WebSite","@id":"https:\/\/www.nsa.smsm.lt\/projektai\/#website","url":"https:\/\/www.nsa.smsm.lt\/projektai\/","name":"N\u0160A projektai","description":"","potentialAction":[{"@type":"SearchAction","target":{"@type":"EntryPoint","urlTemplate":"https:\/\/www.nsa.smsm.lt\/projektai\/?s={search_term_string}"},"query-input":{"@type":"PropertyValueSpecification","valueRequired":true,"valueName":"search_term_string"}}],"inLanguage":"lt-LT"}]}},"_links":{"self":[{"href":"https:\/\/www.nsa.smsm.lt\/projektai\/wp-json\/wp\/v2\/pages\/2376","targetHints":{"allow":["GET"]}}],"collection":[{"href":"https:\/\/www.nsa.smsm.lt\/projektai\/wp-json\/wp\/v2\/pages"}],"about":[{"href":"https:\/\/www.nsa.smsm.lt\/projektai\/wp-json\/wp\/v2\/types\/page"}],"author":[{"embeddable":true,"href":"https:\/\/www.nsa.smsm.lt\/projektai\/wp-json\/wp\/v2\/users\/8"}],"replies":[{"embeddable":true,"href":"https:\/\/www.nsa.smsm.lt\/projektai\/wp-json\/wp\/v2\/comments?post=2376"}],"version-history":[{"count":11,"href":"https:\/\/www.nsa.smsm.lt\/projektai\/wp-json\/wp\/v2\/pages\/2376\/revisions"}],"predecessor-version":[{"id":2434,"href":"https:\/\/www.nsa.smsm.lt\/projektai\/wp-json\/wp\/v2\/pages\/2376\/revisions\/2434"}],"up":[{"embeddable":true,"href":"https:\/\/www.nsa.smsm.lt\/projektai\/wp-json\/wp\/v2\/pages\/2360"}],"wp:attachment":[{"href":"https:\/\/www.nsa.smsm.lt\/projektai\/wp-json\/wp\/v2\/media?parent=2376"}],"curies":[{"name":"wp","href":"https:\/\/api.w.org\/{rel}","templated":true}]}}