{"id":2364,"date":"2024-01-23T13:05:54","date_gmt":"2024-01-23T13:05:54","guid":{"rendered":"http:\/\/www.nsa.smsm.lt\/projektai\/?page_id=2364"},"modified":"2025-06-03T14:16:10","modified_gmt":"2025-06-03T14:16:10","slug":"apie-kampanija","status":"publish","type":"page","link":"https:\/\/www.nsa.smsm.lt\/projektai\/informacine-kampanija-nepalik-vaiko-be-pradzios\/apie-kampanija\/","title":{"rendered":"Apie kampanij\u0105"},"content":{"rendered":"<p>Informacine kampanija \u201e<strong>Nepalik vaiko be prad\u017eios<\/strong>\u201c siekiama supa\u017eindinti t\u0117vus bei visuomen\u0119 su <strong>ankstyvojo am\u017eiaus svarba<\/strong> asmeniui ir <strong>kokybi\u0161ko ikimokyklinio ugdymo nauda<\/strong>, tokiu b\u016bdu <strong>skatinant<\/strong> t\u0117vus ir glob\u0117jus <strong>vesti savo vaikus \u012f vaik\u0173 dar\u017eel\u012f<\/strong>.<\/p>\n<p>M\u016bs\u0173 visuomen\u0117je vis dar akcentuojamas tas vaiko ugdymosi tarpsnis, kai jis\/ji pradeda lankyti mokykl\u0105, o v\u0117liau \u2013 koncentruojamasi \u012f brandos egzamin\u0173 rezultatus, kaip \u012f asmens s\u0117km\u0117s ar laim\u0117s s\u0105lyg\u0105. \u0160ia kampanija norima sulau\u017eyti tokius stereotipus ir ne\u0161ti \u017eini\u0105, jog <strong>vaik\u0173 dar\u017eelis yra pilnaver\u010dio gyvenimo prad\u017eia<\/strong>, kuri\u0105 svarbu suteikti savo at\u017ealai. Tai svarbu tam, kad visi vaikai gaut\u0173 lygiavertes galimybes susikurti tvirt\u0105 pagrind\u0105 tolesniam ugdymuisi, \u012fgyti ankstyv\u0173j\u0173 socialini\u0173 \u012fg\u016bd\u017ei\u0173, pa\u017einti save ir aplink\u0105.<\/p>\n<p>Atpa\u017einti kampanij\u0105 \u201eNepalik vaiko be prad\u017eios\u201c pad\u0117s specialus \u017eenklas. Jis vaizduoja nestabiliai sustatytas vaiki\u0161kas kalad\u0117les, kurios suformuoja stilizuot\u0105 \u201eA\u201c raid\u0119, pirm\u0105j\u0105 ab\u0117c\u0117l\u0117s raid\u0119, simbolizuojan\u010di\u0105 prad\u017ei\u0105. Statinys netvirtas, nes jam tr\u016bksta stabilaus pagrindo. Taip ir gyvenime s\u0117kmingai atei\u010diai yra reikalingas tvarus pagrindas, kur\u012f suteikia kokybi\u0161kas ankstyvasis ugdymas.<\/p>\n<p>Kampanija, kuri yra vykdoma Nacionalinei \u0161vietimo agent\u016brai \u012fgyvendinant Europos S\u0105jungos projekt\u0105 \u201eIkimokyklinio ugdymo turinio kaita\u201c, t\u0119sis 2024\u20132025 metais. Jos metu bus \u012fgyvendinamos \u012fvairios informacin\u0117s priemon\u0117s: LRT televizijoje bei radijuje transliuojami kampanijos reklaminiai klipai; inicijuojama \u201eAnkstyvojo ugdymo savait\u0117\u201c, kurios metu \u017einiasklaidoje bus kalbama apie ankstyvojo ugdymo aktualijas; 2024 m. ruden\u012f numatoma i\u0161leisti special\u0173 informacin\u012f leidin\u012f t\u0117vams bei organizuoti aktyvacijas \u0161eimoms. \u012e projekt\u0105 taip pat bus kvie\u010diami partneriai \u2013 organizacijos, teikian\u010dios \u012fvairias socialines paslaugas, dirban\u010dios su t\u0117vais ir \u0161eimomis. Kampanijos metu sukurtu turiniu bus dalinamasi \u0161ioje svetain\u0117je bei Nacionalin\u0117s \u0161vietimo agent\u016bros \u201eFacebook\u201c paskyroje.<\/p>\n<p><strong>Kvie\u010diame sekti naujienas!<\/strong><\/p>\n<p>\u0160iame polapyje skelbiamos nuotraukos yra darytos kampanij\u0105 \u012fgyvendinan\u010dios UAB \u201eHeadline Agency\u201c arba i\u0328sigytos is\u030c \u201eiStock\u201c vaizdu\u0328 bibliotekos.<\/p>\n","protected":false},"excerpt":{"rendered":"<p>Informacine kampanija \u201eNepalik vaiko be prad\u017eios\u201c siekiama supa\u017eindinti t\u0117vus bei visuomen\u0119 su ankstyvojo am\u017eiaus svarba asmeniui ir kokybi\u0161ko ikimokyklinio ugdymo nauda, tokiu b\u016bdu skatinant t\u0117vus ir glob\u0117jus vesti savo vaikus \u012f vaik\u0173 dar\u017eel\u012f. M\u016bs\u0173 visuomen\u0117je vis dar akcentuojamas tas vaiko&nbsp;<a href=\"https:\/\/www.nsa.smsm.lt\/projektai\/informacine-kampanija-nepalik-vaiko-be-pradzios\/apie-kampanija\/\" class=\"placiau\">Pla\u010diau <i class=\"fa fa-caret-right\"><\/i><\/a><\/p>\n","protected":false},"author":8,"featured_media":0,"parent":2360,"menu_order":0,"comment_status":"closed","ping_status":"closed","template":"page-kampanija.php","meta":{"_acf_changed":false,"inline_featured_image":false,"footnotes":""},"class_list":["post-2364","page","type-page","status-publish","hentry"],"acf":[],"yoast_head":"<!-- This site is optimized with the Yoast SEO plugin v27.4 - https:\/\/yoast.com\/product\/yoast-seo-wordpress\/ -->\n<title>Apie kampanij\u0105 - N\u0160A projektai<\/title>\n<meta name=\"robots\" content=\"index, follow, max-snippet:-1, max-image-preview:large, max-video-preview:-1\" \/>\n<link rel=\"canonical\" href=\"https:\/\/www.nsa.smsm.lt\/projektai\/informacine-kampanija-nepalik-vaiko-be-pradzios\/apie-kampanija\/\" \/>\n<meta property=\"og:locale\" content=\"lt_LT\" \/>\n<meta property=\"og:type\" content=\"article\" \/>\n<meta property=\"og:title\" content=\"Apie kampanij\u0105 - N\u0160A projektai\" \/>\n<meta property=\"og:description\" content=\"Informacine kampanija \u201eNepalik vaiko be prad\u017eios\u201c siekiama supa\u017eindinti t\u0117vus bei visuomen\u0119 su ankstyvojo am\u017eiaus svarba asmeniui ir kokybi\u0161ko ikimokyklinio ugdymo nauda, tokiu b\u016bdu skatinant t\u0117vus ir glob\u0117jus vesti savo vaikus \u012f vaik\u0173 dar\u017eel\u012f. M\u016bs\u0173 visuomen\u0117je vis dar akcentuojamas tas vaiko&nbsp;Pla\u010diau\" \/>\n<meta property=\"og:url\" content=\"https:\/\/www.nsa.smsm.lt\/projektai\/informacine-kampanija-nepalik-vaiko-be-pradzios\/apie-kampanija\/\" \/>\n<meta property=\"og:site_name\" content=\"N\u0160A projektai\" \/>\n<meta property=\"article:modified_time\" content=\"2025-06-03T14:16:10+00:00\" \/>\n<meta name=\"twitter:card\" content=\"summary_large_image\" \/>\n<meta name=\"twitter:label1\" content=\"Est. reading time\" \/>\n\t<meta name=\"twitter:data1\" content=\"2 minut\u0117s\" \/>\n<script type=\"application\/ld+json\" class=\"yoast-schema-graph\">{\"@context\":\"https:\\\/\\\/schema.org\",\"@graph\":[{\"@type\":\"WebPage\",\"@id\":\"https:\\\/\\\/www.nsa.smsm.lt\\\/projektai\\\/informacine-kampanija-nepalik-vaiko-be-pradzios\\\/apie-kampanija\\\/\",\"url\":\"https:\\\/\\\/www.nsa.smsm.lt\\\/projektai\\\/informacine-kampanija-nepalik-vaiko-be-pradzios\\\/apie-kampanija\\\/\",\"name\":\"Apie kampanij\u0105 - N\u0160A projektai\",\"isPartOf\":{\"@id\":\"https:\\\/\\\/www.nsa.smsm.lt\\\/projektai\\\/#website\"},\"datePublished\":\"2024-01-23T13:05:54+00:00\",\"dateModified\":\"2025-06-03T14:16:10+00:00\",\"breadcrumb\":{\"@id\":\"https:\\\/\\\/www.nsa.smsm.lt\\\/projektai\\\/informacine-kampanija-nepalik-vaiko-be-pradzios\\\/apie-kampanija\\\/#breadcrumb\"},\"inLanguage\":\"lt-LT\",\"potentialAction\":[{\"@type\":\"ReadAction\",\"target\":[\"https:\\\/\\\/www.nsa.smsm.lt\\\/projektai\\\/informacine-kampanija-nepalik-vaiko-be-pradzios\\\/apie-kampanija\\\/\"]}]},{\"@type\":\"BreadcrumbList\",\"@id\":\"https:\\\/\\\/www.nsa.smsm.lt\\\/projektai\\\/informacine-kampanija-nepalik-vaiko-be-pradzios\\\/apie-kampanija\\\/#breadcrumb\",\"itemListElement\":[{\"@type\":\"ListItem\",\"position\":1,\"name\":\"Prad\u017eia\",\"item\":\"https:\\\/\\\/www.nsa.smsm.lt\\\/projektai\\\/\"},{\"@type\":\"ListItem\",\"position\":2,\"name\":\"Ankstyvasis ugdymas\",\"item\":\"https:\\\/\\\/www.nsa.smsm.lt\\\/projektai\\\/informacine-kampanija-nepalik-vaiko-be-pradzios\\\/\"},{\"@type\":\"ListItem\",\"position\":3,\"name\":\"Apie kampanij\u0105\"}]},{\"@type\":\"WebSite\",\"@id\":\"https:\\\/\\\/www.nsa.smsm.lt\\\/projektai\\\/#website\",\"url\":\"https:\\\/\\\/www.nsa.smsm.lt\\\/projektai\\\/\",\"name\":\"N\u0160A projektai\",\"description\":\"\",\"potentialAction\":[{\"@type\":\"SearchAction\",\"target\":{\"@type\":\"EntryPoint\",\"urlTemplate\":\"https:\\\/\\\/www.nsa.smsm.lt\\\/projektai\\\/?s={search_term_string}\"},\"query-input\":{\"@type\":\"PropertyValueSpecification\",\"valueRequired\":true,\"valueName\":\"search_term_string\"}}],\"inLanguage\":\"lt-LT\"}]}<\/script>\n<!-- \/ Yoast SEO plugin. -->","yoast_head_json":{"title":"Apie kampanij\u0105 - N\u0160A projektai","robots":{"index":"index","follow":"follow","max-snippet":"max-snippet:-1","max-image-preview":"max-image-preview:large","max-video-preview":"max-video-preview:-1"},"canonical":"https:\/\/www.nsa.smsm.lt\/projektai\/informacine-kampanija-nepalik-vaiko-be-pradzios\/apie-kampanija\/","og_locale":"lt_LT","og_type":"article","og_title":"Apie kampanij\u0105 - N\u0160A projektai","og_description":"Informacine kampanija \u201eNepalik vaiko be prad\u017eios\u201c siekiama supa\u017eindinti t\u0117vus bei visuomen\u0119 su ankstyvojo am\u017eiaus svarba asmeniui ir kokybi\u0161ko ikimokyklinio ugdymo nauda, tokiu b\u016bdu skatinant t\u0117vus ir glob\u0117jus vesti savo vaikus \u012f vaik\u0173 dar\u017eel\u012f. M\u016bs\u0173 visuomen\u0117je vis dar akcentuojamas tas vaiko&nbsp;Pla\u010diau","og_url":"https:\/\/www.nsa.smsm.lt\/projektai\/informacine-kampanija-nepalik-vaiko-be-pradzios\/apie-kampanija\/","og_site_name":"N\u0160A projektai","article_modified_time":"2025-06-03T14:16:10+00:00","twitter_card":"summary_large_image","twitter_misc":{"Est. reading time":"2 minut\u0117s"},"schema":{"@context":"https:\/\/schema.org","@graph":[{"@type":"WebPage","@id":"https:\/\/www.nsa.smsm.lt\/projektai\/informacine-kampanija-nepalik-vaiko-be-pradzios\/apie-kampanija\/","url":"https:\/\/www.nsa.smsm.lt\/projektai\/informacine-kampanija-nepalik-vaiko-be-pradzios\/apie-kampanija\/","name":"Apie kampanij\u0105 - N\u0160A projektai","isPartOf":{"@id":"https:\/\/www.nsa.smsm.lt\/projektai\/#website"},"datePublished":"2024-01-23T13:05:54+00:00","dateModified":"2025-06-03T14:16:10+00:00","breadcrumb":{"@id":"https:\/\/www.nsa.smsm.lt\/projektai\/informacine-kampanija-nepalik-vaiko-be-pradzios\/apie-kampanija\/#breadcrumb"},"inLanguage":"lt-LT","potentialAction":[{"@type":"ReadAction","target":["https:\/\/www.nsa.smsm.lt\/projektai\/informacine-kampanija-nepalik-vaiko-be-pradzios\/apie-kampanija\/"]}]},{"@type":"BreadcrumbList","@id":"https:\/\/www.nsa.smsm.lt\/projektai\/informacine-kampanija-nepalik-vaiko-be-pradzios\/apie-kampanija\/#breadcrumb","itemListElement":[{"@type":"ListItem","position":1,"name":"Prad\u017eia","item":"https:\/\/www.nsa.smsm.lt\/projektai\/"},{"@type":"ListItem","position":2,"name":"Ankstyvasis ugdymas","item":"https:\/\/www.nsa.smsm.lt\/projektai\/informacine-kampanija-nepalik-vaiko-be-pradzios\/"},{"@type":"ListItem","position":3,"name":"Apie kampanij\u0105"}]},{"@type":"WebSite","@id":"https:\/\/www.nsa.smsm.lt\/projektai\/#website","url":"https:\/\/www.nsa.smsm.lt\/projektai\/","name":"N\u0160A projektai","description":"","potentialAction":[{"@type":"SearchAction","target":{"@type":"EntryPoint","urlTemplate":"https:\/\/www.nsa.smsm.lt\/projektai\/?s={search_term_string}"},"query-input":{"@type":"PropertyValueSpecification","valueRequired":true,"valueName":"search_term_string"}}],"inLanguage":"lt-LT"}]}},"_links":{"self":[{"href":"https:\/\/www.nsa.smsm.lt\/projektai\/wp-json\/wp\/v2\/pages\/2364","targetHints":{"allow":["GET"]}}],"collection":[{"href":"https:\/\/www.nsa.smsm.lt\/projektai\/wp-json\/wp\/v2\/pages"}],"about":[{"href":"https:\/\/www.nsa.smsm.lt\/projektai\/wp-json\/wp\/v2\/types\/page"}],"author":[{"embeddable":true,"href":"https:\/\/www.nsa.smsm.lt\/projektai\/wp-json\/wp\/v2\/users\/8"}],"replies":[{"embeddable":true,"href":"https:\/\/www.nsa.smsm.lt\/projektai\/wp-json\/wp\/v2\/comments?post=2364"}],"version-history":[{"count":10,"href":"https:\/\/www.nsa.smsm.lt\/projektai\/wp-json\/wp\/v2\/pages\/2364\/revisions"}],"predecessor-version":[{"id":3115,"href":"https:\/\/www.nsa.smsm.lt\/projektai\/wp-json\/wp\/v2\/pages\/2364\/revisions\/3115"}],"up":[{"embeddable":true,"href":"https:\/\/www.nsa.smsm.lt\/projektai\/wp-json\/wp\/v2\/pages\/2360"}],"wp:attachment":[{"href":"https:\/\/www.nsa.smsm.lt\/projektai\/wp-json\/wp\/v2\/media?parent=2364"}],"curies":[{"name":"wp","href":"https:\/\/api.w.org\/{rel}","templated":true}]}}