{"id":35067,"date":"2023-06-02T12:29:11","date_gmt":"2023-06-02T10:29:11","guid":{"rendered":"https:\/\/www.nsa.smsm.lt\/old\/?post_type=tribe_events&#038;p=35067"},"modified":"2023-06-07T12:58:47","modified_gmt":"2023-06-07T10:58:47","slug":"tarptautine-konferencija-atskleisk-ka-siandien-turi-zinoti-mokykla-apie-dideli-mokymosi-potenciala-turincius-vaikus","status":"publish","type":"tribe_events","link":"https:\/\/www.nsa.smsm.lt\/old\/renginys\/tarptautine-konferencija-atskleisk-ka-siandien-turi-zinoti-mokykla-apie-dideli-mokymosi-potenciala-turincius-vaikus\/","title":{"rendered":"Tarptautin\u0117 konferencija \u201eAtskleisk! K\u0105 \u0161iandien turi \u017einoti mokykla apie didel\u012f mokymosi potencial\u0105 turin\u010dius vaikus?\u201c"},"content":{"rendered":"<p>Maloniai kvie\u010diame <strong>\u0161i\u0173 met\u0173 bir\u017eelio 8 d., 10 val. <\/strong>bendrojo ugdymo mokykl\u0173 atstovus dalyvauti baigiamojoje projekto \u201eMokini\u0173 geb\u0117jim\u0173 atskleidimo ir j\u0173 ugdymo sistemos pl\u0117tra\u201c konferencijoje apie gabi\u0173 mokini\u0173 atpa\u017einimo bei ugdym\u0105 sistem\u0105 Lietuvoje ir u\u017esienyje. Konferencijos metu savo patirtimi \u0161ioje srityje dalinsis Lietuvos ir Izraelio ekspertai.<\/p>\n<p>Dalyvavimas konferencijoje \u2013 <strong>nemokamas<\/strong>. Konferencijos dalyviams bus i\u0161duodamos elektronin\u0117s dalyvavim\u0105 konferencijoje patvirtinan\u010dios pa\u017eymos. Pa\u017eymos bus siun\u010diamos \u012f ugdymo \u012fstaigas.<\/p>\n<p><strong>Konferencijos trukm\u0117 \u2013 <\/strong><strong>4<\/strong><strong> val. 45 min.<\/strong> Konferencijos programa pridedama (<a href=\"https:\/\/www.nsa.smsm.lt\/old\/old\/wp-content\/uploads\/2023\/06\/Konferencijos-programa-3.pdf\">atsisi\u0173sti<\/a>). U\u017esienio sve\u010di\u0173 prane\u0161imai angl\u0173 kalba (vertimo nebus). Konferencija vyks nuotoliniu b\u016bdu.<\/p>\n<p><strong>Prisijunkite naudodami kompiuter\u012f, mobili\u0173j\u0173 \u012frengini\u0173 program\u0117l\u0119 arba kambario \u012frengin\u012f<\/strong><\/p>\n<p><a href=\"https:\/\/teams.microsoft.com\/l\/meetup-join\/19%3ameeting_NGRmMGUyOWItYWQ4OS00ZjQwLTkxODItMjMwNWI4MTM5YWRi%40thread.v2\/0?context=%7b%22Tid%22%3a%2263c667ba-8a5d-42d0-97ad-1175c8e1b012%22%2c%22Oid%22%3a%22ec700403-215e-451d-aef3-c35879b85856%22%7d\">Spustel\u0117kite \u010dia nor\u0117dami prisijungti prie susitikimo<\/a><\/p>\n<p>Susitikimo ID: 348 564 982 75<br \/>\nSlaptasis kodas: bSSdcG<\/p>\n<p>&nbsp;<\/p>\n<p>Konferencija organizuojama Nacionalin\u0117s \u0161vietimo agent\u016bros projekto \u201eMokini\u0173 geb\u0117jim\u0173 atskleidimo ir j\u0173 ugdymo sistemos pl\u0117tra\u201c (Nr. 09.2.2-ESFA-V-707-04-0001) l\u0117\u0161omis. Projekt\u0105 finansuoja Europos socialinis fondas.<\/p>\n","protected":false},"excerpt":{"rendered":"<p>Maloniai kvie\u010diame \u0161i\u0173 met\u0173 bir\u017eelio 8 d., 10 val. bendrojo ugdymo mokykl\u0173 atstovus dalyvauti baigiamojoje projekto \u201eMokini\u0173 geb\u0117jim\u0173 atskleidimo ir j\u0173 ugdymo sistemos pl\u0117tra\u201c konferencijoje apie gabi\u0173 mokini\u0173 atpa\u017einimo bei ugdym\u0105 sistem\u0105 Lietuvoje ir u\u017esienyje. Konferencijos metu savo patirtimi \u0161ioje&nbsp;<a href=\"https:\/\/www.nsa.smsm.lt\/old\/renginys\/tarptautine-konferencija-atskleisk-ka-siandien-turi-zinoti-mokykla-apie-dideli-mokymosi-potenciala-turincius-vaikus\/\" class=\"placiau\">Pla\u010diau <i class=\"fa fa-caret-right\"><\/i><\/a><\/p>\n","protected":false},"author":1,"featured_media":0,"template":"","meta":{"_acf_changed":false,"_tribe_events_status":"","_tribe_events_status_reason":"","_tribe_events_is_hybrid":"","_tribe_events_is_virtual":"","_tribe_events_virtual_video_source":"","_tribe_events_virtual_embed_video":"","_tribe_events_virtual_linked_button_text":"","_tribe_events_virtual_linked_button":"","_tribe_events_virtual_show_embed_at":"","_tribe_events_virtual_show_embed_to":[],"_tribe_events_virtual_show_on_event":"","_tribe_events_virtual_show_on_views":"","_tribe_events_virtual_url":"","footnotes":""},"tags":[],"tribe_events_cat":[],"class_list":["post-35067","tribe_events","type-tribe_events","status-publish","hentry"],"acf":[],"_links":{"self":[{"href":"https:\/\/www.nsa.smsm.lt\/old\/wp-json\/wp\/v2\/tribe_events\/35067","targetHints":{"allow":["GET"]}}],"collection":[{"href":"https:\/\/www.nsa.smsm.lt\/old\/wp-json\/wp\/v2\/tribe_events"}],"about":[{"href":"https:\/\/www.nsa.smsm.lt\/old\/wp-json\/wp\/v2\/types\/tribe_events"}],"author":[{"embeddable":true,"href":"https:\/\/www.nsa.smsm.lt\/old\/wp-json\/wp\/v2\/users\/1"}],"version-history":[{"count":0,"href":"https:\/\/www.nsa.smsm.lt\/old\/wp-json\/wp\/v2\/tribe_events\/35067\/revisions"}],"wp:attachment":[{"href":"https:\/\/www.nsa.smsm.lt\/old\/wp-json\/wp\/v2\/media?parent=35067"}],"wp:term":[{"taxonomy":"post_tag","embeddable":true,"href":"https:\/\/www.nsa.smsm.lt\/old\/wp-json\/wp\/v2\/tags?post=35067"},{"taxonomy":"tribe_events_cat","embeddable":true,"href":"https:\/\/www.nsa.smsm.lt\/old\/wp-json\/wp\/v2\/tribe_events_cat?post=35067"}],"curies":[{"name":"wp","href":"https:\/\/api.w.org\/{rel}","templated":true}]}}