{"id":34330,"date":"2023-04-04T10:23:17","date_gmt":"2023-04-04T08:23:17","guid":{"rendered":"https:\/\/www.nsa.smsm.lt\/old\/?post_type=tribe_events&#038;p=34330"},"modified":"2023-04-04T10:23:17","modified_gmt":"2023-04-04T08:23:17","slug":"viesoji-konsultacija-idejos-ir-galimybes-pritraukti-mokytojus-i-mokykla","status":"publish","type":"tribe_events","link":"https:\/\/www.nsa.smsm.lt\/old\/renginys\/viesoji-konsultacija-idejos-ir-galimybes-pritraukti-mokytojus-i-mokykla\/","title":{"rendered":"Vie\u0161oji konsultacija \u201eId\u0117jos ir galimyb\u0117s pritraukti mokytojus \u012f mokykl\u0105\u201c"},"content":{"rendered":"<p>Vie\u0161oji konsultacija <strong>\u201eID\u0116JOS IR GALIMYB\u0116S PRITRAUKTI MOKYTOJUS \u012e MOKYKL\u0104\u201c, <\/strong>kuri vyks 2023 m. baland\u017eio 5 d. 13 val.<\/p>\n<p>Konsultacijos tikslas \u2013 aptarti id\u0117jas ir veikl\u0173 galimybes, norint pritraukti auk\u0161t\u0105j\u012f i\u0161silavinim\u0105 turin\u010dius asmenis \u012f mokykl\u0105.<\/p>\n<p>Nacionalin\u0117 \u0161vietimo agent\u016bra 2023 m. baland\u017eio m\u0117n. 5 d. organizuoja nuotolin\u0119 vie\u0161\u0105j\u0105 konsultacij\u0105 \u201eD\u0117l \u0161vietimo, mokslo ir sporto ministro 2022 m. lapkri\u010dio 28 d. \u012fsakymo Nr. V-1877 \u201eD\u0117l 2021\u20132030 m. Pl\u0117tros programos valdytojos Lietuvos Respublikos \u0160vietimo, mokslo ir sporto ministerijos \u0161vietimo pl\u0117tros programos pa\u017eangos priemon\u0117s Nr. 12-003-03-06-01 \u201ePirmiausia \u2013 mokytojas\u201c apra\u0161o (patvirtinto 2023 m. kovo 8 d. \u012fsakymu Nr.\u00a0V-275) vienos i\u0161 veikl\u0173 pristatymo ir aptarimo.<\/p>\n<p>Konsultacijoje kvie\u010diame dalyvauti potencialius paslaug\u0173 teik\u0117jus ir socialinius partnerius.<\/p>\n<p>Vie\u0161osios konsultacijos susitikime tikim\u0117s i\u0161analizuoti, kokios id\u0117jos ir paslaugos gali b\u016bti pasi\u016blytos norint pritraukti asmenis \u012f \u0161vietimo \u012fstaigas:\u00a0 nuo tikslin\u0117s grup\u0117s pritraukimo, apmokymo, palyd\u0117jimo iki mokykl\u0173, pagalbos suteikimo, mentoryst\u0117s iki s\u0117kmingo darbo.<\/p>\n<p>Vie\u0161osios konsultacijos reng\u0117jai tikisi i\u0161girsti, kokias id\u0117jas potencial\u016bs paslaugos teik\u0117jai\u00a0ir socialiniai partneriai \u0161iuo metu vysto, kokias s\u0117kmes yra patyr\u0119, koki\u0173\u00a0\u017eingsni\u0173 gal\u0117t\u0173\u00a0imtis\u00a0\u012fvairios institucijos, kad norin\u010di\u0173j\u0173 dirbti mokyklose netrukt\u0173.\u00a0Renginio metu siekiama apsikeisti nuomon\u0117mis, kaip verslas gali prisid\u0117ti prie mokytoj\u0173 pritraukimo\u00a0(taip pat ir\u00a0\u012f atokius regionus), kokias veiklas gal\u0117t\u0173 vykdyti \u0161vietimo centrai ar savivaldyb\u0117s, kitos mokymo \u012fstaigos, kad mokytojo profesija b\u016bt\u0173 patrauklesn\u0117.<\/p>\n<p><strong>Preliminari Vie\u0161osios konsultacijos programa<\/strong><\/p>\n<ol>\n<li>Pa\u017eangos priemon\u0117s\u00a0\u201ePirmiausia mokytojas\u201c pristatymas.\u00a0<a href=\"https:\/\/www.e-tar.lt\/portal\/lt\/legalAct\/848078f06eed11edbc04912defe897d1\">V-1877 D\u0117l 2021\u20132030 m. pl\u0117tros programos valdytojos Lietuvos Respublikos \u0161vietimo, mokslo ir sporto min&#8230; (e-tar.lt)<\/a>.<\/li>\n<li>S\u0117km\u0117s istorijos. Savivaldybi\u0173 veiklos pristatymai.<\/li>\n<li>Id\u0117j\u0173 aptarimas.<\/li>\n<li>Diskusija \u2013si\u016blymai d\u0117l projekto veiklos vykdymo.<\/li>\n<\/ol>\n<p>Registracijos forma:<br \/>\n<a href=\"https:\/\/forms.office.com\/e\/dfA2YcN1bY\">https:\/\/forms.office.com\/e\/dfA2YcN1bY<\/a><\/p>\n<p>Prisijungimo nuoroda:<br \/>\n<a href=\"https:\/\/bit.ly\/3Mg6vxA\">https:\/\/bit.ly\/3Mg6vxA<\/a><\/p>\n","protected":false},"excerpt":{"rendered":"<p>Vie\u0161oji konsultacija \u201eID\u0116JOS IR GALIMYB\u0116S PRITRAUKTI MOKYTOJUS \u012e MOKYKL\u0104\u201c, kuri vyks 2023 m. baland\u017eio 5 d. 13 val. Konsultacijos tikslas \u2013 aptarti id\u0117jas ir veikl\u0173 galimybes, norint pritraukti auk\u0161t\u0105j\u012f i\u0161silavinim\u0105 turin\u010dius asmenis \u012f mokykl\u0105. Nacionalin\u0117 \u0161vietimo agent\u016bra 2023 m. baland\u017eio&nbsp;<a href=\"https:\/\/www.nsa.smsm.lt\/old\/renginys\/viesoji-konsultacija-idejos-ir-galimybes-pritraukti-mokytojus-i-mokykla\/\" class=\"placiau\">Pla\u010diau <i class=\"fa fa-caret-right\"><\/i><\/a><\/p>\n","protected":false},"author":1,"featured_media":0,"template":"","meta":{"_acf_changed":false,"_tribe_events_status":"","_tribe_events_status_reason":"","_tribe_events_is_hybrid":"","_tribe_events_is_virtual":"","_tribe_events_virtual_video_source":"","_tribe_events_virtual_embed_video":"","_tribe_events_virtual_linked_button_text":"","_tribe_events_virtual_linked_button":"","_tribe_events_virtual_show_embed_at":"","_tribe_events_virtual_show_embed_to":[],"_tribe_events_virtual_show_on_event":"","_tribe_events_virtual_show_on_views":"","_tribe_events_virtual_url":"","footnotes":""},"tags":[],"tribe_events_cat":[],"class_list":["post-34330","tribe_events","type-tribe_events","status-publish","hentry"],"acf":[],"_links":{"self":[{"href":"https:\/\/www.nsa.smsm.lt\/old\/wp-json\/wp\/v2\/tribe_events\/34330","targetHints":{"allow":["GET"]}}],"collection":[{"href":"https:\/\/www.nsa.smsm.lt\/old\/wp-json\/wp\/v2\/tribe_events"}],"about":[{"href":"https:\/\/www.nsa.smsm.lt\/old\/wp-json\/wp\/v2\/types\/tribe_events"}],"author":[{"embeddable":true,"href":"https:\/\/www.nsa.smsm.lt\/old\/wp-json\/wp\/v2\/users\/1"}],"version-history":[{"count":0,"href":"https:\/\/www.nsa.smsm.lt\/old\/wp-json\/wp\/v2\/tribe_events\/34330\/revisions"}],"wp:attachment":[{"href":"https:\/\/www.nsa.smsm.lt\/old\/wp-json\/wp\/v2\/media?parent=34330"}],"wp:term":[{"taxonomy":"post_tag","embeddable":true,"href":"https:\/\/www.nsa.smsm.lt\/old\/wp-json\/wp\/v2\/tags?post=34330"},{"taxonomy":"tribe_events_cat","embeddable":true,"href":"https:\/\/www.nsa.smsm.lt\/old\/wp-json\/wp\/v2\/tribe_events_cat?post=34330"}],"curies":[{"name":"wp","href":"https:\/\/api.w.org\/{rel}","templated":true}]}}