{"id":37001,"date":"2023-10-17T11:48:16","date_gmt":"2023-10-17T09:48:16","guid":{"rendered":"https:\/\/www.nsa.smsm.lt\/old\/?page_id=37001"},"modified":"2024-03-06T16:24:53","modified_gmt":"2024-03-06T14:24:53","slug":"mokytoju-darbo-uzmokescio-sistemos-modelis","status":"publish","type":"page","link":"https:\/\/www.nsa.smsm.lt\/old\/mokytoju-darbo-uzmokescio-sistemos-modelis\/","title":{"rendered":"Mokytoj\u0173 darbo u\u017emokes\u010dio sistemos modelis"},"content":{"rendered":"<p>XVII Vyriausyb\u0117 savo veiklos programoje nurod\u0117 siek\u012f reformuoti pagrindines \u0161e\u0161ias sritis \u0161alyje, tarp kuri\u0173 ir \u0161vietimas. Vienas i\u0161 i\u0161sikelt\u0173 \u0161vietimo reformos tiksl\u0173 buvo u\u017etikrinti vienodas s\u0105lygas visiems mokiniams, \u012fvedant klas\u0117s krep\u0161el\u012f, sukurti optimal\u0173 visos apimties mokytoj\u0173 darbo etat\u0173 skai\u010di\u0173, pedagogus rengti geriausiose auk\u0161tosiose mokyklose, skatinti savivaldybes jungti mokyklas, taikyti tikslin\u0119 kokyb\u0117s u\u017etikrinimo param\u0105 mokykloms.<\/p>\n<p>Nuo 2018 m. rugs\u0117jo 1 d. \u0161alies mokyklose buvo \u012fdiegtas mokytoj\u0173 etatinio darbo u\u017emokes\u010dio sistemos modelis. \u012evedus \u0161\u012f apmok\u0117jim\u0105 mokytojo etatas sudaromas i\u0161 36 val. per savait\u0119 (1512 val. per metus). Mokykl\u0173 vadovams paskirstant mokytojams kr\u016bv\u012f si\u016bloma atsi\u017evelgti \u012f pastar\u0173j\u0173 kompetencijas, mokom\u0105j\u012f dalyk\u0105, ugdymo program\u0105, kvalifikacin\u0119 kategorij\u0105, taip pat kitus kriterijus: veiklos sud\u0117tingum\u0105, mokymo(si) form\u0105, mokini\u0173 skai\u010di\u0173 klas\u0117je, papildomas kompetencijas.<\/p>\n<p>Rengiant model\u012f darbo grup\u0117je kartu dirbo mokslininkai ir \u0161vietimo specialistai, mokykl\u0173 vadovai ir mokytoj\u0173 profesini\u0173 s\u0105jung\u0173 atstovai.<\/p>\n<p><strong>Teis\u0117s aktai<\/strong><\/p>\n<p>Teisin\u0117s prielaidos etatinio darbo apmok\u0117jimo sistemai realizuoti:<\/p>\n<ol>\n<li>2017 m. sausio 17 d. Lietuvos Respublikos Valstyb\u0117s ir savivaldybi\u0173 \u012fstaig\u0173 darbuotoj\u0173 darbo apmok\u0117jimo ir komisij\u0173 nari\u0173 atlygio u\u017e darb\u0105 \u012fstatymas (Lietuvos Respublikos biud\u017eetini\u0173 \u012fstaig\u0173 darbuotoj\u0173 darbo apmok\u0117jimo ir komisij\u0173 nari\u0173 atlygio u\u017e darb\u0105 \u012fstatymo redakcija nuo 2024-01-01) Nr. XIII-198<\/li>\n<\/ol>\n<p style=\"padding-left: 40px;\">(<a href=\"https:\/\/e-seimas.lrs.lt\/portal\/legalAct\/lt\/TAD\/c6dd7dc2e23411e6be918a531b2126ab\/asr\">https:\/\/e-seimas.lrs.lt\/portal\/legalAct\/lt\/TAD\/c6dd7dc2e23411e6be918a531b2126ab\/asr<\/a>);<\/p>\n<ol start=\"2\">\n<li>2018 m. liepos 11 d. Lietuvos vyriausyb\u0117s nutarimas Nr. 679 \u201cD\u0117l mokymo l\u0117\u0161\u0173 apskai\u010diavimo, paskirstymo ir panaudojimo tvarkos apra\u0161o patvirtinimo\u201d<\/li>\n<\/ol>\n<p style=\"padding-left: 40px;\">(<a href=\"https:\/\/e-seimas.lrs.lt\/portal\/legalAct\/lt\/TAD\/acd82c9188fa11e8aa33fe8f0fea665f\/asr\">https:\/\/e-seimas.lrs.lt\/portal\/legalAct\/lt\/TAD\/acd82c9188fa11e8aa33fe8f0fea665f\/asr<\/a>);<\/p>\n<ol start=\"3\">\n<li>Mokytoj\u0173, dirban\u010di\u0173 pagal bendrojo ugdymo, profesinio mokymo ir neformaliojo \u0161vietimo programas (i\u0161skyrus ikimokyklinio ir prie\u0161mokyklinio ugdymo programas), darbo kr\u016bvio sandaros nustatymo tvarkos apra\u0161as, patvirtintas Lietuvos Respublikos \u0161vietimo, mokslo ir sporto ministro 2019 m. kovo 1 d. \u012fsakymu V-186 \u201eD\u0117l Mokytoj\u0173, dirban\u010di\u0173 pagal bendrojo ugdymo, profesinio mokymo ir neformaliojo \u0161vietimo programas (i\u0161skyrus ikimokyklinio ir prie\u0161mokyklinio ugdymo programas), darbo kr\u016bvio sandaros nustatymo tvarkos apra\u0161o patvirtinimo\u201c<\/li>\n<\/ol>\n<p style=\"padding-left: 40px;\">(<a href=\"https:\/\/www.e-tar.lt\/portal\/lt\/legalAct\/983247503c2111e99595d005d42b863e\/asr\">https:\/\/www.e-tar.lt\/portal\/lt\/legalAct\/983247503c2111e99595d005d42b863e\/asr<\/a>);<\/p>\n<ol start=\"4\">\n<li>Mokytoj\u0173, dirban\u010di\u0173 pagal bendrojo ugdymo, profesinio mokymo ir neformaliojo \u0161vietimo programas (i\u0161skyrus ikimokyklinio ir prie\u0161mokyklinio ugdymo programas), veikl\u0173 mokyklos bendruomenei apra\u0161o ir Mokytoj\u0173, dirban\u010di\u0173 pagal bendrojo ugdymo, profesinio mokymo ir neformaliojo \u0161vietimo programas (i\u0161skyrus ikimokyklinio ir prie\u0161mokyklinio ugdymo programas), veikl\u0173, susijusi\u0173 su profesiniu tobul\u0117jimu, apra\u0161as, patvirtinti Lietuvos Respublikos \u0161vietimo, mokslo ir sporto ministro 2019 m. kovo 1 d. \u012fsakymu Nr. V-184 \u201eD\u0117l Mokytoj\u0173, dirban\u010di\u0173 pagal bendrojo ugdymo, profesinio mokymo ir neformaliojo \u0161vietimo programas (i\u0161skyrus ikimokyklinio ir prie\u0161mokyklinio ugdymo programas), veikl\u0173 mokyklos bendruomenei apra\u0161o ir Mokytoj\u0173, dirban\u010di\u0173 pagal bendrojo ugdymo, profesinio mokymo ir neformaliojo \u0161vietimo programas (i\u0161skyrus ikimokyklinio ir prie\u0161mokyklinio ugdymo programas), veikl\u0173, susijusi\u0173 su profesiniu tobul\u0117jimu, apra\u0161o patvirtinimo\u201c<\/li>\n<\/ol>\n<p style=\"padding-left: 40px;\">(<a href=\"https:\/\/www.e-tar.lt\/portal\/lt\/legalAct\/73d66ad03c2111e99595d005d42b863e\/asr\">https:\/\/www.e-tar.lt\/portal\/lt\/legalAct\/73d66ad03c2111e99595d005d42b863e\/asr<\/a>);<\/p>\n<ol start=\"5\">\n<li>Mokytoj\u0173 (i\u0161skyrus trenerius) pareigybi\u0173 apra\u0161ymo metodika, patvirtinta Lietuvos Respublikos \u0161vietimo, mokslo ir sporto ministro 2018 m. liepos 26 d. \u012fsakymu Nr. V-674 \u201cD\u0117l mokytoj\u0173 (i\u0161skyrus trenerius) pareigybi\u0173 apra\u0161ymo metodikos patvirtinimo\u201d<\/li>\n<\/ol>\n<p style=\"padding-left: 40px;\">(<a href=\"https:\/\/e-seimas.lrs.lt\/portal\/legalAct\/lt\/TAD\/7ea5c44091d311e8aa33fe8f0fea665f?jfwid=bkaxm4la\">https:\/\/e-seimas.lrs.lt\/portal\/legalAct\/lt\/TAD\/7ea5c44091d311e8aa33fe8f0fea665f?\u00a0\u00a0\u00a0\u00a0 jfwid=bkaxm4la<\/a>);<\/p>\n<p><strong>\u00a0<\/strong><\/p>\n<p><strong>Mokytoj\u0173 veikl\u0173 mokyklos bendruomenei s\u0105ra\u0161o neprivaloma skelbti vie\u0161ai<\/strong><\/p>\n<p>\u0160vietimo, mokslo ir sporto ministerija, gavusi Valstybin\u0117s duomen\u0173 apsaugos inspekcijos i\u0161ai\u0161kinim\u0105, nustat\u0117, kad mokytojo veikl\u0173 mokyklos bendruomenei s\u0105ra\u0161\u0105 ir sutartus rezultatus neb\u016btina skelbti vie\u0161ai.<\/p>\n<p>Valstybin\u0117 duomen\u0173 apsaugos inspekcija nurodo, kad tokia pareiga tur\u0117t\u0173 b\u016bti nustatoma \u012fstatymu arba b\u016bti i\u0161 jo kildinama. Inspekcijai kilo abejoni\u0173, ar b\u016btina vie\u0161ai skelbti mokytoj\u0173 veiklas bei j\u0173 atlikimo rezultatus interneto svetain\u0117je, nes n\u0117ra ai\u0161kus toki\u0173 duomen\u0173 skelbimo tikslas ir pagr\u012fstumas.<\/p>\n<p>Reikalavimas \u0161iuos duomenis skelbti vie\u0161ai buvo numatytas atsi\u017evelgiant \u012f Speciali\u0173j\u0173 tyrimo tarnybos si\u016blymus d\u0117l etatinio mokytoj\u0173 darbo u\u017emokes\u010dio modelio tobulinim\u0173.<\/p>\n","protected":false},"excerpt":{"rendered":"<p>XVII Vyriausyb\u0117 savo veiklos programoje nurod\u0117 siek\u012f reformuoti pagrindines \u0161e\u0161ias sritis \u0161alyje, tarp kuri\u0173 ir \u0161vietimas. Vienas i\u0161 i\u0161sikelt\u0173 \u0161vietimo reformos tiksl\u0173 buvo u\u017etikrinti vienodas s\u0105lygas visiems mokiniams, \u012fvedant klas\u0117s krep\u0161el\u012f, sukurti optimal\u0173 visos apimties mokytoj\u0173 darbo etat\u0173 skai\u010di\u0173, pedagogus&nbsp;<a href=\"https:\/\/www.nsa.smsm.lt\/old\/mokytoju-darbo-uzmokescio-sistemos-modelis\/\" class=\"placiau\">Pla\u010diau <i class=\"fa fa-caret-right\"><\/i><\/a><\/p>\n","protected":false},"author":1,"featured_media":0,"parent":0,"menu_order":0,"comment_status":"closed","ping_status":"closed","template":"page-uzmokestis.php","meta":{"_acf_changed":false,"footnotes":""},"class_list":["post-37001","page","type-page","status-publish","hentry"],"acf":[],"_links":{"self":[{"href":"https:\/\/www.nsa.smsm.lt\/old\/wp-json\/wp\/v2\/pages\/37001","targetHints":{"allow":["GET"]}}],"collection":[{"href":"https:\/\/www.nsa.smsm.lt\/old\/wp-json\/wp\/v2\/pages"}],"about":[{"href":"https:\/\/www.nsa.smsm.lt\/old\/wp-json\/wp\/v2\/types\/page"}],"author":[{"embeddable":true,"href":"https:\/\/www.nsa.smsm.lt\/old\/wp-json\/wp\/v2\/users\/1"}],"replies":[{"embeddable":true,"href":"https:\/\/www.nsa.smsm.lt\/old\/wp-json\/wp\/v2\/comments?post=37001"}],"version-history":[{"count":4,"href":"https:\/\/www.nsa.smsm.lt\/old\/wp-json\/wp\/v2\/pages\/37001\/revisions"}],"predecessor-version":[{"id":38514,"href":"https:\/\/www.nsa.smsm.lt\/old\/wp-json\/wp\/v2\/pages\/37001\/revisions\/38514"}],"wp:attachment":[{"href":"https:\/\/www.nsa.smsm.lt\/old\/wp-json\/wp\/v2\/media?parent=37001"}],"curies":[{"name":"wp","href":"https:\/\/api.w.org\/{rel}","templated":true}]}}