{"id":16851,"date":"2025-05-24T09:07:37","date_gmt":"2025-05-24T07:07:37","guid":{"rendered":"https:\/\/www.nsa.smsm.lt\/old\/?page_id=16851"},"modified":"2025-05-24T18:32:00","modified_gmt":"2025-05-24T16:32:00","slug":"vadovu-veiklos-vertinimas","status":"publish","type":"page","link":"https:\/\/www.nsa.smsm.lt\/old\/vadovu-ir-pedagogu-vertinimas\/vadovu-veiklos-vertinimas\/","title":{"rendered":"Vadov\u0173 veiklos vertinimas"},"content":{"rendered":"<p><a href=\"https:\/\/www.nsa.smsm.lt\/old\/old\/wp-content\/uploads\/2025\/01\/Vadovu-2023-m.-veiklos-ataskaitu-kokybine-analize.pdf\" target=\"_blank\" rel=\"noopener\">\u0160vietimo \u012fstaig\u0173 (i\u0161skyrus auk\u0161t\u0105sias mokyklas) vadov\u0173 2023 met\u0173 veiklos ataskaitose pateikt\u0173 rodikli\u0173 kokybin\u0117 analiz\u0117<\/a><\/p>\n<p>\u0160vietimo \u012fstaig\u0173 vadov\u0173 2023 met\u0173 veiklos ataskait\u0173 vertinimo statistiniai duomenys <a href=\"https:\/\/www.nsa.smsm.lt\/old\/old\/wp-content\/uploads\/2024\/07\/Ataskaita2023.pdf\"><strong><i class=\"fa fa-arrow-circle-right \" ><\/i><\/strong><\/a><\/p>\n<p>\u0160vietimo \u012fstaig\u0173 vadov\u0173 2022 met\u0173 veiklos ataskait\u0173 vertinimo statistiniai duomenys <strong><a href=\"https:\/\/www.nsa.smsm.lt\/old\/old\/wp-content\/uploads\/2023\/06\/Ataskaita-uz-2022.pdf\"><i class=\"fa fa-arrow-circle-right \" ><\/i><\/a><\/strong><\/p>\n<p>Valstybini\u0173 ir savivaldybi\u0173 \u0161vietimo \u012fstaig\u0173 (i\u0161skyrus auk\u0161t\u0105sias mokyklas) vadov\u0173 2021 met\u0173 veiklos ataskait\u0173 u\u017eduo\u010di\u0173 analiz\u0117 <strong><a href=\"https:\/\/www.nsa.smsm.lt\/old\/old\/wp-content\/uploads\/2023\/03\/Vadovu-metines-uzduotys-uz-2021-m.pdf\"><i class=\"fa fa-arrow-circle-right \" ><\/i><\/a><\/strong><\/p>\n<p><strong>\u0160vietimo \u012fstaig\u0173 vadov\u0173 2021 met\u0173 veiklos ataskait\u0173 vertinimo statistiniai duomenys <a href=\"https:\/\/www.nsa.smsm.lt\/old\/old\/wp-content\/uploads\/2022\/12\/Statistika-uz-2021.pdf\"><i class=\"fa fa-arrow-circle-right \" ><\/i><\/a><\/strong><\/p>\n<hr \/>\n<p><strong>Vadov\u0173 veiklos vertinimas<\/strong><\/p>\n<p>\u0160vietimo \u012fstaig\u0173 vadov\u0173, j\u0173 pavaduotoj\u0173 ugdymui, ugdym\u0105 organizuojan\u010di\u0173 skyri\u0173 ved\u0117j\u0173 veiklos vertinimas vykdomas pagal <a href=\"https:\/\/e-seimas.lrs.lt\/portal\/legalAct\/lt\/TAD\/facfb6c231f711e8a149e8cfbedd2503\/asr\" target=\"_blank\" rel=\"noopener\">Valstybini\u0173 ir savivaldybi\u0173 \u0161vietimo \u012fstaig\u0173 (i\u0161skyrus auk\u0161t\u0105sias mokyklas) vadov\u0173, j\u0173 pavaduotoj\u0173 ugdymui, ugdym\u0105 organizuojan\u010di\u0173 skyri\u0173 ved\u0117j\u0173 veiklos vertinimo nuostatus<\/a>.<\/p>\n<p>&nbsp;<\/p>\n<p>&nbsp;<\/p>\n<p><strong>\u0160vietimo \u012fstaig\u0173 vadov\u0173 met\u0173 veiklos ataskait\u0173 vertinimo statistiniai duomenys<\/strong><\/p>\n<p>Vadovaujantis Valstybini\u0173 ir savivaldybi\u0173 \u0161vietimo \u012fstaig\u0173 (i\u0161skyrus auk\u0161t\u0105sias mokyklas) vadov\u0173, j\u0173 pavaduotoj\u0173 ugdymui, ugdym\u0105 organizuojan\u010di\u0173 skyri\u0173 ved\u0117j\u0173 veiklos vertinimo nuostatais, patvirtintais Lietuvos Respublikos \u0161vietimo ir mokslo ministro 2018 m. kovo 27 d. \u012fsakymu Nr. V-279 \u201eD\u0117l valstybini\u0173 ir savivaldybi\u0173 \u0161vietimo \u012fstaig\u0173 (i\u0161skyrus auk\u0161t\u0105sias mokyklas) vadov\u0173, j\u0173 pavaduotoj\u0173 ugdymui, ugdym\u0105 organizuojan\u010di\u0173 skyri\u0173 ved\u0117j\u0173 veiklos vertinimo nuostat\u0173 patvirtinimo\u201c, Nacionalin\u0117 \u0161vietimo agent\u016bra (iki 2019 m. rugs\u0117jo 1 d. \u2013 Nacionalin\u0117 mokykl\u0173 vertinimo agent\u016bra) yra \u012fgaliota vykdyti \u0161vietimo \u012fstaig\u0173 vadov\u0173 met\u0173 veiklos ataskait\u0173 vertinim\u0173 steb\u0117sen\u0105.<\/p>\n<p>Statistiniai duomenys renkami per\u017ei\u016br\u0117jus vie\u0161ai skelbiamas \u0161vietimo \u012fstaig\u0173 vadov\u0173 met\u0173 veiklos ataskaitas \u0161vietimo \u012fstaigos savininko teises ir pareigas \u012fgyvendinan\u010dios institucijos ar institucijos, \u012fgyvendinan\u010dios savivaldyb\u0117s ar valstyb\u0117s dalininko teises, interneto svetain\u0117je ir \u0161vietimo \u012fstaigos interneto svetain\u0117je.<\/p>\n<p><strong>\u0160vietimo \u012fstaig\u0173 vadov\u0173 2020 met\u0173 veiklos ataskait\u0173 vertinimo statistiniai duomenys<\/strong><\/p>\n<p style=\"text-align: center;\"><img loading=\"lazy\" decoding=\"async\" class=\"alignnone wp-image-23777\" src=\"https:\/\/www.nsa.smsm.lt\/old\/old\/wp-content\/uploads\/2021\/06\/lentele.png\" alt=\"\" width=\"700\" height=\"260\" srcset=\"https:\/\/www.nsa.smsm.lt\/old\/wp-content\/uploads\/2021\/06\/lentele.png 1000w, https:\/\/www.nsa.smsm.lt\/old\/wp-content\/uploads\/2021\/06\/lentele-300x111.png 300w, https:\/\/www.nsa.smsm.lt\/old\/wp-content\/uploads\/2021\/06\/lentele-768x285.png 768w\" sizes=\"auto, (max-width: 700px) 100vw, 700px\" \/><\/p>\n<p><em>*Tik einam\u0173j\u0173 met\u0173 u\u017eduotys; tik vadovo \u012fsivertinimas; n\u0117ra<\/em>\u00a0<em>\u0161vietimo \u012fstaigos savininko teises ir pareigas \u012fgyvendinan\u010dios institucijos<\/em>\u00a0<em>(dalinink\u0173 susirinkimo) \u012fgalioto asmens<\/em>\u00a0<em>\u012fvertinimo, jo pagrindimo ir si\u016blym\u0173,\u00a0galutinio veiklos \u012fvertinimo; u\u017edengtas vertinimo pagrindimas ir \u012fvertinimas, galutiniai \u012fvertinimai; n\u0117ra paskelbt\u0173 vertinimo ataskait\u0173. Pirminiai duomenys surinkti 2021 m. baland\u017eio-gegu\u017e\u0117s m\u0117n. <\/em><\/p>\n<p><a href=\"https:\/\/www.nsa.smsm.lt\/old\/old\/wp-content\/uploads\/2021\/06\/Svietimo-istaigu-vadovu-2020-metu-veiklos-ataskaitu-vertinimo-statistiniai-duomenys-2.pdf\">\u0160vietimo \u012fstaig\u0173 vadov\u0173 2020 met\u0173 veiklos ataskait\u0173 vertinimo statistiniai duomenys pagal savivaldybes <\/a><\/p>\n<p><strong>\u0160vietimo \u012fstaig\u0173 vadov\u0173 2019 met\u0173 veiklos ataskait\u0173 vertinimo statistiniai duomenys<\/strong><\/p>\n<p style=\"text-align: center;\"><img loading=\"lazy\" decoding=\"async\" class=\"alignnone size-full wp-image-20039\" src=\"https:\/\/www.nsa.smsm.lt\/old\/old\/wp-content\/uploads\/2021\/03\/kjhgf.png\" alt=\"\" width=\"713\" height=\"188\" srcset=\"https:\/\/www.nsa.smsm.lt\/old\/wp-content\/uploads\/2021\/03\/kjhgf.png 713w, https:\/\/www.nsa.smsm.lt\/old\/wp-content\/uploads\/2021\/03\/kjhgf-300x79.png 300w\" sizes=\"auto, (max-width: 713px) 100vw, 713px\" \/><\/p>\n<p><em>*Tik einam\u0173j\u0173 met\u0173 u\u017eduotys; tik vadovo \u012fsivertinimas; n\u0117ra<\/em>\u00a0<em>\u0161vietimo \u012fstaigos savininko teises ir pareigas \u012fgyvendinan\u010dios institucijos<\/em>\u00a0<em>(dalinink\u0173 susirinkimo) \u012fgalioto asmens<\/em>\u00a0<em>\u012fvertinimo, jo pagrindimo ir si\u016blym\u0173,\u00a0galutinio veiklos \u012fvertinimo; u\u017edengtas vertinimo pagrindimas ir \u012fvertinimas, galutiniai \u012fvertinimai; n\u0117ra paskelbt\u0173 vertinimo ataskait\u0173. Pirminiai duomenys surinkti 2020 m. baland\u017eio-gegu\u017e\u0117s m\u0117n. Duomenys tikslinti 2020 m. spalio m\u0117n.<\/em><\/p>\n<p><a href=\"https:\/\/www.nsa.smsm.lt\/old\/old\/wp-content\/uploads\/2021\/03\/Svietimo-istaigu-vadovu-2019-metu-veiklos-ataskaitu-vertinimo-statistiniai-duomenys.pdf\"><strong>\u0160vietimo \u012fstaig\u0173 vadov\u0173 2019 met\u0173 veiklos ataskait\u0173 vertinimo statistiniai duomenys pagal savivaldybes<\/strong><\/a><\/p>\n<p><a href=\"https:\/\/www.nsa.smsm.lt\/old\/old\/wp-content\/uploads\/2021\/03\/Svietimo-istaigu-vadovu-2019-m.-metu-veiklos-ataskaitose-pateiktu-kompetenciju-tobulinimo-poreikis.pdf\"><strong>\u0160vietimo \u012fstaig\u0173 vadov\u0173 2019 m. met\u0173 veiklos ataskaitose pateikt\u0173 kompetencij\u0173 tobulinimo poreikis<\/strong><\/a><\/p>\n<p><strong>\u0160vietimo \u012fstaig\u0173 vadov\u0173 2018 met\u0173 veiklos ataskait\u0173 vertinimo statistiniai duomenys<\/strong><\/p>\n<p style=\"text-align: center;\"><img loading=\"lazy\" decoding=\"async\" class=\"alignnone size-full wp-image-20038\" src=\"https:\/\/www.nsa.smsm.lt\/old\/old\/wp-content\/uploads\/2021\/03\/mjnhbgv.png\" alt=\"\" width=\"718\" height=\"191\" srcset=\"https:\/\/www.nsa.smsm.lt\/old\/wp-content\/uploads\/2021\/03\/mjnhbgv.png 718w, https:\/\/www.nsa.smsm.lt\/old\/wp-content\/uploads\/2021\/03\/mjnhbgv-300x80.png 300w\" sizes=\"auto, (max-width: 718px) 100vw, 718px\" \/><\/p>\n<p><em>*Tik einam\u0173j\u0173 met\u0173 u\u017eduotys; tik vadovo \u012fsivertinimas; n\u0117ra<\/em>\u00a0<em>veiklos vertinimo pagrindimo, si\u016blym\u0173, galutin\u0117s veiklos vertinimo i\u0161vados; n\u0117ra paskelbt\u0173 vertinimo ataskait\u0173. Pirminiai duomenys surinkti 2019 m. kovo-baland\u017eio m\u0117n. Duomenys tikslinti 2019 m. rugs\u0117jo m\u0117n.<\/em><\/p>\n<p><a href=\"https:\/\/nsasmm-my.sharepoint.com\/:b:\/g\/personal\/snieguole_dinapiene_nsa_smm_lt\/EWOQbrvxIrVInDBI9uYdc_EBo2jb8YzPhVIzQAUkergqAQ?e=BMcejV\"><strong>\u0160vietimo \u012fstaig\u0173 vadov\u0173 2018 met\u0173 veiklos ataskait\u0173 vertinimo statistiniai duomenys pagal savivaldybes<\/strong><\/a><\/p>\n<p><strong>\u00a0<\/strong><strong>Vadov\u0173 atestacija<\/strong><\/p>\n<p>Valstybini\u0173 (i\u0161skyrus auk\u0161t\u0105sias mokyklas) ir savivaldybi\u0173 mokykl\u0173 vadov\u0173, j\u0173 pavaduotoj\u0173 ugdymui, ugdym\u0105 organizuojan\u010di\u0173 skyri\u0173 ved\u0117j\u0173 atestacija nevykdoma nuo 2018 m. vasario 19 d.<\/p>\n<p><a href=\"https:\/\/www.e-tar.lt\/portal\/lt\/legalAct\/1f0d0f80154011e88456d055fb6f6244\">Lietuvos Respublikos \u0161vietimo ir mokslo ministro 2018 m. vasario 19 d. \u012fsakymas Nr. V-146<\/a><\/p>\n<p>&nbsp;<\/p>\n<h2>Dokumentai<\/h2>\n<hr \/>\n<p><strong>2018-03-27 \u012esakymas Nr. V-279<\/strong><\/p>\n<p>\u201e<a href=\"https:\/\/e-seimas.lrs.lt\/portal\/legalAct\/lt\/TAD\/facfb6c231f711e8a149e8cfbedd2503\/asr\" target=\"_blank\" rel=\"noopener\">D\u0117l valstybini\u0173 ir savivaldybi\u0173 \u0161vietimo \u012fstaig\u0173 (i\u0161skyrus auk\u0161t\u0105sias mokyklas) vadov\u0173, j\u0173 pavaduotoj\u0173 ugdymui, ugdym\u0105 organizuojan\u010di\u0173 skyri\u0173 ved\u0117j\u0173 veiklos vertinimo nuostat\u0173 patvirtinimo<\/a>\u201c (2021-01-11 Nr. V-48; 2022-01-25 Nr. V-110; 2024-02-05 V-130)<\/p>\n<p>&nbsp;<\/p>\n<p class=\"elementToProof\"><strong>2024-02-05 d. \u012esakymas Nr. V-130<\/strong><\/p>\n<p class=\"elementToProof\"><a id=\"LPlnk897147\" title=\"https:\/\/e-seimas.lrs.lt\/portal\/legalAct\/lt\/TAD\/42016f90c46711ee9269b566387cfecb?jfwid=6ln67mlsu\" href=\"https:\/\/e-seimas.lrs.lt\/portal\/legalAct\/lt\/TAD\/42016f90c46711ee9269b566387cfecb?jfwid=6ln67mlsu\">D\u0117l\u00a0\u0161vietimo, mokslo ir sporto ministro 2018 m. kovo 27 d. \u012fsakymo Nr. V-279 \u201eD\u0117l\u00a0valstybini\u0173 ir savivaldybi\u0173 \u0161vietimo \u012fstaig\u0173 (i\u0161skyrus auk\u0161t\u0105sias mokyklas) vadov\u0173, j\u0173 pavaduotoj\u0173 ugdymui, ugdym\u0105 organizuojan\u010di\u0173 skyri\u0173 ved\u0117j\u0173 veiklos vertinimo nuostat\u0173 patvirtinimo\u201c pakeitimo<\/a><\/p>\n<p>&nbsp;<\/p>\n<p><strong>2021-01-11 d. \u012esakymas Nr. V-48 <\/strong><\/p>\n<p><a href=\"https:\/\/www.e-tar.lt\/portal\/legalAct.html?documentId=0cafc6e053e311eb9dc7b575f08e8bea\">D\u0117l\u00a0\u0161vietimo ir mokslo ministro 2018 m. kovo 27 d. \u012fsakymo Nr. V-279 \u201eD\u0117l\u00a0valstybini\u0173 ir savivaldybi\u0173 \u0161vietimo \u012fstaig\u0173 (i\u0161skyrus auk\u0161t\u0105sias mokyklas) vadov\u0173, j\u0173 pavaduotoj\u0173 ugdymui, ugdym\u0105 organizuojan\u010di\u0173 skyri\u0173 ved\u0117j\u0173 veiklos vertinimo nuostat\u0173 patvirtinimo\u201c pakeitimo<\/a><\/p>\n<p><strong><br \/>\n2018-02-19 \u012esakymas Nr. V-146<\/strong><\/p>\n<p><a class=\"mtli_attachment mtli_pdf\" href=\"https:\/\/www.nsa.smsm.lt\/old\/old\/wp-content\/uploads\/2021\/03\/ISAKatestacijosnaikinimas2018-01.pdf\" rel=\"\">D\u0117l \u0161vietimo ir mokslo ministro 2005 m. liepos 21 d. \u012fsakymo Nr. ISAK-1521 \u201eD\u0117l valstybini\u0173 (i\u0161skyrus auk\u0161t\u0105sias mokyklas) ir savivaldybi\u0173 mokykl\u0173 vadov\u0173, j\u0173 pavaduotoj\u0173 ugdymui, ugdym\u0105 organizuojan\u010di\u0173 skyri\u0173 ved\u0117j\u0173 atestacijos nuostat\u0173 patvirtinimo\u201c pripa\u017einimo netekusiu galios<\/a><\/p>\n","protected":false},"excerpt":{"rendered":"<p>\u0160vietimo \u012fstaig\u0173 (i\u0161skyrus auk\u0161t\u0105sias mokyklas) vadov\u0173 2023 met\u0173 veiklos ataskaitose pateikt\u0173 rodikli\u0173 kokybin\u0117 analiz\u0117 \u0160vietimo \u012fstaig\u0173 vadov\u0173 2023 met\u0173 veiklos ataskait\u0173 vertinimo statistiniai duomenys \u0160vietimo \u012fstaig\u0173 vadov\u0173 2022 met\u0173 veiklos ataskait\u0173 vertinimo statistiniai duomenys Valstybini\u0173 ir savivaldybi\u0173 \u0161vietimo \u012fstaig\u0173 (i\u0161skyrus&nbsp;<a href=\"https:\/\/www.nsa.smsm.lt\/old\/vadovu-ir-pedagogu-vertinimas\/vadovu-veiklos-vertinimas\/\" class=\"placiau\">Pla\u010diau <i class=\"fa fa-caret-right\"><\/i><\/a><\/p>\n","protected":false},"author":1,"featured_media":0,"parent":10105,"menu_order":1,"comment_status":"closed","ping_status":"closed","template":"page-vadovu-vertinimas.php","meta":{"_acf_changed":false,"footnotes":""},"class_list":["post-16851","page","type-page","status-publish","hentry"],"acf":[],"_links":{"self":[{"href":"https:\/\/www.nsa.smsm.lt\/old\/wp-json\/wp\/v2\/pages\/16851","targetHints":{"allow":["GET"]}}],"collection":[{"href":"https:\/\/www.nsa.smsm.lt\/old\/wp-json\/wp\/v2\/pages"}],"about":[{"href":"https:\/\/www.nsa.smsm.lt\/old\/wp-json\/wp\/v2\/types\/page"}],"author":[{"embeddable":true,"href":"https:\/\/www.nsa.smsm.lt\/old\/wp-json\/wp\/v2\/users\/1"}],"replies":[{"embeddable":true,"href":"https:\/\/www.nsa.smsm.lt\/old\/wp-json\/wp\/v2\/comments?post=16851"}],"version-history":[{"count":5,"href":"https:\/\/www.nsa.smsm.lt\/old\/wp-json\/wp\/v2\/pages\/16851\/revisions"}],"predecessor-version":[{"id":43144,"href":"https:\/\/www.nsa.smsm.lt\/old\/wp-json\/wp\/v2\/pages\/16851\/revisions\/43144"}],"up":[{"embeddable":true,"href":"https:\/\/www.nsa.smsm.lt\/old\/wp-json\/wp\/v2\/pages\/10105"}],"wp:attachment":[{"href":"https:\/\/www.nsa.smsm.lt\/old\/wp-json\/wp\/v2\/media?parent=16851"}],"curies":[{"name":"wp","href":"https:\/\/api.w.org\/{rel}","templated":true}]}}