{"id":16838,"date":"2025-07-31T07:34:33","date_gmt":"2025-07-31T05:34:33","guid":{"rendered":"https:\/\/www.nsa.smsm.lt\/old\/?page_id=16838"},"modified":"2025-08-01T10:00:44","modified_gmt":"2025-08-01T08:00:44","slug":"bendrojo-ugdymo-mokyklu-isorinis-vertinimas","status":"publish","type":"page","link":"https:\/\/www.nsa.smsm.lt\/old\/istaigu-vertinimas\/bendrojo-ugdymo-mokyklu-isorinis-vertinimas\/","title":{"rendered":"Bendrojo ugdymo mokykl\u0173 i\u0161orinis vertinimas"},"content":{"rendered":"<p><strong>I\u0161orinio vertinimo tikslas<\/strong>\u00a0\u2013 skatinti<em>\u00a0<\/em>mokyklas tobul\u0117ti siekiant geresn\u0117s ugdymo(si) kokyb\u0117s ir geresni\u0173 mokini\u0173 pasiekim\u0173.<\/p>\n<p><strong>Mokykl\u0173 veiklos kokyb\u0117s i\u0161orinis vertinimas\u00a0<\/strong>\u2013\u00a0<em>formuojamasis mokykloje vykstan\u010di\u0173 proces\u0173 vertinimas<\/em>, teikiantis informacij\u0105 mokyklos veiklai koreguoti ir jos rezultatams gerinti. I\u0161orinis\u00a0vertinimas remiasi mokyklos atliktu\u00a0\u012fsivertinimu.<\/p>\n<p><strong>I\u0161orinis vertinimas\u00a0<\/strong>gali b\u016bti:<\/p>\n<ul>\n<li><strong>visuminis<\/strong><em>,\u00a0<\/em>kai vertinama visa mokyklos veikla;<\/li>\n<li><strong>teminis<\/strong>, kai vertinama mokyklos veikla, gilinantis \u012f \u0161vietimo ir mokslo ministro nustatyt\u0105 aktuali\u0105 tem\u0105 (problem\u0105, klausim\u0105);<\/li>\n<li><strong>rizikos<\/strong>, kai vykdomas mokyklos veiklos rizikos veiksni\u0173 identifikavimas, analiz\u0117 ir veiklos tobulinimo galimybi\u0173 numatymas.<\/li>\n<\/ul>\n<p><strong>Visuminis<\/strong>\u00a0vertinimas vykdomas naudojant 2016 m. patvirtint\u0105 25\u00a0<a class=\"mtli_attachment mtli_pdf\" href=\"https:\/\/www.nsa.smsm.lt\/old\/old\/wp-content\/uploads\/2021\/01\/rodikliai.pdf\" target=\"_blank\" rel=\"noopener\">rodikli\u0173<\/a>\u00a0sistem\u0105, apiman\u010di\u0105 4 mokyklos veiklos sritis \u2013 rezultatus, ugdym\u0105(si) ir mokini\u0173 patirtis, ugdymo(si) aplinkas, lyderyst\u0119 ir vadyb\u0105.<\/p>\n<p><strong>T<\/strong><strong>eminio\u00a0<\/strong>vertinimo metu nustatyti\u00a0<a class=\"mtli_attachment mtli_pdf\" href=\"https:\/\/www.nsa.smsm.lt\/old\/old\/wp-content\/uploads\/2021\/01\/rodikliai1.pdf\" target=\"_blank\" rel=\"noopener\">rodikliai<\/a>\u00a0gali b\u016bti perstrukt\u016bruojami atsi\u017evelgiant \u012f \u0161vietimo ir mokslo ministro nustatyt\u0105 problemin\u012f klausim\u0105. Analizuojamos 3 mokyklos veiklos sritys: rezultatai, ugdymas(is) ir mokini\u0173 patirtys, lyderyst\u0117 ir vadyba.<\/p>\n<p><strong>Rizikos\u00a0<\/strong>vertinimo metu analizuojami 3 mokyklos veiklos sri\u010di\u0173 (rezultatai, pagalba mokiniui, ugdymo(si) procesas)\u00a0<a class=\"mtli_attachment mtli_pdf\" href=\"https:\/\/www.nsa.smsm.lt\/old\/old\/wp-content\/uploads\/2021\/01\/rodikliai2.pdf\" target=\"_blank\" rel=\"noopener\">rodikliai<\/a>. Lyderyst\u0117 ir vadyba n\u0117ra i\u0161skirta kaip atskira sritis, ta\u010diau ji yra labai svarbi (kaip kontekstin\u0117 informacija) analizuojant bet kuriuos mokyklos veiklos duomenis, identifikuojant reik\u0161mingus, geresn\u0119 mokini\u0173 pa\u017eang\u0105 ir pasiekimus s\u0105lygojan\u010dius veiksnius.<\/p>\n<p><strong>Pra\u0117jus metams po rizikos vertinimo analizuojami<\/strong>\u00a0gauti duomenys apie mokyklos veiklos kokyb\u0117s kait\u0105 ir mokyklos vadovo veiklos vertinimo rezultatus.\u00a0<strong>Pra\u0117jus dvejiems metams \u2013<\/strong>\u00a0organizuojamas\u00a0<strong>pakartotinis\u00a0 vertinimas<\/strong>. Teigiamas mokyklos veiklos pokytis konstatuojamas, jeigu pakartotinio vertinimo metu auk\u0161tesniu lygiu \u012fvertinama daugiau kaip pus\u0117 rodikli\u0173.<\/p>\n<p>Vertinimo mokykloje metu daugiausiai d\u0117mesio skiriama\u00a0<strong>ugdymo proceso steb\u0117jimui<\/strong>\u00a0(tam skiriama ne ma\u017eiau kaip 75 procentai vertintoj\u0173 darbo mokykloje laiko). Pasteb\u0117jimai fiksuojami:<\/p>\n<ul>\n<li>visuminio ir teminio vertinimo metu \u2013\u00a0<a class=\"mtli_attachment mtli_pdf\" href=\"https:\/\/www.nsa.smsm.lt\/old\/old\/wp-content\/uploads\/2021\/01\/Ugdymosi-veiklos-pamokos-stebejimo-formoje.pdf\" target=\"_blank\" rel=\"noopener\">Ugdymo(si) veiklos (pamokos) steb\u0117jimo formoje<\/a>;<\/li>\n<li>rizikos vertinimo metu \u2013\u00a0<a class=\"mtli_attachment mtli_pdf\" href=\"https:\/\/www.nsa.smsm.lt\/old\/old\/wp-content\/uploads\/2021\/01\/Mokyklos-rizikos-isorinio-vertinimo-ugdymosi-veiklos-pamokos-stebejimo-formoje.pdf\" target=\"_blank\" rel=\"noopener\">Mokyklos rizikos i\u0161orinio vertinimo ugdymo(si) veiklos (pamokos) steb\u0117jimo formoje.<\/a><\/li>\n<\/ul>\n<p>Po steb\u0117tos pamokos mokytojui pasakomi ne ma\u017eiau kaip 3 stiprieji ir ne daugiau kaip 2 tobulintini pamokos aspektai.<\/p>\n<p>Vertinant mokyklos veikl\u0105 naudojami\u00a0<strong>penki\u00a0<a class=\"mtli_attachment mtli_pdf\" href=\"https:\/\/www.nsa.smsm.lt\/old\/old\/wp-content\/uploads\/2021\/01\/vertinimo-lygiai.pdf\" target=\"_blank\" rel=\"noopener\">vertinimo lygiai<\/a><\/strong>.<\/p>\n<p>Mokykla su i\u0161orinio vertinimo\u00a0i\u0161vadomis\u00a0<strong>supa\u017eindina mokinius ir j\u0173 t\u0117vus.<\/strong><\/p>\n<p>Po vertinimo\u00a0<strong>veiklos tobulinimu r\u016bpinasi<\/strong>\u00a0mokykla ir jos steig\u0117jas, veiklos tobulinimui pasitelkiami konsultantai.<\/p>\n<p>Agent\u016bra kartu su \u0160vietimo ir mokslo ministerija\u00a0<strong>stebi ir analizuoja mokykl\u0173 pa\u017eang\u0105<\/strong>\u00a0ir mokykloms teikiamos pagalbos poveik\u012f po i\u0161orinio vertinimo.<\/p>\n<p>&nbsp;<\/p>\n<h2>Dokumentai<\/h2>\n<hr \/>\n<p><strong>2025-07-31 \u012esakymas Nr. VK-882<\/strong><\/p>\n<p><a href=\"https:\/\/www.nsa.smsm.lt\/old\/old\/wp-content\/uploads\/2025\/08\/2025-metu-II-pusmecio-tvarkarastis.pdf\" target=\"_blank\" rel=\"noopener\">D\u0117l veiklos rizikos i\u0161orinio vertinimo\u00a0 bendrojo ugdymo programas vykdan\u010diose mokyklose 2025 m. II pusme\u010dio tvarkara\u0161\u010dio patvirtinimo<\/a><\/p>\n<p><strong>2025-07-07 \u012esakymas Nr. V-732<\/strong><br \/>\n<a title=\"https:\/\/www.e-tar.lt\/portal\/lt\/legalAct\/d12afad65b0e11f0a3d380837a821750\" href=\"https:\/\/www.e-tar.lt\/portal\/lt\/legalAct\/d12afad65b0e11f0a3d380837a821750\">D\u0117l \u0161vietimo, mokslo ir sporto ministro 2025 m. sausio 8 d. \u012fsakymo Nr. V-4, &#8222;D\u0117l bendrojo ugdymo programos vykdan\u010di\u0173 mokykl\u0173, kuriose 2025 metais bus atliekamas rizikos i\u0161orinis vertinimas ir pakartotinis vertinimas pra\u0117jus dvejiems metams po rizikos i\u0161orinio vertinimo, s\u0105ra\u0161o patvirtinimo&#8221; pakeitimo<\/a><\/p>\n<p><strong>2025-01-08 \u012esakymas Nr. V-4<\/strong><\/p>\n<p><a href=\"https:\/\/e-seimas.lrs.lt\/portal\/legalAct\/lt\/TAD\/6c446172cdff11efb81fa0211f8edf4d?positionInSearchResults=0&amp;searchModelUUID=ac3947f2-3e14-4968-87c9-709023d6b7fe\">D\u0117l bendrojo ugdymo programas vykdan\u010di\u0173 mokykl\u0173, kuriose 2025 metais bus atliekamas rizikos i\u0161orinis vertinimas ir pakartotinis vertinimas pra\u0117jus dvejiems metams po rizikos i\u0161orinio vertinimo, s\u0105ra\u0161o patvirtinimo\u00a0(e-tar.lt)<\/a><\/p>\n<p><strong>2024-09-17 \u012esakymas Nr. VK-822<\/strong><\/p>\n<p><a href=\"https:\/\/www.nsa.smsm.lt\/old\/old\/wp-content\/uploads\/2024\/09\/2024-metu-II-pusmecio-tvarkarastis-1.pdf\" target=\"_blank\" rel=\"noopener\">D\u0117l veiklos rizikos i\u0161orinio vertinimo, kuris vyks 2024 met\u0173 II pusmet\u012f mokyklose, vykdan\u010diose bendrojo ugdymo programas, tvarkara\u0161\u010dio patvirtinimo<\/a><\/p>\n<p><strong>2024-05-07 \u012esakymas Nr. VK-423<\/strong><\/p>\n<p><a href=\"https:\/\/www.nsa.smsm.lt\/old\/old\/wp-content\/uploads\/2024\/05\/2024-metu-I-pusmecio-tvarkarastis.pdf\" target=\"_blank\" rel=\"noopener\">D\u0117l Veiklos rizikos i\u0161orinio vertinimo, kuris vyks 2024 met\u0173 I pusmet\u012f mokyklose, vykdan\u010diose bendrojo ugdymo programas, tvarkara\u0161\u010dio patvirtinimo<\/a><\/p>\n<p><strong>2024-04-30 \u012esakymas Nr. V-481<\/strong><\/p>\n<p><a href=\"https:\/\/www.e-tar.lt\/portal\/lt\/legalAct\/775a283006b111efbcbfb318996800a8\" target=\"_blank\" rel=\"noopener\">D\u0117l bendrojo ugdymo programas vykdan\u010di\u0173 mokykl\u0173, kuriose 2024 metais bus atliekamas rizikos i\u0161orinis vertinimas, s\u0105ra\u0161o patvirtinimo (e-tar.lt)<\/a><\/p>\n<p><strong>2023-12-22 \u012esakymas Nr. VK-838 <\/strong><\/p>\n<p><a href=\"https:\/\/www.e-tar.lt\/portal\/lt\/legalAct\/02ee0dd0a0be11eea5a28c81c82193a8\" target=\"_blank\" rel=\"noopener\">D\u0117l \u0161vietimo teik\u0117j\u0173 (i\u0161skyrus auk\u0161t\u0105sias mokyklas) veiklos planini\u0173 patikrinim\u0173 taisykli\u0173 patvirtinimo<\/a><\/p>\n<p><strong>2023-10-04 \u012esakymas Nr. V-1300<\/strong><\/p>\n<p><a href=\"https:\/\/www.nsa.smsm.lt\/old\/old\/wp-content\/uploads\/2024\/03\/SMSM-patvirtintas-vertinamu-mokyklu-sarasas.pdf\" target=\"_blank\" rel=\"noopener\">D\u0117l bendrojo ugdymo programas vykdan\u010di\u0173 mokykl\u0173, kuriose 2023 met\u0173 II pusmet\u012f bus atliekamas rizikos i\u0161orinis vertinimas, s\u0105ra\u0161o patvirtinimo<\/a><\/p>\n<p><b>2023-01-23 \u012esakymas Nr. VK-50<\/b><\/p>\n<p><a href=\"https:\/\/www.nsa.smsm.lt\/old\/old\/wp-content\/uploads\/2023\/02\/tvarkarascio_isakymopriedas_II-ketv.pdf\" target=\"_blank\" rel=\"noopener\">Bendrojo ugdymo programas vykdan\u010di\u0173 mokykl\u0173, kuriose 2023 met\u0173 II ketvirt\u012f bus atliekamas veiklos teminis i\u0161orinis vertinimas, tvarkara\u0161tis<\/a><\/p>\n<p><strong>2023-01-11 \u012esakymas Nr. VK-15<\/strong><\/p>\n<p><a href=\"https:\/\/www.nsa.smsm.lt\/old\/old\/wp-content\/uploads\/2023\/01\/NSA-svetainei-I-ketv.pdf\" target=\"_blank\" rel=\"noopener\">Bendrojo ugdymo programas vykdan\u010di\u0173 mokykl\u0173, kuriose 2023 met\u0173 I ketvirt\u012f bus atliekamas veiklos teminis i\u0161orinis vertinimas, tvarkara\u0161tis<\/a><\/p>\n<p><strong>2023-01-04 \u012esakymas Nr. V-15<\/strong><\/p>\n<p><a href=\"https:\/\/www.e-tar.lt\/portal\/lt\/legalAct\/5de9af508c3311ed8df094f359a60216\" target=\"_blank\" rel=\"noopener\">V-15 D\u0117l mokykl\u0173, vykdan\u010di\u0173 bendrojo ugdymo programas, veiklos teminio i\u0161orinio vertinimo, organizuoja&#8230; (e-tar.lt)<\/a><\/p>\n<p><strong>2022-05-04 \u012esakymas Nr. V-692<\/strong><\/p>\n<p><a href=\"https:\/\/www.e-tar.lt\/portal\/lt\/legalAct\/06943260d68611ec8d9390588bf2de65\" target=\"_blank\" rel=\"noopener\">V-692 D\u0117l Mokykl\u0173, vykdan\u010di\u0173 bendrojo ugdymo programas, atrankos kriterij\u0173 veiklos i\u0161oriniam rizikos ve&#8230; (e-tar.lt)<\/a><\/p>\n<p><strong>2022-02-15 \u012esakymas Nr. V-261<\/strong><\/p>\n<p><a class=\"\" href=\"https:\/\/www.e-tar.lt\/portal\/lt\/legalAct\/532683108e3011ecaf3aba0cb308998c\" target=\"_blank\" rel=\"noopener\">V-261 D\u0117l Bendrojo ugdymo programas vykdan\u010di\u0173 mokykl\u0173, kuriose 2022 met\u0173 II\u2013III ketvirt\u012f bus atliekamas&#8230; (e-tar.lt)<\/a><\/p>\n<p><strong>2022-02-09 \u012esakymas Nr. V-200<\/strong><\/p>\n<p><a class=\"\" href=\"https:\/\/www.e-tar.lt\/portal\/lt\/legalAct\/3ca26900896d11ec902c973ca77da22a\" target=\"_blank\" rel=\"noopener\">V-200 D\u0117l bendrojo ugdymo programas vykdan\u010di\u0173 mokykl\u0173, kuriose 2022 metais bus atliekamas teminis i\u0161ori&#8230; (e-tar.lt)<\/a><\/p>\n<p><strong>2021-08-06 \u012esakymas Nr. V-1443<\/strong><\/p>\n<p><a href=\"https:\/\/www.e-tar.lt\/portal\/lt\/legalAct\/68fd3930f67e11eb9f09e7df20500045\" target=\"_blank\" rel=\"noopener\">D\u0117l Bendrojo ugdymo programas vykdan\u010di\u0173 mokykl\u0173, kuriose 2021 metais bus atliekamas veiklos teminis i\u0161orinis vertinimas, s\u0105ra\u0161o patvirtinimo<\/a><\/p>\n<p><strong>2021-07-26 \u012esakymas Nr. V-1383\u00a0<\/strong><\/p>\n<p><a href=\"https:\/\/www.e-tar.lt\/portal\/lt\/legalAct\/9e5721e0edeb11eb9f09e7df20500045\" target=\"_blank\" rel=\"noopener\">D\u0117l bendrojo ugdymo programas vykdan\u010di\u0173 mokykl\u0173, kuriose 2021\u20132022 metais bus atliekamas veiklos teminis i\u0161orinis vertinimas, atrankos kriterij\u0173 patvirtinimo<\/a><\/p>\n<p><strong>2021-07-09 \u012esakymas Nr. V-1254\u00a0<\/strong><\/p>\n<p><a href=\"https:\/\/www.e-tar.lt\/portal\/lt\/legalAct\/c88fce10e08211eb9f09e7df20500045\" target=\"_blank\" rel=\"noopener\">D\u0117l mokykl\u0173, vykdan\u010di\u0173 bendrojo ugdymo programas, veiklos teminio i\u0161orinio vertinimo, organizuojamo 2021\u20132022 metais, temos, klausim\u0173\u00a0ir vertinimo rodikli\u0173 nustatymo<\/a><\/p>\n<p><strong>2021-06-21 \u012esakymas Nr. V-1150 \u00a0<\/strong><\/p>\n<p><a href=\"https:\/\/www.e-tar.lt\/portal\/lt\/legalAct\/8d32a4b0d25d11eba2bad9a0748ee64d\" target=\"_blank\" rel=\"noopener\">D\u0117l\u00a0\u0161vietimo ir mokslo ministro 2007 m. baland\u017eio 2 d. \u012esakymo Nr. ISAK-587 \u201eD\u0117l Mokykl\u0173, vykdan\u010di\u0173 bendrojo ugdymo programas, veiklos i\u0161orinio vertinimo organizavimo ir vykdymo tvarkos apra\u0161o patvirtinimo\u201c pakeitimo<\/a><\/p>\n<p><a href=\"https:\/\/www.e-tar.lt\/portal\/lt\/legalAct\/TAR.68FF0ECA6630\/asr\" target=\"_blank\" rel=\"noopener\">Mokykl\u0173, vykdan\u010di\u0173 bendrojo ugdymo programas, veiklos i\u0161orinio vertinimo organizavimo ir vykdymo tvarkos apra\u0161as (Suvestin\u0117 redakcija nuo 2021-06-22)<\/a><\/p>\n<p><b><strong>2019-09-04 \u012esakymas Nr. V-981<\/strong><\/b><\/p>\n<p><i class=\"fa fa-file-pdf-o \" ><\/i> <a href=\"https:\/\/www.nsa.smsm.lt\/old\/old\/wp-content\/uploads\/2021\/01\/del-bendrojo-ugdymo-programas-vykdanciu-mokyklu-kuriose-2019-metu-ii-pusmeti\u0328-bus-atliekamas-rizikos-isorinis-vertinimas-saraso-patvirtinimo.pdf\" target=\"_blank\" rel=\"noopener\">D\u0117l bendrojo ugdymo programas vykdan\u010di\u0173 mokykl\u0173, kuriose 2019 met\u0173 II pusmet\u012f bus atliekamas rizikos i\u0161orinis vertinimas, s\u0105ra\u0161o patvirtinimo<\/a><\/p>\n<p><b><strong>2019-09-04 \u012esakymas Nr. V-980<\/strong><\/b><\/p>\n<p><i class=\"fa fa-file-pdf-o \" ><\/i> <a href=\"https:\/\/www.nsa.smsm.lt\/old\/old\/wp-content\/uploads\/2021\/01\/del-bendrojo-ugdymo-programas-vykdanciu-mokyklu-kuriose-2019-metu.pdf\" target=\"_blank\" rel=\"noopener\">D\u0117l bendrojo ugdymo programas vykdan\u010di\u0173 mokykl\u0173, kuriose 2019 met\u0173 II pusmet\u012f bus atliekamas visuminis i\u0161orinis vertinimas, s\u0105ra\u0161o patvirtinimo<\/a><\/p>\n<p><b><strong>2019-02-15 \u012esakymas Nr. V-129<\/strong><\/b><\/p>\n<p><i class=\"fa fa-file-word-o \" ><\/i> <a href=\"https:\/\/www.nsa.smsm.lt\/old\/old\/wp-content\/uploads\/2021\/01\/del-bendrojo-ugdymo-programas-vykdanciu-mokyklu-kuriose-2019-metu-i-pusmeti-bus-atliekamas-rizikos-isorinis-vertinimas-saraso-patvirtinimo1.docx\" target=\"_blank\" rel=\"noopener\">D\u0117l bendrojo ugdymo programas vykdan\u010di\u0173 mokykl\u0173, kuriose 2019 met\u0173 I pusmet\u012f bus atliekamas rizikos i\u0161orinis vertinimas, s\u0105ra\u0161o patvirtinimo<\/a><\/p>\n<p><b><strong>2018-12-03 \u012esakymas Nr. V-962<\/strong><\/b><\/p>\n<p><i class=\"fa fa-link \" ><\/i> <a href=\"https:\/\/www.e-tar.lt\/portal\/lt\/legalAct\/2a887310f70611e89fcaa4a4a9822176\" target=\"_blank\" rel=\"noopener\">D\u0117l \u0161vietimo ir mokslo ministro 2007 m. baland\u017eio 2 d. \u012fsakymo nr. ISAK-587 \u201eD\u0117l mokykl\u0173, vykdan\u010di\u0173 bendrojo ugdymo programas, veiklos i\u0161orinio vertinimo organizavimo ir vykdymo tvarkos apra\u0161o patvirtinimo\u201c pakeitimo<\/a><\/p>\n<p><b><strong>2018-01-29 \u012esakymas Nr. 2V-11<\/strong><\/b><\/p>\n<p><i class=\"fa fa-file-pdf-o \" ><\/i> <a href=\"https:\/\/www.nsa.smsm.lt\/old\/old\/wp-content\/uploads\/2021\/01\/Del-Nacionalines-mokyklu-vertinimo-agenturos-direktoriaus-2017-m.pdf\" target=\"_blank\" rel=\"noopener\">D\u0117l Nacionalin\u0117s mokykl\u0173 vertinimo agent\u016bros direktoriaus 2017 m. lapkri\u010dio 8 d. \u012fsakymo nr. 2v-127 \u201eD\u0117l mokykl\u0173, vykdan\u010di\u0173 bendrojo ugdymo programas, kuri\u0173 veikla bus vertinama 2018 met\u0173 i pusmet\u012f, tvarkara\u0161\u010dio tvirtinimo\u201c pakeitimo<\/a><\/p>\n<p><i class=\"fa fa-file-word-o \" ><\/i> <a href=\"https:\/\/www.nsa.smsm.lt\/old\/old\/wp-content\/uploads\/2021\/01\/Mokyklu-vykdanciu-bendrojo-ugdymo-programas-kuriu-veikla-bus-vertinama-2018-metu-I-pusmeti-tvarkarastis.docx\" target=\"_blank\" rel=\"noopener\">Mokykl\u0173, vykdan\u010di\u0173 bendrojo ugdymo programas, kuri\u0173 veikla bus vertinama 2018 met\u0173 I pusmet\u012f, tvarkara\u0161tis<\/a><\/p>\n<p><b><strong>2017-11-07 \u012esakymas Nr. V-856<\/strong><\/b><\/p>\n<p><i class=\"fa fa-file-pdf-o \" ><\/i> <a href=\"https:\/\/www.nsa.smsm.lt\/old\/old\/wp-content\/uploads\/2021\/01\/ del-lietuvos-respublikos-svietimo-ir-mokslo-ministro-2017-m.-spalio-3-d.-isakymo-nr.-v-741-del-mokyklu-vykdanciu-bendrojo-ugdymo-programas-kuriu-veikla-bus-vertinama.pdf\" target=\"_blank\" rel=\"noopener\">D\u0117l lietuvos respublikos \u0161vietimo ir mokslo ministro 2017 m. spalio 3 d. \u012fsakymo nr. V-741 \u201eD\u0117l mokykl\u0173, vykdan\u010di\u0173 bendrojo ugdymo programas, kuri\u0173 veikla bus vertinama 2018 met\u0173 i pusmet\u012f, s\u0105ra\u0161o patvirtinimo\u201c pakeitimo<\/a><\/p>\n<p><b><strong>2017-10-03 \u012esakymas Nr. V-741<\/strong><\/b><\/p>\n<p><i class=\"fa fa-file-pdf-o \" ><\/i> <a href=\"https:\/\/www.nsa.smsm.lt\/old\/old\/wp-content\/uploads\/2021\/01\/del-mokyklu-vykdanciu-bendrojo-ugdymo-programas-kuriu-veikla-bus-vertinama-2018-metu-i-pusmeti-saraso-patvirtinimo.pdf\" target=\"_blank\" rel=\"noopener\">D\u0117l mokykl\u0173, vykdan\u010di\u0173 bendrojo ugdymo programas, kuri\u0173 veikla bus vertinama 2018 met\u0173 i pusmet\u012f, s\u0105ra\u0161o patvirtinimo<\/a><\/p>\n<p><b><strong>2017-10-03 \u012esakymas Nr. V-742<\/strong><\/b><\/p>\n<p><i class=\"fa fa-file-pdf-o \" ><\/i> <a href=\"https:\/\/www.nsa.smsm.lt\/old\/old\/wp-content\/uploads\/2021\/01\/del-mokyklu-vykdanciu-bendrojo-ugdymo-programas-atrankos-kriterju-2018-metu-i-pusmecio-isoriniams-vertinimams.pdf\" target=\"_blank\" rel=\"noopener\">D\u0117l mokykl\u0173, vykdan\u010di\u0173 bendrojo ugdymo programas, atrankos kriterij\u0173 2018 met\u0173 I pusme\u010dio i\u0161oriniams vertinimams<\/a><\/p>\n<p><b><strong>2017-10-02 \u012esakymas Nr. V-734<\/strong><\/b><\/p>\n<p><i class=\"fa fa-file-pdf-o \" ><\/i> <a href=\"https:\/\/www.nsa.smsm.lt\/old\/old\/wp-content\/uploads\/2021\/01\/ is-dalies-pakeistas-mokyklu-vykdanciu-bendrojo-ugdymo-programas-kuriu-veikla-bus-vertinama-2017-m.-sarasas.pdf\" target=\"_blank\" rel=\"noopener\">I\u0161 dalies pakeistas mokykl\u0173, vykdan\u010di\u0173 bendrojo ugdymo programas, kuri\u0173 veikla bus vertinama 2017 m., s\u0105ra\u0161as<\/a><\/p>\n<p><b><strong>2017-05-02 \u012esakymas Nr. V-322<\/strong><\/b><\/p>\n<p><i class=\"fa fa-link \" ><\/i> <a href=\"https:\/\/www.e-tar.lt\/portal\/lt\/legalAct\/1ef1ad602fc411e78397ae072f58c508\" target=\"_blank\" rel=\"noopener\">D\u0117l mokykl\u0173, vykdan\u010di\u0173 bendrojo ugdymo programas, veiklos i\u0161orinio vertinimo i\u0161or\u0117s vertintoj\u0173 atrankos ir atestavimo taisykli\u0173 patvirtinimo <\/a><\/p>\n<p><b><strong>2016-12-30 \u012esakymas Nr. V-1167<\/strong><\/b><\/p>\n<p><i class=\"fa fa-link \" ><\/i> <a href=\"https:\/\/www.e-tar.lt\/portal\/lt\/legalAct\/0b3f8850ce9911e69e09f35d37acd719\" target=\"_blank\" rel=\"noopener\">D\u0117l \u0161vietimo ir mokslo ministro 2007 m. baland\u017eio 2 d. \u012fsakymo Nr. ISAK-587 \u201eD\u0117l Mokykl\u0173, vykdan\u010di\u0173 bendrojo ugdymo programas, veiklos i\u0161orinio vertinimo organizavimo ir vykdymo tvarkos apra\u0161o patvirtinimo\u201c pakeitimo<\/a><\/p>\n<p><b><strong>2016-10-17 \u012esakymas Nr. V-910<\/strong><\/b><\/p>\n<p><i class=\"fa fa-file-pdf-o \" ><\/i> <a href=\"https:\/\/www.nsa.smsm.lt\/old\/old\/wp-content\/uploads\/2021\/01\/5sakymas-2017-m..pdf\" target=\"_blank\" rel=\"noopener\">D\u0117l mokykl\u0173, vykdan\u010di\u0173 bendrojo ugdymo programas, kuri\u0173 veikla bus vertinama 2017 metais, s\u0105ra\u0161o patvirtinimo<\/a><\/p>\n<p><i class=\"fa fa-file-pdf-o \" ><\/i> \u012esakymo priedas. <a href=\"http:\/\/www.nmva.smm.lt\/wp-content\/uploads\/2016\/10\/Mokyklos-2017-m..pdf\" target=\"_blank\" rel=\"noopener\">2017 m. vertinam\u0173 mokykl\u0173 s\u0105ra\u0161as<\/a><\/p>\n<p><b><strong>2016-04-15 \u012esakymas Nr. V-340<\/strong><\/b><\/p>\n<p><b><strong>D\u0117l mokykl\u0173, vykdan\u010di\u0173 bendrojo ugdymo programas, kuri\u0173 veikla bus vertinama 2016 m. II pusmet\u012f, s\u0105ra\u0161o patvirtinimo<\/strong><\/b><\/p>\n<p><i class=\"fa fa-file-pdf-o \" ><\/i> \u012esakymo priedas. <a href=\"https:\/\/www.nsa.smsm.lt\/old\/old\/wp-content\/uploads\/2021\/01\/sarasas-2016-ii.pdf\" target=\"_blank\" rel=\"noopener\">2016 m. II pusm. vertinam\u0173 mokykl\u0173 s\u0105ra\u0161as<\/a><\/p>\n<p><b><strong>2016-04-13 \u012esakymas Nr. V-321<\/strong><\/b><\/p>\n<p><i class=\"fa fa-file-pdf-o \" ><\/i> <a href=\"https:\/\/www.nsa.smsm.lt\/old\/old\/wp-content\/uploads\/2021\/01\/kriterijai.pdf\" target=\"_blank\" rel=\"noopener\">D\u0117l bendrojo ugdymo mokykl\u0173 atrankos kriterij\u0173 2016 m. II pusm. i\u0161oriniams vertinimams<\/a><\/p>\n<p><b><strong>2015-11-12 \u012esakymas Nr. V-1165<\/strong><\/b><\/p>\n<p><b><strong>D\u0117l 2016 m. I pusm. vertinam\u0173 bendrojo ugdymo mokykl\u0173 s\u0105ra\u0161o patvirtinimo<\/strong><\/b><\/p>\n<p><i class=\"fa fa-file-pdf-o \" ><\/i> \u012esakymo priedas. <a href=\"https:\/\/www.nsa.smsm.lt\/old\/old\/wp-content\/uploads\/2021\/01\/2016-m.-i-pusm.vertinamu-mokyklu-sarasas.pdf\" target=\"_blank\" rel=\"noopener\">2016 m. I pusm. vertinam\u0173 mokykl\u0173 s\u0105ra\u0161as.<\/a><\/p>\n<p><b><strong>2015-05-11 \u012esakymas Nr. V-520<\/strong><\/b><\/p>\n<p><i class=\"fa fa-file-pdf-o \" ><\/i> <a href=\"https:\/\/www.nsa.smsm.lt\/old\/old\/wp-content\/uploads\/2021\/01\/Isakymas-2015-m.-.pdf\" target=\"_blank\" rel=\"noopener\">D\u0117l 2015 metais vertinam\u0173 bendrojo ugdymo mokykl\u0173 s\u0105ra\u0161o patvirtinimo<\/a><\/p>\n<p><i class=\"fa fa-file-pdf-o \" ><\/i> <a href=\"https:\/\/www.nsa.smsm.lt\/old\/old\/wp-content\/uploads\/2021\/01\/Sarasas-2015-m..pdf\" target=\"_blank\" rel=\"noopener\">\u012esakymo priedas. 2015 m. vertinam\u0173 mokykl\u0173 s\u0105ra\u0161as<\/a><\/p>\n<p><b><strong>2015-05-11 \u012esakymas Nr. V-521<\/strong><\/b><\/p>\n<p><i class=\"fa fa-file-pdf-o \" ><\/i> <a href=\"https:\/\/www.nsa.smsm.lt\/old\/old\/wp-content\/uploads\/2021\/01\/Atrankos-kriterijai-2015-m.1.pdf\" target=\"_blank\" rel=\"noopener\">D\u0117l bendrojo ugdymo mokykl\u0173 atrankos kriterij\u0173 2015 m. i\u0161oriniams vertinimams patvirtinimo<\/a><\/p>\n<p><b><strong>2014-09-16 \u012esakymas Nr. V-811<\/strong><\/b><\/p>\n<p><i class=\"fa fa-file-pdf-o \" ><\/i> <a href=\"https:\/\/www.nsa.smsm.lt\/old\/old\/wp-content\/uploads\/2021\/01\/SCAN_20140922_095552157.pdf\" target=\"_blank\" rel=\"noopener\">D\u0117l \u0161vietimo ir mokslo ministro 2014 m. liepos 7 d. \u012fsakymo nr. V-596 \u201eD\u0117l mokykl\u0173 vykdan\u010di\u0173 bendrojo ugdymo programas, kuri\u0173 veikla bus vertinama 2014 metais, s\u0105ra\u0161o patvirtinimo, pakeitimo<\/a><\/p>\n<p><b><strong>2013-03-26 \u012esakymas Nr. V-248<\/strong><\/b><\/p>\n<p><i class=\"fa fa-file-pdf-o \" ><\/i> <a href=\"https:\/\/www.nsa.smsm.lt\/old\/old\/wp-content\/uploads\/2021\/01\/248.pdf\" target=\"_blank\" rel=\"noopener\">D\u0117l \u0161vietimo ir mokslo ministro 2012 m. spalio 10 d. \u012fsakymo nr. V-1445 \u201eD\u0117l 2013 m. vertinam\u0173 bendrojo ugdymo mokykl\u0173 s\u0105ra\u0161o patvirtinimo\u201c pakeitimo<\/a><\/p>\n<p><i class=\"fa fa-file-pdf-o \" ><\/i> <a href=\"https:\/\/www.nsa.smsm.lt\/old\/old\/wp-content\/uploads\/2021\/01\/2013_m.vertinamos_mokyklos.pdf\" target=\"_blank\" rel=\"noopener\">\u012esakymo priedas. 2013 m. vertinam\u0173 mokykl\u0173 s\u0105ra\u0161as.<\/a><\/p>\n<p><b><strong>2012-10-10 \u012esakymas Nr. V-1445<\/strong><\/b><\/p>\n<p><i class=\"fa fa-file-pdf-o \" ><\/i> <a href=\"https:\/\/www.nsa.smsm.lt\/old\/old\/wp-content\/uploads\/2021\/01\/1445.pdf\" target=\"_blank\" rel=\"noopener\">D\u0117l 2013 metais vertinam\u0173 bendrojo ugdymo mokykl\u0173 s\u0105ra\u0161o patvirtinimo<\/a><\/p>\n<p><i class=\"fa fa-file-pdf-o \" ><\/i> <a href=\"https:\/\/www.nsa.smsm.lt\/old\/old\/wp-content\/uploads\/2021\/01\/SKMBT_C22012101712250.pdf\" target=\"_blank\" rel=\"noopener\">\u012esakymo priedas. 2013 m. vertinam\u0173 mokykl\u0173 s\u0105ra\u0161as<\/a><\/p>\n","protected":false},"excerpt":{"rendered":"<p>I\u0161orinio vertinimo tikslas\u00a0\u2013 skatinti\u00a0mokyklas tobul\u0117ti siekiant geresn\u0117s ugdymo(si) kokyb\u0117s ir geresni\u0173 mokini\u0173 pasiekim\u0173. Mokykl\u0173 veiklos kokyb\u0117s i\u0161orinis vertinimas\u00a0\u2013\u00a0formuojamasis mokykloje vykstan\u010di\u0173 proces\u0173 vertinimas, teikiantis informacij\u0105 mokyklos veiklai koreguoti ir jos rezultatams gerinti. I\u0161orinis\u00a0vertinimas remiasi mokyklos atliktu\u00a0\u012fsivertinimu. I\u0161orinis vertinimas\u00a0gali b\u016bti: visuminis,\u00a0kai vertinama&nbsp;<a href=\"https:\/\/www.nsa.smsm.lt\/old\/istaigu-vertinimas\/bendrojo-ugdymo-mokyklu-isorinis-vertinimas\/\" class=\"placiau\">Pla\u010diau <i class=\"fa fa-caret-right\"><\/i><\/a><\/p>\n","protected":false},"author":1,"featured_media":0,"parent":10099,"menu_order":0,"comment_status":"closed","ping_status":"closed","template":"page-isorinisvertinimas.php","meta":{"_acf_changed":false,"footnotes":""},"class_list":["post-16838","page","type-page","status-publish","hentry"],"acf":[],"_links":{"self":[{"href":"https:\/\/www.nsa.smsm.lt\/old\/wp-json\/wp\/v2\/pages\/16838","targetHints":{"allow":["GET"]}}],"collection":[{"href":"https:\/\/www.nsa.smsm.lt\/old\/wp-json\/wp\/v2\/pages"}],"about":[{"href":"https:\/\/www.nsa.smsm.lt\/old\/wp-json\/wp\/v2\/types\/page"}],"author":[{"embeddable":true,"href":"https:\/\/www.nsa.smsm.lt\/old\/wp-json\/wp\/v2\/users\/1"}],"replies":[{"embeddable":true,"href":"https:\/\/www.nsa.smsm.lt\/old\/wp-json\/wp\/v2\/comments?post=16838"}],"version-history":[{"count":11,"href":"https:\/\/www.nsa.smsm.lt\/old\/wp-json\/wp\/v2\/pages\/16838\/revisions"}],"predecessor-version":[{"id":43987,"href":"https:\/\/www.nsa.smsm.lt\/old\/wp-json\/wp\/v2\/pages\/16838\/revisions\/43987"}],"up":[{"embeddable":true,"href":"https:\/\/www.nsa.smsm.lt\/old\/wp-json\/wp\/v2\/pages\/10099"}],"wp:attachment":[{"href":"https:\/\/www.nsa.smsm.lt\/old\/wp-json\/wp\/v2\/media?parent=16838"}],"curies":[{"name":"wp","href":"https:\/\/api.w.org\/{rel}","templated":true}]}}