{"id":14921,"date":"2023-05-12T06:00:59","date_gmt":"2023-05-12T04:00:59","guid":{"rendered":"https:\/\/www.nsa.smsm.lt\/old\/?page_id=14921"},"modified":"2023-05-12T08:24:39","modified_gmt":"2023-05-12T06:24:39","slug":"informacine-medziaga","status":"publish","type":"page","link":"https:\/\/www.nsa.smsm.lt\/old\/itrauktis-ugdyme\/informacine-medziaga\/","title":{"rendered":"Informacin\u0117 med\u017eiaga"},"content":{"rendered":"<div class=\"panel-group\" id=\"collapse_73aa-6eee\"><div class=\"panel panel-default\">    <div class=\"panel-heading\" role=\"tab\" id=\"heading_citem_c890-2567\">        <h4 class=\"panel-title\"><a class=\"accordion-toggle collapsed\" data-toggle=\"collapse\" aria-controls=\"heading_citem_c890-2567\" data-parent=\"#collapse_73aa-6eee\" href=\"#citem_c890-2567\">PAGALBA MOKYKLAI IR MOKYTOJUI<\/a>        <\/h4>    <\/div>    <div id=\"citem_c890-2567\" class=\"panel-collapse collapse \" role=\"tabpanel\" aria-labelledby=\"heading_citem_c890-2567\">        <div class=\"panel-body\">\n<p>Numatytas naujas mokykl\u0173 speciali\u0173j\u0173 ugdymosi poreiki\u0173 turintiems mokiniams vaidmuo \u012ftraukiojo ugdymo sistemoje, atsi\u017evelgiant \u012f mokini\u0173, turin\u010di\u0173 \u012fvairi\u0173 ugdymosi poreiki\u0173 \u012fvairov\u0119<strong>.\u00a0 \u00a0<\/strong>Bendrojo ugdymo mokyklos turi prisiimti atsakomyb\u0119 u\u017e kiekvieno mokinio ugdym\u0105si, individualizuot\u0173 mokymo metod\u0173 taikym\u0105, aktyv\u0173 mokini\u0173 dalyvavim\u0105 ugdymo procese bei\u00a0 kokybi\u0161kos pagalbos\u00a0 jiems\u00a0 teikim\u0105. Mokymosi pagalb\u0105 mokiniams mokykloje\u00a0 teikia juos mokantis mokytojas. Jis vykdo mokini\u0173 mokymosi steb\u0117sen\u0105, informuoja \u0161vietimo pagalbos specialistus, jei\u00a0 mokiniai turi mokymosi sunkum\u0173 ir\/ar sutrikim\u0173,\u00a0 kartu su specialistais konsultuojasi\u00a0 kaip\u00a0 organizuoti veiksming\u0105 mokymosi pagalb\u0105. Nuo mokytojo kaip mokinio pagalbininko kompetencij\u0173 priklauso \u00a0mokinio mokymosi pasiekimai, jo bendra savijauta klas\u0117je, mokykloje. U\u017etikrinant \u0161vietimo prieinamum\u0105, did\u0117s\u00a0 i\u0161\u0161\u016bkis mokykl\u0173 vadov\u0173 atsakomybei, atsakant u\u017e palankias ugdymosi aplinkas mokykloje, inicijuojant poky\u010dius mokyklos kult\u016broje, \u012ftraukiant vis\u0105 mokyklos bendruomen\u0119 kaip palaikan\u010di\u0105 mokymosi bendruomen\u0119.<\/p>\n<p>&nbsp;<\/p>\n<h2>Rekomendacijos d\u0117l mokymo priemoni\u0173 pasirinkimo<\/h2>\n<hr \/>\n<p><i class=\"fa fa-file-pdf-o \"><\/i> <a class=\"link-item__link\" href=\"https:\/\/www.nsa.smsm.lt\/old\/old\/wp-content\/uploads\/2020\/07\/RekomendacijosSMP-1.doc\" target=\"_blank\" rel=\"noopener noreferrer\">REKOMENDACIJOS MOKYKLOMS D\u0116L SPECIALI\u0172J\u0172 MOKYMO PRIEMONI\u0172 PASIRINKIMO<\/a><\/p>\n<p>&nbsp;<\/p>\n<h2>Rekomendacijos d\u0117l program\u0173 pritaikymo<\/h2>\n<hr \/>\n<p>\u0160vietimo ir mokslo ministerijos ir Specialiosios pedagogikos ir psichologijos centro u\u017esakymu parengtos Lietuvi\u0173 kalbos\u00a0pradinio\u00a0ir\u00a0pagrindinio\u00a0ugdymo programos mokiniams, turintiems speciali\u0173j\u0173 ugdymosi poreiki\u0173 d\u0117l klausos sutrikimo, taip pat metodin\u0117s rekomendacijos mokytojams d\u0117l pradinio ir pagrindinio lietuvi\u0173 kalbos Bendr\u0173j\u0173 ugdymo program\u0173\u00a0pritaikymo\u00a0ar\u00a0individualizavimo\u00a0mokiniams, turintiems speciali\u0173j\u0173 ugdymosi poreiki\u0173.<\/p>\n<p>Tikim\u0117s, kad \u0161ios rekomendacijos palengvins lietuvi\u0173 kalbos mokytoj\u0173, dirban\u010di\u0173 su mokiniais, turin\u010diais speciali\u0173j\u0173 ugdymosi poreiki\u0173 darb\u0105, pad\u0117s tinkamai organizuoti ugdymo(si) proces\u0105, s\u0117kmingiau vykdyti \u012ftrauk\u0173j\u012f ugdym\u0105. \u0160ios rekomendacijos pad\u0117s mokytojams atpa\u017einti ne tik mokymosi sunkumus, bet mokinio stiprybes ir galias, kurias pa\u017e\u012fstant, mokytojai gal\u0117s s\u0117kmingai planuoti ugdymo turin\u012f ir mokymo(-si) veiklas, rekomendacijose pateiktos\u00a0 nuorodos \u012f mokymo priemones, sutrikimo rai\u0161k\u0105 ir \u012ftak\u0105 mokinio mokymuisi.<\/p>\n<p>2017 m. rugpj\u016b\u010dio 3 d. \u0160vietimo ir mokslo ministro \u012fsakymu V-625 patvirtintos \u0160vietimo ir mokslo ministerijos kartu su Specialiosios pedagogikos ir psichologijos centru parengtos\u00a0\u201eRekomendacijos mokykloms d\u0117l smurto artimoje aplinkoje atpa\u017einimo kriterij\u0173 ir veiksm\u0173, kilus \u012ftarimui d\u0117l galimo smurto artimoje aplinkoje\u201d. \u012esakymas \u012fsigalioja \u0161. m. rugs\u0117jo 1 d.<\/p>\n<p><i class=\"fa fa-file-pdf \"><\/i> <a class=\"link-item__link\" href=\"https:\/\/www.nsa.smsm.lt\/old\/old\/wp-content\/uploads\/2020\/07\/PRADINIO-LIETUVIU-KALBOS-UGDYMO-PROGRAMA-1.doc\" target=\"_blank\" rel=\"noopener noreferrer\"> Lietuvi\u0173 kalbos pradinio ugdymo programos mokiniams<\/a><\/p>\n<p><i class=\"fa fa-file-pdf \"><\/i> <a class=\"link-item__link\" href=\"https:\/\/www.nsa.smsm.lt\/old\/old\/wp-content\/uploads\/2020\/07\/PAGRINDINIO-LIETUVIU-KALBOS-UGDYMO-PROGRAMA-1.doc\" target=\"_blank\" rel=\"noopener noreferrer\">Lietuvi\u0173 kalbos pagrindinio ugdymo programos mokiniams<\/a><\/p>\n<p><i class=\"fa fa-file-pdf \"><\/i> <a class=\"link-item__link\" href=\"https:\/\/www.nsa.smsm.lt\/old\/old\/wp-content\/uploads\/2020\/07\/Rekomendacijos-del-PRITAIKYMO-1.doc\" target=\"_blank\" rel=\"noopener noreferrer\">Rekomendacijos d\u0117l pritaikymo<\/a><\/p>\n<p><i class=\"fa fa-file-pdf \"><\/i> <a class=\"link-item__link\" href=\"https:\/\/www.nsa.smsm.lt\/old\/old\/wp-content\/uploads\/2020\/07\/Rekomendacijos-programu-INDIVIDUALIZAVIMUI-1.doc\" target=\"_blank\" rel=\"noopener noreferrer\">Rekomendacijos d\u0117l individualizavimo<\/a><\/p>\n<p><i class=\"fa fa-file-pdf \"><\/i> <a class=\"link-item__link\" href=\"https:\/\/www.nsa.smsm.lt\/old\/old\/wp-content\/uploads\/2020\/07\/1599_4d5863b4b82d6e5191df2cb4458da3df.pdf\" target=\"_blank\" rel=\"noopener noreferrer\">Rekomendacijos mokykloms d\u0117l smurto artimoje aplinkoje atpa\u017einimo kriterij\u0173 ir veiksm\u0173, kilus \u012ftarimui d\u0117l galimo smurto artimoje aplinkoje<\/a><\/p>\n<p>        <\/p><\/div>    <\/div><\/div>\n<p><div class=\"panel panel-default\">    <div class=\"panel-heading\" role=\"tab\" id=\"heading_citem_cab1-5c7d\">        <h4 class=\"panel-title\"><a class=\"accordion-toggle collapsed\" data-toggle=\"collapse\" aria-controls=\"heading_citem_cab1-5c7d\" data-parent=\"#collapse_73aa-6eee\" href=\"#citem_cab1-5c7d\">EUROPOS SPECIALIOJO IR INKLIUZINIO UGDYMO PL\u0116TROS AGENT\u016aROS INFORMACIJOS AP\u017dVALGA<\/a>        <\/h4>    <\/div>    <div id=\"citem_cab1-5c7d\" class=\"panel-collapse collapse \" role=\"tabpanel\" aria-labelledby=\"heading_citem_cab1-5c7d\">        <div class=\"panel-body\">\n<p>The Information Dissemination Team is pleased to inform you about recently published Agency materials. These include a new\u00a0<a href=\"https:\/\/www.european-agency.org\/resources\/multimedia\/key-principles-supporting-policy-development-and-implementation-inclusive\" data-auth=\"NotApplicable\">Key Principles video<\/a>, outputs from the\u00a0<a href=\"https:\/\/www.european-agency.org\/resources\/publications\/inclusive-digital-education\" data-auth=\"NotApplicable\">Inclusive Digital Education<\/a><b>\u00a0<\/b>and\u00a0<a href=\"https:\/\/www.european-agency.org\/resources\/multimedia\/infographic-teacher-professional-learning-inclusion\" data-auth=\"NotApplicable\">Teacher Professional Learning for Inclusion<\/a>\u00a0activities, and several translations.<\/p>\n<p>You can find out more in the below news item on MyAgency.<\/p>\n<p><a href=\"http:\/\/europeanagency.sharepoint.com\/\">New Agency materials<\/a><\/p>\n<ul>\n<li><a href=\"https:\/\/europeanagency.sharepoint.com\/sites\/resources\/SitePages\/New-Agency-materials(6).aspx?from=SendByEmail&amp;e=Gr7wvnUyfUSEbUloHYpmCA&amp;at=9\">Naujos agent\u016bros med\u017eiagos (sharepoint.com)<\/a><\/li>\n<li><a href=\"https:\/\/www.european-agency.org\/resources\/publications\/inclusive-digital-education\"><strong>\u012etraukusis skaitmeninis \u0161vietimas<\/strong><\/a>\u00a0(IDE):\u00a0IDE veikla siekiama nuodugniai i\u0161nagrin\u0117ti naujus prioritetus ir poreikius, susijusius su \u012ftraukiu skaitmeniniu \u0161vietimu ir mi\u0161riu mokymusi. IDE ataskaitoje pateikiamas bendras \u012ftraukiojo skaitmeninio \u0161vietimo ir spr\u0119stin\u0173 klausim\u0173 vaizdas. Jame apra\u0161omos \u012ftraukiojo skaitmeninio \u0161vietimo politikos aplinkyb\u0117s ir nagrin\u0117jami pa\u017eeid\u017eiamumo ir \u012ftraukties klausimai. Jame ap\u017evelgiama atitinkama 2016\u20132021 m. mokslini\u0173 tyrim\u0173 literat\u016bra ir nagrin\u0117jamos susijusios \u012fgyvendinimo projekt\u0173 ir konferencij\u0173 temin\u0117s tendencijos. IDE\u00a0<a href=\"https:\/\/www.european-agency.org\/sites\/default\/files\/Inclusive_Digital_Education_Methodology_Paper.pdf\">metodiniame dokumente<\/a> i\u0161samiai apra\u0161oma metodika, pasirinkta temai analizuoti.<\/li>\n<li><strong>Pagrindiniai principai\u00a0<\/strong>\u2013 Parama \u012ftraukiojo \u0161vietimo politikos k\u016brimui ir \u012fgyvendinimui: vaizdo \u012fra\u0161as. \u0160iame vaizdo \u012fra\u0161e glaustai ir vizualiai pristatomi 14 pagrindini\u0173 princip\u0173, nurodyt\u0173 pagrindin\u0117je pagrindini\u0173 princip\u0173 ataskaitoje. Subtitrai yra prieinami vaizdo \u012fra\u0161ui oficialiomis agent\u016bros kalbomis. Vaizdo \u012fra\u0161as yra prieinamas Agent\u016bros svetain\u0117s\u00a0<a href=\"https:\/\/www.european-agency.org\/resources\/multimedia\/key-principles-supporting-policy-development-and-implementation-inclusive\">multimedijos puslapyje<\/a>\u00a0ir Agent\u016bros \u201e<a href=\"https:\/\/www.youtube.com\/watch?v=s4J8RvjJZCo\">YouTube&#8221; kanale<\/a> ir yra \u012fd\u0117tas \u012f \u0161\u012f puslap\u012f \u017eemiau.<\/li>\n<li><strong>Mokytoj\u0173 profesinis mokymasis \u012ftrauk\u010diai (TPL4I)<\/strong>:\u00a0<a href=\"https:\/\/www.european-agency.org\/resources\/multimedia\/infographic-teacher-professional-learning-inclusion\">infografija<\/a>. Tai paai\u0161kina mokytoj\u0173 profesinio mokymosi \u012ftraukimui koncepcij\u0105 ir pateikia rekomendacijas j\u0105 \u012fgyvendinti \u012fvairiais \u0161vietimo sistemos lygmenimis. Jame taip pat pateikiamas \u012ftraukaus mokytoj\u0173 profesinio mokymosi profilis, kuris \u0161iuo metu baigiamas rengti skelbti.<\/li>\n<li><strong><a href=\"https:\/\/www.european-agency.org\/resources\/multimedia\/infographic-activity-and-operational-milestones\">Veiklos ir veiklos orientyr\u0173 infografika<\/a><\/strong>: joje pateikiami du terminai, pateikti Agent\u016bros leidinyje \u201e\u0160ven\u010diant 25-erius metus kelyje \u012f \u012ftrauk\u0173j\u012f \u0161vietim\u0105&#8221;, parengtame Agent\u016bros 25-me\u010diui. Pirmajame parodytas agent\u016bros veiklos etapas nuo 1999 m. iki 2021 m. Antrajame etape pristatomi agent\u016bros istorijos veiklos etapai nuo jos \u012fk\u016brimo 1996 m. iki \u0161i\u0173 dien\u0173.<\/li>\n<li><strong>\u0160ali\u0173 politikos ap\u017evalga ir analiz\u0117 (CPRA)<\/strong>: <a href=\"https:\/\/www.european-agency.org\/sites\/default\/files\/CPRA_UK_%28Northern_Ireland%29.pdf\">Jungtin\u0117 Karalyst\u0117 (\u0160iaur\u0117s Airija)<\/a>\u00a0\u2013 pagrindini\u0173 CPRA darbo su \u0160iaur\u0117s Airija rezultat\u0173 pristatymas.<\/li>\n<\/ul>\n<p><a href=\"https:\/\/www.european-agency.org\/sites\/default\/files\/Key_Principles_Policy_Brief_LT.pdf\">Raktiniai Principai \u2013 Parama kuriant ir \u012fgyvendinant \u012ftraukiojo ugdymo politik\u0105: Politikos Santrauka (european-agency.org)<\/a><\/p>\n<p>&nbsp;<\/p>\n<h2><b>Inkliuzini\u0173 mokykl\u0173 gerosios patirties katalogas<\/b><\/h2>\n<hr \/>\n<p>Inkliuzini\u0173 mokykl\u0173 gerosios patirties katalogas pateikia plat\u0173 darb\u0105, kur\u012f 2021 m. atliko \u0160vietimo profesini\u0173 s\u0105jung\u0173 \u0161vietimo komitetas (ETUCE) lygyb\u0117s ir \u012ftraukties \u0161vietimo srityje. Pagrindinis \u0161io katalogo tikslas \u2013 sukurti i\u0161teklius tvariam \u012ftraukiam mokymuisi \u012fvairiuose lygmenyse \u2013 nacionaliniame, savivaldybi\u0173, mokyklos, kurti, palaikyti, suteikti konkre\u010dias ir novatori\u0161kas socialin\u0117s \u012ftraukties \u012f \u0161vietim\u0105 priemones ir metodus. Jame pateikiama plati \u012fvairi\u0173 praktik\u0173, kurios buvo surinktos \u012fgyvendinant \u012fvairius ETUCE projektus ir iniciatyvas, ap\u017evalga.<\/p>\n<p style=\"text-align: center;\"><img loading=\"lazy\" decoding=\"async\" class=\"alignnone size-full wp-image-28797\" src=\"https:\/\/www.nsa.smsm.lt\/old\/old\/wp-content\/uploads\/2022\/03\/image.png\" alt=\"\" width=\"209\" height=\"184\" \/><\/p>\n<p style=\"text-align: center;\"><a href=\"https:\/\/www.inclusive-education-in-action.org\/resources\/catalogue-good-practices-inclusive-schools\" target=\"_blank\" rel=\"noopener noreferrer\" data-auth=\"NotApplicable\" data-linkindex=\"0\">\u012etrauki\u0173j\u0173 mokykl\u0173 gerosios patirties katalogas | \u012etraukusis \u0161vietimas veikloje (inclusive-education-in-action.org)<\/a><\/p>\n<p>Metai:\u00a02021<\/p>\n<p>Rakta\u017eod\u017eiai:\u00a0mokymosi aplinka, tvari visuomen\u0117, \u012ftraukusis \u0161vietimas<br \/>\nI\u0161silavinimo lygis:\u00a0visame \u0161vietimo sektoriuje<br \/>\nI\u0161tekli\u0173 tipas:\u00a0gair\u0117s ir \u012frankiai,\u00a0\u0161alis \/ regionas:\u00a0Europa ir \u0160iaur\u0117s Amerika<br \/>\nLeidinio kalba:\u00a0angl\u0173<\/p>\n<p><a href=\"https:\/\/www.csee-etuce.org\/images\/Publications\/Catalogue_Inclusive_Schools-web.pdf\" target=\"_blank\" rel=\"noopener noreferrer\">EITI \u012e I\u0160TEKLIUS<\/a><\/p>\n<p>&nbsp;<\/p>\n<h2>Europos specialiojo ir inkliuzinio ugdymo pl\u0117tros agent\u016bros naujausi leidiniai bei informacija<\/h2>\n<hr \/>\n<p><strong>Skaitmenin\u0117 prieiga<\/strong><\/p>\n<p>Minint gegu\u017e\u0117s 18 d. kaip\u00a0 Pasaulin\u0119 prieinamumo supratimo\u00a0dien\u0105\u00a0(angl. Global Accessibility Awareness Day<strong>)<\/strong>\u00a0kvie\u010diame susipa\u017einti ir su Agent\u016bros esan\u010diais skaitmeniniais\u00a0i\u0161tekliais. Daugiau nei milijardas \u017emoni\u0173 pasaulyje turi \u012fvairi\u0173 negali\u0173 ir sutrikim\u0173, d\u0117l kuri\u0173 sunkiau naudotis skaitmeniniais i\u0161tekliais\u00a0 ir sudaro kli\u016btis\u00a0\u012ftraukties \u0161vietime pl\u0117trai. Svarbu pastiprinti ir kurti atvir\u0105 \u0161vietimo sistem\u0105, kur svarbus kiekvieno asmens dalyvavimas, atliepiant ir sukuriant visiems lygias galimybes visuomen\u0117je.<\/p>\n<p><a href=\"https:\/\/www.european-agency.org\/news\/gaad-2023\" data-loopstyle=\"link\">Global Accessibility Awareness Day 2023 | European Agency for Special Needs and Inclusive Education (european-agency.org)<\/a><\/p>\n<p>Europos specialiojo ir \u012ftraukiojo ugdymo pl\u0117tros agent\u016bros nacionalin\u0117 koordinator\u0117 Lina Pala\u010dionien\u0117<\/p>\n<hr \/>\n<p>Leidinys \u201e<strong>Mokytoj\u0173 kompetencij\u0173, reikaling\u0173 veiksmingai dirbti \u012ftraukiojo ugdymo s\u0105lygomis, tobulinimas: literat\u016bros ap\u017evalga<\/strong>\u201c Projekte (TPL4I) dalyvavusios Agent\u016bros \u0161alys nar\u0117s, pasinaudodamos tam tikromis gair\u0117mis (The\u00a0<a href=\"https:\/\/www.european-agency.org\/resources\/publications\/TPL4I-policy-self-review-tool\">policy self-review tool<\/a>), atliko savo nacionalin\u0117s politikos, skirtos \u012ftraukiojo ugdymo pl\u0117trai, analiz\u0119 ir pareng\u0117 ap\u017evalg\u0105. Veikla vyko\u00a0 komandos nariams bendradarbiaujant, o pasekoje gair\u0117s taip pat buvo patobulintos, papild\u017eius jas aktualia teis\u0117k\u016bros srities informacija (i\u0161 nacionalini\u0173 teis\u0117s akt\u0173, ataskait\u0173 Europos institucijoms ir pan.). Agent\u016bros \u0161ali\u0173 nari\u0173 nominuoti atstovai patikrin\u0119 \u0161i\u0105 informacij\u0105\u00a0 pritar\u0117, kad ji b\u016bt\u0173 atnaujinta.\u0160io darbo rezultatas \u2013 TPL4l politikos ap\u017evalgos tinklelis, atspindintis 26 projekte dalyvavusi\u0173 \u0161ali\u0173 mokytoj\u0173 kompetencij\u0173, reikaling\u0173 veiksmingai dirbti \u012ftraukiojo ugdymo s\u0105lygomis, politik\u0105. \u017dr. nuorod\u0105: <a href=\"https:\/\/www.european-agency.org\/projects\/TPL4I\/policy-mapping\">https:\/\/www.european-agency.org\/projects\/TPL4I\/policy-mapping<\/a><\/p>\n<p>Agent\u016bros14 \u0161ali\u0173 nari\u0173, dalyvavusi\u0173 projekte \u201eMokyklos nes\u0117kmi\u0173\u00a0 prevencijos analiz\u0117: \u012ftraukiojo ugdymo galimyb\u0117s\u201d, pateiktas ir \u00a0atliktas tyrimas, pagr\u012fstas\u00a0 \u0161ali\u0173 apklausa ir gautomis ataskaitomis.\u00a0 Tyrime dalyvavo: \u010cekija, Graikija, Islandija, Airija, Latvija, Malta, Serbija, Slovakija, \u0160vedija ir Jungtin\u0117 Karalyst\u0117 (\u0160iaur\u0117s Airija ir \u0160kotija). Nuorod\u0105 <a href=\"https:\/\/www.european-agency.org\/sites\/default\/files\/PSF_Country_Information_Thematic_Analysis.pdf\">https:\/\/www.european-agency.org\/sites\/default\/files\/PSF_Country_Information_Thematic_Analysis.pdf<\/a><\/p>\n<p style=\"text-align: center;\"><img loading=\"lazy\" decoding=\"async\" class=\"wp-image-14967 aligncenter\" src=\"https:\/\/www.nsa.smsm.lt\/old\/old\/wp-content\/uploads\/2020\/07\/materials.png\" alt=\"\" width=\"255\" height=\"141\" \/><\/p>\n<p style=\"text-align: center;\"><a role=\"link\" href=\"https:\/\/europeanagency.sharepoint.com\/sites\/resources\/SitePages\/New-Agency-materials(4).aspx?from=SendByEmail&amp;e=G221G9DrDUav-kIjMtJsLA&amp;at=9\">New Agency materials\u00a0<\/a><br \/>\neuropeanagency.sharepoint.com<\/p>\n<p>Informacij\u0105\u00a0 naujausi\u0173 leidini\u0173 ap\u017evalgai galite rasti: <a href=\"https:\/\/europeanagency.sharepoint.com\/sites\/resources\/SitePages\/New-Agency-materials(4).aspx?from=SendByEmail&amp;e=G221G9DrDUav-kIjMtJsLA&amp;at=9\">https:\/\/europeanagency.sharepoint.com\/sites\/resources\/SitePages\/New-Agency-materials(4).aspx?from=SendByEmail&amp;e=G221G9DrDUav-kIjMtJsLA&amp;at=9<\/a><\/p>\n<p>Informacija buvo pateikta: dr. Almedos Kurien\u0117s, Lietuvos Respublikos \u0161vietimo, mokslo ir sporto ministerijos atstov\u0117s (iki 2021.02 15) Europos specialiojo ir inkliuzinio ugdymo pl\u0117tros agent\u016brai ir Linos Pala\u010dionien\u0117s, nacionalin\u0117s koordinator\u0117s.<\/p>\n<p>&nbsp;<\/p>\n<hr \/>\n<p>Europos specialiojo ir inkliuzinio ugdymo pl\u0117tros agent\u016bra \u012fgyvendino projekt\u0105 \u201eBesikei\u010diantis specialist\u0173 apr\u016bpinimo vaidmuo palaikant \u012ftrauk\u0173j\u012f ugdym\u0105\u201c (CROSP). Projektas padeda u\u017etikrinti, kad Europos mokyklos gal\u0117t\u0173 pad\u0117ti visiems besimokantiesiems, kad visi gal\u0117t\u0173 mokytis kartu su savo draugais ir bendraam\u017eiais. Nor\u0117dami su\u017einoti daugiau, apsilankykite CROSP projekto internetin\u0117je svetain\u0117je: <a href=\"https:\/\/www.european-agency.org\/projects\/CROSP\">https:\/\/www.european-agency.org\/projects\/CROSP<\/a><\/p>\n<p>Videofilmukas: <a href=\"https:\/\/www.european-agency.org\/resources\/multimedia\/changing-role-specialist-provision-supporting-inclusive-education\">https:\/\/www.european-agency.org\/resources\/multimedia\/changing-role-specialist-provision-supporting-inclusive-education<\/a>. Vaizdo \u012fra\u0161o subtitrai galimi 25 kalbomis. Jei subtitrai neatsiranda automati\u0161kai, galite suaktyvinti vaizdo \u012fra\u0161o apa\u010dioje spustel\u0117j\u0119 sta\u010diakamp\u0119 piktogram\u0105 \u201eSubtitrai \/ u\u017edaryti antra\u0161tes\u201c. Tada spustel\u0117kite \u0161alia esan\u010di\u0105 krumpliara\u010dio piktogram\u0105, kad pasiektum\u0117te nustatym\u0173 meniu. \u0160iame meniu yra galimyb\u0117 pasirinkti kalb\u0105.<\/p>\n<p>Informacija angl\u0173 kalba:<\/p>\n<p>We are pleased to inform you about a new video &lt;<a href=\"https:\/\/www.european-agency.org\/resources\/multimedia\/changing-role-specialist-provision-supporting-inclusive-education\">https:\/\/www.european-agency.org\/resources\/multimedia\/changing-role-specialist-provision-supporting-inclusive-education<\/a>&gt;\u00a0 and infographic &lt;<a href=\"https:\/\/www.european-agency.org\/resources\/multimedia\/infographic-changing-role-specialist-provision-support-inclusive-education\">https:\/\/www.european-agency.org\/resources\/multimedia\/infographic-changing-role-specialist-provision-support-inclusive-education<\/a>&gt;\u00a0 produced as part of the Agency\u2019s Changing Role of Specialist Provision in Supporting Inclusive Education &lt;<a href=\"https:\/\/www.european-agency.org\/projects\/CROSP\">https:\/\/www.european-agency.org\/projects\/CROSP<\/a>&gt;\u00a0 (CROSP) project. The video has subtitles in all 25 Agency languages.<\/p>\n<p>        <\/p><\/div>    <\/div><\/div><\/p>\n<p><\/p><\/div>\n","protected":false},"excerpt":{"rendered":"","protected":false},"author":1,"featured_media":0,"parent":12330,"menu_order":0,"comment_status":"closed","ping_status":"closed","template":"page-itraukusis.php","meta":{"_acf_changed":false,"footnotes":""},"class_list":["post-14921","page","type-page","status-publish","hentry"],"acf":[],"_links":{"self":[{"href":"https:\/\/www.nsa.smsm.lt\/old\/wp-json\/wp\/v2\/pages\/14921","targetHints":{"allow":["GET"]}}],"collection":[{"href":"https:\/\/www.nsa.smsm.lt\/old\/wp-json\/wp\/v2\/pages"}],"about":[{"href":"https:\/\/www.nsa.smsm.lt\/old\/wp-json\/wp\/v2\/types\/page"}],"author":[{"embeddable":true,"href":"https:\/\/www.nsa.smsm.lt\/old\/wp-json\/wp\/v2\/users\/1"}],"replies":[{"embeddable":true,"href":"https:\/\/www.nsa.smsm.lt\/old\/wp-json\/wp\/v2\/comments?post=14921"}],"version-history":[{"count":0,"href":"https:\/\/www.nsa.smsm.lt\/old\/wp-json\/wp\/v2\/pages\/14921\/revisions"}],"up":[{"embeddable":true,"href":"https:\/\/www.nsa.smsm.lt\/old\/wp-json\/wp\/v2\/pages\/12330"}],"wp:attachment":[{"href":"https:\/\/www.nsa.smsm.lt\/old\/wp-json\/wp\/v2\/media?parent=14921"}],"curies":[{"name":"wp","href":"https:\/\/api.w.org\/{rel}","templated":true}]}}