{"id":14892,"date":"2025-08-27T00:37:37","date_gmt":"2025-08-26T22:37:37","guid":{"rendered":"https:\/\/www.nsa.smsm.lt\/old\/?page_id=14892"},"modified":"2025-08-27T08:39:35","modified_gmt":"2025-08-27T06:39:35","slug":"svietimo-bukles-apzvalgos","status":"publish","type":"page","link":"https:\/\/www.nsa.smsm.lt\/old\/svietimo-stebesena\/svietimo-bukles-apzvalgos\/","title":{"rendered":"\u0160vietimo b\u016bkl\u0117s ap\u017evalgos"},"content":{"rendered":"<p><i class=\"fa fa-file-pdf-o \" ><\/i> <a href=\"https:\/\/www.nsa.smsm.lt\/old\/old\/wp-content\/uploads\/2025\/08\/2025_Svietimas_LT_savivaldybes_WEB-1108.25.pdf\" target=\"_blank\" rel=\"noopener\">Lietuva. \u0160vietimas \u0161alyje ir regionuose 2025. Darnus ugdymas<\/a><\/p>\n<hr \/>\n<p><i class=\"fa fa-file-pdf-o \" ><\/i> <a href=\"https:\/\/www.nsa.smsm.lt\/old\/old\/wp-content\/uploads\/2025\/01\/Lietuva.-Svietimas-salyje-ir-regionuose.-2024.-II-dalis_INFOGRAFIKAS-su-nuorodomis_naujausias.pdf\" target=\"_blank\" rel=\"noopener\">Lietuva. \u0160vietimas \u0161alyje ir regionuose 2024 II dalis. Socialini\u0173 ir emocini\u0173 kompetencij\u0173 ugdymas. (Infografikas)<\/a><\/p>\n<hr \/>\n<p><i class=\"fa fa-file-pdf-o \" ><\/i> <a href=\"https:\/\/www.nsa.smsm.lt\/old\/old\/wp-content\/uploads\/2024\/12\/Svietimas_Lietuvoje_2024_2_dalis_web-3.pdf\">Lietuva. \u0160vietimas \u0161alyje ir regionuose 2024 II dalis. Socialini\u0173 ir emocini\u0173 kompetencij\u0173 ugdymas<\/a><\/p>\n<hr \/>\n<p><i class=\"fa fa-file-pdf-o \" ><\/i> <a href=\"https:\/\/www.nsa.smsm.lt\/old\/old\/wp-content\/uploads\/2024\/12\/UBA-II-trumprastis-1santrauka.pdf\">Lietuva. \u0160vietimas \u0161alyje ir regionuose 2024 II dalis. Socialini\u0173 ir emocini\u0173 kompetencij\u0173 ugdymas. Santrauka<\/a><\/p>\n<hr \/>\n<p><i class=\"fa fa-file-pdf-o \" ><\/i> <a href=\"https:\/\/www.nsa.smsm.lt\/old\/old\/wp-content\/uploads\/2024\/09\/Svietimas_Lietuvoje_2024-17.pdf\">Lietuva. \u0160vietimas \u0161alyje ir regionuose 2024 I dalis<\/a><\/p>\n<hr \/>\n<p><i class=\"fa fa-file-pdf-o \" ><\/i> <a href=\"https:\/\/www.nsa.smsm.lt\/old\/old\/wp-content\/uploads\/2024\/09\/Infografikas_2024_I-dalis_su-nuorodomis-viesinimui.pdf\">Lietuva. \u0160vietimas \u0161alyje ir regionuose 2024 I dalis. Ikimokyklinio, prie\u0161mokyklinio ir bendrojo ugdymo ap\u017evalga (infografikas)<\/a><\/p>\n<hr \/>\n<p><i class=\"fa fa-file-pdf-o \" ><\/i> <a href=\"https:\/\/www.nsa.smsm.lt\/old\/old\/wp-content\/uploads\/2024\/09\/zemelapis_2024_I-dalis_su-nuorodomis-viesinimui.pdf\">Lietuva. \u0160vietimas \u0161alyje ir regionuose 2024 I dalis. Savivaldybi\u0173 \u0161vietimo mastai (\u017eem\u0117lapis)<\/a><\/p>\n<hr \/>\n<p><i class=\"fa fa-file-pdf-o \" ><\/i> <a href=\"https:\/\/www.nsa.smsm.lt\/old\/old\/wp-content\/uploads\/2023\/09\/2023-Svietimas-Lietuvoje_WEBak.pdf\">Lietuva. \u0160vietimas \u0161alyje ir regionuose 2023. \u0160vietimo teisingumas<\/a><\/p>\n<hr \/>\n<p><i class=\"fa fa-file-pdf-o \" ><\/i> <a href=\"https:\/\/www.nsa.smsm.lt\/old\/old\/wp-content\/uploads\/2022\/08\/Svietimas-Lietuvoje-2022-web.pdf\">Lietuva. \u0160vietimas \u0161alyje ir regionuose. 2022. \u012etraukusis ugdymas<\/a><\/p>\n<hr \/>\n<p><i class=\"fa fa-file-pdf-o \" ><\/i> <a href=\"https:\/\/www.nsa.smsm.lt\/old\/old\/wp-content\/uploads\/2021\/08\/Svietimas-Lietuvoje-2021-web2.pdf\">\u201eLietuva. \u0160vietimas \u0161alyje ir regionuose. 2021. Nuotolinis mokymas(is)\u201c<\/a><\/p>\n<hr \/>\n<p><i class=\"fa fa-file-pdf-o \" ><\/i> <a href=\"https:\/\/www.nsa.smsm.lt\/old\/old\/wp-content\/uploads\/2020\/08\/Svietimas-salyje-2020.pdf\">\u201eLietuva. \u0160vietimas \u0161alyje ir regionuose. 2020. Finansavimas\u201c<\/a><\/p>\n<hr \/>\n<p><i class=\"fa fa-file-pdf-o \" ><\/i> <a href=\"https:\/\/www.nsa.smsm.lt\/old\/old\/wp-content\/uploads\/2020\/07\/Valstybines-svietimo-strategijos-igyvendinimo-pusiaukele_internetinis.pdf\">\u201eValstybin\u0117s \u0161vietimo 2013\u20132022 met\u0173 strategijos \u012fgyvendinimo pusiaukel\u0117. Med\u017eiaga diskusijoms (2019)\u201c<\/a><\/p>\n<hr \/>\n<p><i class=\"fa fa-file-pdf-o \" ><\/i> <a href=\"https:\/\/www.nsa.smsm.lt\/old\/old\/wp-content\/uploads\/2020\/07\/Svietimo-bukles-apzvalga-2019-web.pdf\">\u201e\u0160vietimo b\u016bkl\u0117s ap\u017evalga. 2019\u201c<\/a><\/p>\n<hr \/>\n<p><i class=\"fa fa-file-pdf-o \" ><\/i> <a href=\"https:\/\/www.nsa.smsm.lt\/old\/old\/wp-content\/uploads\/2018\/03\/Svietimas-regionuose-2016.pdf\">\u201eLietuva. \u0160vietimas \u0161alyje ir regionuose. 2019. Mokini\u0173 pasiekim\u0173 atotr\u016bkis\u201c <\/a><\/p>\n<hr \/>\n<p><i class=\"fa fa-file-pdf-o \" ><\/i> <a href=\"https:\/\/www.nsa.smsm.lt\/old\/old\/wp-content\/uploads\/2021\/10\/Svietimas-regionuose-2018-web-1.pdf\">Lietuva. \u0160vietimo b\u016bkl\u0117s ap\u017evalga. 2018. Gera mokykla<\/a><\/p>\n<hr \/>\n<p><i class=\"fa fa-file-pdf-o \" ><\/i> <a href=\"http:\/\/www.smm.lt\/uploads\/documents\/kiti\/Svietimas%20regionuose%202017.pdf\">Lietuva. \u0160vietimas \u0161alyje ir regionuose. Mokytojas (2017)<\/a><\/p>\n<hr \/>\n<p><i class=\"fa fa-file-pdf-o \" ><\/i> <a href=\"https:\/\/www.nsa.smsm.lt\/old\/old\/wp-content\/uploads\/2018\/03\/Svietimas-regionuose-2016.pdf\">Lietuva. \u0160vietimas \u0161alyje ir regionuose. Mokini\u0173 pasiekimai (2016)<\/a><\/p>\n<hr \/>\n<p><i class=\"fa fa-file-pdf-o \" ><\/i> <a href=\"https:\/\/www.nsa.smsm.lt\/old\/old\/wp-content\/uploads\/2020\/07\/Valstybines_svietimo_2013-2022_metu_strategijos_igyvendinimas.pdf\">Valstybin\u0117s \u0161vietimo 2013-2022 met\u0173 strategijos \u012fgyvendinimas. Med\u017eiaga diskusijoms (2015)<\/a><\/p>\n<hr \/>\n<p><i class=\"fa fa-file-pdf-o \" ><\/i> <a href=\"https:\/\/www.nsa.smsm.lt\/old\/old\/wp-content\/uploads\/2020\/07\/Valstybines-svietimo-strategijos-igyvendinimas-2003\u20132012.-medziaga-diskusijoms-2012.pdf\">Valstybin\u0117s \u0161vietimo strategijos \u012fgyvendinimas 2003\u20132012. Med\u017eiaga diskusijoms (2012)<\/a><\/p>\n<hr \/>\n<p><i class=\"fa fa-file-pdf-o \" ><\/i> <a href=\"https:\/\/www.nsa.smsm.lt\/old\/old\/wp-content\/uploads\/2020\/07\/Svietimo-bukles-tyrimu-apzvalga.-Valstybines-svietimo-strategijos-2003\u22122012-metams-ir-Ekonominio-bendradarbiavimo-ir-pletros-organizacijos-rekomendaciju-Lietuvai-aspektu-2008.pdf\">\u0160vietimo b\u016bkl\u0117s tyrim\u0173 ap\u017evalga. Valstybin\u0117s \u0161vietimo strategijos 2003\u22122012 metams ir Ekonominio bendradarbiavimo ir pl\u0117tros organizacijos rekomendacij\u0173 Lietuvai aspektu (2008)<\/a><\/p>\n","protected":false},"excerpt":{"rendered":"<p>Lietuva. \u0160vietimas \u0161alyje ir regionuose 2025. Darnus ugdymas Lietuva. \u0160vietimas \u0161alyje ir regionuose 2024 II dalis. Socialini\u0173 ir emocini\u0173 kompetencij\u0173 ugdymas. (Infografikas) Lietuva. \u0160vietimas \u0161alyje ir regionuose 2024 II dalis. Socialini\u0173 ir emocini\u0173 kompetencij\u0173 ugdymas Lietuva. \u0160vietimas \u0161alyje ir regionuose&nbsp;<a href=\"https:\/\/www.nsa.smsm.lt\/old\/svietimo-stebesena\/svietimo-bukles-apzvalgos\/\" class=\"placiau\">Pla\u010diau <i class=\"fa fa-caret-right\"><\/i><\/a><\/p>\n","protected":false},"author":1,"featured_media":0,"parent":32661,"menu_order":0,"comment_status":"closed","ping_status":"closed","template":"page-svietimo-stebesena.php","meta":{"_acf_changed":false,"footnotes":""},"class_list":["post-14892","page","type-page","status-publish","hentry"],"acf":[],"_links":{"self":[{"href":"https:\/\/www.nsa.smsm.lt\/old\/wp-json\/wp\/v2\/pages\/14892","targetHints":{"allow":["GET"]}}],"collection":[{"href":"https:\/\/www.nsa.smsm.lt\/old\/wp-json\/wp\/v2\/pages"}],"about":[{"href":"https:\/\/www.nsa.smsm.lt\/old\/wp-json\/wp\/v2\/types\/page"}],"author":[{"embeddable":true,"href":"https:\/\/www.nsa.smsm.lt\/old\/wp-json\/wp\/v2\/users\/1"}],"replies":[{"embeddable":true,"href":"https:\/\/www.nsa.smsm.lt\/old\/wp-json\/wp\/v2\/comments?post=14892"}],"version-history":[{"count":15,"href":"https:\/\/www.nsa.smsm.lt\/old\/wp-json\/wp\/v2\/pages\/14892\/revisions"}],"predecessor-version":[{"id":44091,"href":"https:\/\/www.nsa.smsm.lt\/old\/wp-json\/wp\/v2\/pages\/14892\/revisions\/44091"}],"up":[{"embeddable":true,"href":"https:\/\/www.nsa.smsm.lt\/old\/wp-json\/wp\/v2\/pages\/32661"}],"wp:attachment":[{"href":"https:\/\/www.nsa.smsm.lt\/old\/wp-json\/wp\/v2\/media?parent=14892"}],"curies":[{"name":"wp","href":"https:\/\/api.w.org\/{rel}","templated":true}]}}