{"id":14336,"date":"2022-10-11T15:26:32","date_gmt":"2022-10-11T13:26:32","guid":{"rendered":"http:\/\/www.nmva.smm.lt\/?page_id=14336"},"modified":"2023-01-11T23:38:29","modified_gmt":"2023-01-11T21:38:29","slug":"projekto-renginiai","status":"publish","type":"page","link":"https:\/\/www.nsa.smsm.lt\/old\/stebesenos-ir-vertinimo-departamentas\/projektai\/projektas-neformaliojo-vaiku-svietimo-ikimokyklinio-priesmokyklinio-ir-bendrojo-ugdymo-vertinimo-isivertinimo-tobulinimas-ir-pletote-09-2-1-esfa-v-706-03-0001-2\/projekto-renginiai\/","title":{"rendered":"Projekto renginiai"},"content":{"rendered":"<p><strong><a href=\"https:\/\/www.nsa.smsm.lt\/old\/old\/wp-content\/uploads\/2020\/07\/paraiska.pdf\">KVIE\u010cIAME TEIKTI PARAI\u0160KAS \u012e MOKYKL\u0172 \u012eSIVERTINIMO SISTEMOS KONSULTANT\u0172 MOKYMO PROGRAM\u0104<\/a><\/strong><\/p>\n<p><strong><a href=\"https:\/\/www.nsa.smsm.lt\/old\/old\/wp-content\/uploads\/2020\/07\/Kvietimas-teikti-paraiskas-i-mokymo-programas-2020-m.pdf\">Kvietimas teikti parai\u0161kas \u012f mokymo programas<\/a><\/strong><\/p>\n<p><strong><a href=\"https:\/\/www.nsa.smsm.lt\/old\/old\/wp-content\/uploads\/2020\/07\/Paraiska-dalyvauti-mokymuose-1.docx\">Parai\u0161ka dalyvauti mokymuose<\/a><\/strong><\/p>\n<hr \/>\n<p><strong><a href=\"https:\/\/www.nsa.smsm.lt\/old\/old\/wp-content\/uploads\/2020\/07\/Kvietimas-teikti-paraiskas-i-mokymo-programas10-2.pdf\">Kvietimas teikti parai\u0161kas \u012f mokymo programas<\/a><\/strong><\/p>\n<p><strong><a href=\"https:\/\/www.nsa.smsm.lt\/old\/old\/wp-content\/uploads\/2020\/07\/Paraiska-dalyvauti-mokymuose.docx\">Parai\u0161ka dalyvauti mokymuose<\/a><\/strong><\/p>\n<hr \/>\n<p><strong><a href=\"https:\/\/www.nsa.smsm.lt\/old\/old\/wp-content\/uploads\/2020\/07\/Tvarkos-aprasas.pdf\">PROJEKTO \u201eNEFORMALIOJO VAIK\u0172 \u0160VIETIMO, IKIMOKYKLINIO, PRIE\u0160MOKYKLINIO IR BENDROJO UGDYMO VERTINIMO, \u012eSIVERTINIMO TOBULINIMAS IR PL\u0116TOT\u0116\u201c (NR. 09.2.1-ESFA-V-706-03-0001) PRETENDENT\u0172 \u012e MOKYMO PROGRAMAS ATRANKOS VYKDYMO TVARKOS APRA\u0160AS<\/a><\/strong><\/p>\n<hr \/>\n<p><a href=\"https:\/\/www.nsa.smsm.lt\/old\/old\/wp-content\/uploads\/2020\/07\/specialistu-programa.pdf\"><strong>NEFORMALIOJO VAIK\u0172 \u0160VIETIMO I\u0160OR\u0116S VERTINTOJ\u0172 IR SAVIVALDYBI\u0172 \u0160VIETIMO PADALINI\u0172 SPECIALIST\u0172 MOKYM\u0172 PROGRAMA<\/strong><\/a><\/p>\n<hr \/>\n<h3 style=\"text-align: left;\"><strong>Mokykl\u0173 \u012fsivertinimo ir tobulinimo konsultantai vie\u0161ojoje konsultacijoje teik\u0117 rekomendacijas ir pasi\u016blymus mokykl\u0173 \u012fsivertinimo instrument\u0173 atnaujinimui<\/strong><\/h3>\n<p>Nacionalin\u0117je mokykl\u0173 vertinimo agent\u016broje sausio 31 d. rinkosi mokykl\u0173 \u012fsivertinimo ir tobulinimo konsultantai \u012f vie\u0161\u0105j\u0105 konsultacij\u0105 \u201eKokyb\u0117s \u012fsivertinimo ir tobulinimo integralumas mokyklos veikloje\u201c. Vie\u0161oji konsultacija skirta pasirengti kokybi\u0161kai \u012fgyvendinti projekto \u201eNeformaliojo vaik\u0173 \u0161vietimo, ikimokyklinio, prie\u0161mokyklinio ir bendrojo ugdymo vertinimo, \u012fsivertinimo tobulinimas ir pl\u0117tot\u0117\u201c Nr. 09.2.1-ESFA-V-706-03-0001 veiklos \u201eMokykl\u0173 \u012fsivertinimo ir veiklos tobulinimo sistemos pl\u0117tra\u201c rodiklius. \u0160ios konsultacijos tikslas \u2013 i\u0161siai\u0161kinti mokykl\u0173 \u012fsivertinimo instrument\u0173 atnaujinimo poreikius ir l\u016bkes\u010dius. Vie\u0161osios konsultacijos metu buvo ap\u017evelgiamos \u0160vietimo, mokslo ir sporto ministerijai pavald\u017ei\u0173 \u012fstaig\u0173 vykdom\u0173 projekt\u0173 veiklos. Mokykl\u0173 \u012fsivertinimo ir tobulinimo konsultantai diskutavo, k\u0117l\u0117 aktualius klausimus, dirbo grup\u0117se ir pateik\u0117 rekomendacijas, kuriomis bus naudojamasi atnaujinant IQES online sistemos instrumentus pagal Mokykl\u0173, \u012fgyvendinan\u010di\u0173 bendrojo ugdymo programas, \u012fsivertinimo metodikos rodiklius, taip pat pritaikant \u0161iuos instrumentus neformaliojo vaik\u0173 \u0161vietimo, ikimokyklinio ir prie\u0161mokyklinio ugdymo programas vykdan\u010dioms mokykloms.<\/p>\n<p><strong>Renginio akimirkos<\/strong><\/p>\n\n\t\t<style type=\"text\/css\">\n\t\t\t#gallery-1 {\n\t\t\t\tmargin: auto;\n\t\t\t}\n\t\t\t#gallery-1 .gallery-item {\n\t\t\t\tfloat: left;\n\t\t\t\tmargin-top: 10px;\n\t\t\t\ttext-align: center;\n\t\t\t\twidth: 33%;\n\t\t\t}\n\t\t\t#gallery-1 img {\n\t\t\t\tborder: 2px solid #cfcfcf;\n\t\t\t}\n\t\t\t#gallery-1 .gallery-caption {\n\t\t\t\tmargin-left: 0;\n\t\t\t}\n\t\t\t\/* see gallery_shortcode() in wp-includes\/media.php *\/\n\t\t<\/style>\n\t\t<div id='gallery-1' class='gallery galleryid-14336 gallery-columns-3 gallery-size-thumbnail'><dl class='gallery-item'>\n\t\t\t<dt class='gallery-icon landscape'>\n\t\t\t\t<a href='https:\/\/www.nsa.smsm.lt\/old\/wp-content\/uploads\/2020\/07\/Nuotrauka-22.jpg'><img loading=\"lazy\" decoding=\"async\" width=\"150\" height=\"150\" src=\"https:\/\/www.nsa.smsm.lt\/old\/wp-content\/uploads\/2020\/07\/Nuotrauka-22-150x150.jpg\" class=\"attachment-thumbnail size-thumbnail\" alt=\"\" \/><\/a>\n\t\t\t<\/dt><\/dl><dl class='gallery-item'>\n\t\t\t<dt class='gallery-icon landscape'>\n\t\t\t\t<a href='https:\/\/www.nsa.smsm.lt\/old\/wp-content\/uploads\/2020\/07\/Nuotrauka-27.jpg'><img loading=\"lazy\" decoding=\"async\" width=\"150\" height=\"150\" src=\"https:\/\/www.nsa.smsm.lt\/old\/wp-content\/uploads\/2020\/07\/Nuotrauka-27-150x150.jpg\" class=\"attachment-thumbnail size-thumbnail\" alt=\"\" \/><\/a>\n\t\t\t<\/dt><\/dl><dl class='gallery-item'>\n\t\t\t<dt class='gallery-icon landscape'>\n\t\t\t\t<a href='https:\/\/www.nsa.smsm.lt\/old\/wp-content\/uploads\/2020\/07\/Nuotrauka-26.jpg'><img loading=\"lazy\" decoding=\"async\" width=\"150\" height=\"150\" src=\"https:\/\/www.nsa.smsm.lt\/old\/wp-content\/uploads\/2020\/07\/Nuotrauka-26-150x150.jpg\" class=\"attachment-thumbnail size-thumbnail\" alt=\"\" \/><\/a>\n\t\t\t<\/dt><\/dl><br style=\"clear: both\" \/><dl class='gallery-item'>\n\t\t\t<dt class='gallery-icon landscape'>\n\t\t\t\t<a href='https:\/\/www.nsa.smsm.lt\/old\/wp-content\/uploads\/2020\/07\/Nuotrauka-25.jpg'><img loading=\"lazy\" decoding=\"async\" width=\"150\" height=\"150\" src=\"https:\/\/www.nsa.smsm.lt\/old\/wp-content\/uploads\/2020\/07\/Nuotrauka-25-150x150.jpg\" class=\"attachment-thumbnail size-thumbnail\" alt=\"\" \/><\/a>\n\t\t\t<\/dt><\/dl><dl class='gallery-item'>\n\t\t\t<dt class='gallery-icon landscape'>\n\t\t\t\t<a href='https:\/\/www.nsa.smsm.lt\/old\/wp-content\/uploads\/2020\/07\/Nuotrauka-24-1.jpg'><img loading=\"lazy\" decoding=\"async\" width=\"150\" height=\"150\" src=\"https:\/\/www.nsa.smsm.lt\/old\/wp-content\/uploads\/2020\/07\/Nuotrauka-24-1-150x150.jpg\" class=\"attachment-thumbnail size-thumbnail\" alt=\"\" \/><\/a>\n\t\t\t<\/dt><\/dl><dl class='gallery-item'>\n\t\t\t<dt class='gallery-icon landscape'>\n\t\t\t\t<a href='https:\/\/www.nsa.smsm.lt\/old\/wp-content\/uploads\/2020\/07\/Nuotrauka-23.jpg'><img loading=\"lazy\" decoding=\"async\" width=\"150\" height=\"150\" src=\"https:\/\/www.nsa.smsm.lt\/old\/wp-content\/uploads\/2020\/07\/Nuotrauka-23-150x150.jpg\" class=\"attachment-thumbnail size-thumbnail\" alt=\"\" \/><\/a>\n\t\t\t<\/dt><\/dl><br style=\"clear: both\" \/>\n\t\t<\/div>\n\n<p><em>Nuotrauk\u0173 autor\u0117 Ingrida \u0160edeckyt\u0117-Lagunavi\u010dien\u0117<\/em><\/p>\n<p>Ingrida \u0160edeckyt\u0117-Lagunavi\u010dien\u0117<br \/>\nMokykl\u0173 \u012fsivertinimo skyriaus metodinink\u0117<br \/>\nEl. p.\u00a0<a href=\"mailto:ingrida.sedeckyte-lagunaviciene@nmva.smm.lt\">ingrida.sedeckyte-lagunaviciene@nmva.smm.lt<\/a><\/p>\n<hr \/>\n<h3 class=\"entry-title\">\u012evyko apskritojo stalo diskusija \u201eIkimokyklinio ir prie\u0161mokyklinio ugdymo mokykl\u0173 veiklos kokyb\u0117s vertinimas \u2013 metodologini\u0173 \u012franki\u0173 paie\u0161ka\u201c<\/h3>\n<p>Nacionalin\u0117s mokykl\u0173 vertinimo agent\u016bros projekto \u201eNeformaliojo vaik\u0173 \u0161vietimo, ikimokyklinio, prie\u0161mokyklinio ir bendrojo ugdymo vertinimo, \u012fsivertinimo tobulinimas ir pl\u0117tot\u0117\u201c\u00a0 (Nr. 09.2.1-ESFA-V-706-03-0001) apskritojo stalo diskusijoje \u201eIkimokyklinio ir prie\u0161mokyklinio ugdymo mokykl\u0173 veiklos kokyb\u0117s vertinimas \u2013 metodologini\u0173 \u012franki\u0173 paie\u0161ka\u201c dalyvavo \u0161ios srities praktikai, vadovai, savivaldybi\u0173 atstovai, mokslininkai, respublikin\u0117s ir tarptautin\u0117s patirties turintys vertintojai. Renginio metu buvo pristatyta Vokietijos, Pranc\u016bzijos, JAV praktika ir kit\u0173 \u0161ali\u0173 vertinimo sistemos bruo\u017eai.<\/p>\n<p>Pirmoje renginio dalyje vyko plenarin\u0117 sesija, kurioje prane\u0161\u0117jai dalijosi ger\u0105ja patirtimi, antrojoje dalyje susirinkusieji darbo grup\u0117se diskutavo, dalijosi svarbiomis \u012f\u017evalgomis, pasteb\u0117jimais, kurie gali b\u016bti reik\u0161mingi kuriant nacionalin\u0119 vertinimo ir \u012fsivertinimo sistem\u0105.<\/p>\n<p>Trump\u0105 prane\u0161im\u0105 apie \u0161io \u0161vietimo lygmens patiriamus i\u0161\u0161\u016bkius skait\u0117 ir rengin\u012f moderavo Vilniaus kolegijos Pedagogikos fakulteto Edukologijos katedros ved\u0117ja Lina Pe\u010diulien\u0117.<\/p>\n<p><strong>Pristatymai:<\/strong><\/p>\n<ul>\n<li><a href=\"https:\/\/www.nsa.smsm.lt\/old\/old\/wp-content\/uploads\/2020\/07\/B-Rutkauskienes-pranesimas.pdf\" rel=\"\">B. Rutkauskien\u0117s prane\u0161imas<\/a><\/li>\n<li><a href=\"https:\/\/www.nsa.smsm.lt\/old\/old\/wp-content\/uploads\/2020\/07\/A-Bukmanaites-pranesimas.pdf\" rel=\"\">A. Bukmanait\u0117s prane\u0161imas<\/a><\/li>\n<li><a href=\"https:\/\/www.nsa.smsm.lt\/old\/old\/wp-content\/uploads\/2020\/07\/A-Lesauskienes-N-Barsauskienes-pranesimas.pdf\" rel=\"\">A. Lesauskien\u0117s, N. Bar\u0161auskien\u0117s prane\u0161imas<\/a><\/li>\n<li><a href=\"https:\/\/www.nsa.smsm.lt\/old\/old\/wp-content\/uploads\/2020\/07\/E-Raudeliunienes-pranesimas.pdf\" rel=\"\">E. Raudeli\u016bnien\u0117s prane\u0161imas<\/a><\/li>\n<li><a href=\"https:\/\/www.nsa.smsm.lt\/old\/old\/wp-content\/uploads\/2020\/07\/dr-G-Rugeviciutes-pranesimas.pdf\" rel=\"\">dr. G. Rugevi\u010di\u016bt\u0117s prane\u0161imas<\/a><\/li>\n<li><a href=\"https:\/\/www.nsa.smsm.lt\/old\/old\/wp-content\/uploads\/2020\/07\/R-Sabaliauskienes-pranesimas.pdf\" rel=\"\">R. Sabaliauskien\u0117s prane\u0161imas<\/a><\/li>\n<li><a href=\"https:\/\/www.nsa.smsm.lt\/old\/old\/wp-content\/uploads\/2020\/07\/S-Lazauninkienes-pranesimas.pdf\" rel=\"\">S. La\u017eauninkien\u0117s prane\u0161imas<\/a><\/li>\n<li><a href=\"https:\/\/www.nsa.smsm.lt\/old\/old\/wp-content\/uploads\/2020\/07\/prof-dr-D-Jakavonytes-Staskuvienes-doc-dr-S-Neifacho-pranesimas.pdf\" rel=\"\">prof. dr. D. Jakavonyt\u0117s-Sta\u0161kuvien\u0117s, doc. dr. S Neifacho prane\u0161imas<\/a><\/li>\n<\/ul>\n<p><strong>Susitikimo akimirkos<\/strong><\/p>\n\n\t\t<style type=\"text\/css\">\n\t\t\t#gallery-2 {\n\t\t\t\tmargin: auto;\n\t\t\t}\n\t\t\t#gallery-2 .gallery-item {\n\t\t\t\tfloat: left;\n\t\t\t\tmargin-top: 10px;\n\t\t\t\ttext-align: center;\n\t\t\t\twidth: 33%;\n\t\t\t}\n\t\t\t#gallery-2 img {\n\t\t\t\tborder: 2px solid #cfcfcf;\n\t\t\t}\n\t\t\t#gallery-2 .gallery-caption {\n\t\t\t\tmargin-left: 0;\n\t\t\t}\n\t\t\t\/* see gallery_shortcode() in wp-includes\/media.php *\/\n\t\t<\/style>\n\t\t<div id='gallery-2' class='gallery galleryid-14336 gallery-columns-3 gallery-size-thumbnail'><dl class='gallery-item'>\n\t\t\t<dt class='gallery-icon landscape'>\n\t\t\t\t<a href='https:\/\/www.nsa.smsm.lt\/old\/wp-content\/uploads\/2020\/07\/Foto-222-768x576-1.jpg'><img loading=\"lazy\" decoding=\"async\" width=\"150\" height=\"150\" src=\"https:\/\/www.nsa.smsm.lt\/old\/wp-content\/uploads\/2020\/07\/Foto-222-768x576-1-150x150.jpg\" class=\"attachment-thumbnail size-thumbnail\" alt=\"\" \/><\/a>\n\t\t\t<\/dt><\/dl><dl class='gallery-item'>\n\t\t\t<dt class='gallery-icon landscape'>\n\t\t\t\t<a href='https:\/\/www.nsa.smsm.lt\/old\/wp-content\/uploads\/2020\/07\/Foto-111-768x576-1.jpg'><img loading=\"lazy\" decoding=\"async\" width=\"150\" height=\"150\" src=\"https:\/\/www.nsa.smsm.lt\/old\/wp-content\/uploads\/2020\/07\/Foto-111-768x576-1-150x150.jpg\" class=\"attachment-thumbnail size-thumbnail\" alt=\"\" \/><\/a>\n\t\t\t<\/dt><\/dl>\n\t\t\t<br style='clear: both' \/>\n\t\t<\/div>\n\n<p>Nuotrauk\u0173 autor\u0117 Birut\u0117 Rutkauskien\u0117<\/p>\n<p>Birut\u0117 Rutkauskien\u0117<br \/>\nProjekto \u201eNeformaliojo vaik\u0173 \u0161vietimo, ikimokyklinio, prie\u0161mokyklinio ir bendrojo ugdymo vertinimo,<br \/>\n\u012fsivertinimo tobulinimas ir pl\u0117tot\u0117\u201c (Nr. 09.2.1-ESFA-V-706-03-0001) veiklos Nr. 1.1 veiklos vadov\u0117<br \/>\nEl. pa\u0161tas\u00a0<a href=\"mailto:birute.rutkauskiene@nmva.smm.lt\">birute.rutkauskiene@nmva.smm.lt<\/a><\/p>\n<hr \/>\n<h3 class=\"entry-title\">\u0160vietimo \u012fstaig\u0173 atstovai dalyvavo sta\u017euot\u0117je Airijos Respublikoje<\/h3>\n<p>A\u0161tuoni darbuotojai i\u0161 \u012fvairi\u0173 \u0161vietimo \u012fstaig\u0173 dalyvavo u\u017esienio sta\u017euot\u0117je Airijos Respublikoje, kuri vyko 2019 m. gegu\u017e\u0117s 13\u201317 dienomis. Sta\u017euot\u0117s tikslas \u2013 susipa\u017einti su Airijos Respublikos \u0161vietimo sistema, ikimokyklinio ugdymo politika, i\u0161orinio vertinimo principais, praktika, organizavimu ir finansavimu, ikimokyklini\u0173 \u012fstaig\u0173, bendrojo ugdymo mokykl\u0173 veiklos kokyb\u0117s \u012fsivertinimu, vertintoj\u0173 rengimu ir kvalifikacijos tobulinimu, mokykl\u0173 vadov\u0173 vertinimo praktika. Sta\u017euot\u0117s dalyviams buvo sudarytos s\u0105lygos apsilankyti ikimokyklinio ugdymo \u012fstaigoje, pradin\u0117je ir pagrindin\u0117je mokyklose, susipa\u017einti su i\u0161orinio vertinimo rezultatais, ger\u0105ja praktika. \u012esimintiniausia sta\u017euot\u0117s dalis buvo galimyb\u0117 steb\u0117ti inspektori\u0173 atliekam\u0105 i\u0161orin\u012f vertinim\u0105 ikimokyklinio ugdymo \u012fstaigoje.<\/p>\n<p>2019 m. gegu\u017e\u0117s 30 d. Nacionalin\u0117je mokykl\u0173 vertinimo agent\u016broje vyks apskritojo stalo diskusija,\u00a0 kurios metu bus pristatyta sta\u017euo\u010di\u0173 Airijoje ir Vokietijoje geroji patirtis.<\/p>\n<p><strong>Sta\u017euot\u0117s akimirkos<\/strong><\/p>\n\n\t\t<style type=\"text\/css\">\n\t\t\t#gallery-3 {\n\t\t\t\tmargin: auto;\n\t\t\t}\n\t\t\t#gallery-3 .gallery-item {\n\t\t\t\tfloat: left;\n\t\t\t\tmargin-top: 10px;\n\t\t\t\ttext-align: center;\n\t\t\t\twidth: 33%;\n\t\t\t}\n\t\t\t#gallery-3 img {\n\t\t\t\tborder: 2px solid #cfcfcf;\n\t\t\t}\n\t\t\t#gallery-3 .gallery-caption {\n\t\t\t\tmargin-left: 0;\n\t\t\t}\n\t\t\t\/* see gallery_shortcode() in wp-includes\/media.php *\/\n\t\t<\/style>\n\t\t<div id='gallery-3' class='gallery galleryid-14336 gallery-columns-3 gallery-size-thumbnail'><dl class='gallery-item'>\n\t\t\t<dt class='gallery-icon portrait'>\n\t\t\t\t<a href='https:\/\/www.nsa.smsm.lt\/old\/wp-content\/uploads\/2020\/07\/Foto-777.jpeg'><img loading=\"lazy\" decoding=\"async\" width=\"150\" height=\"150\" src=\"https:\/\/www.nsa.smsm.lt\/old\/wp-content\/uploads\/2020\/07\/Foto-777-150x150.jpeg\" class=\"attachment-thumbnail size-thumbnail\" alt=\"\" \/><\/a>\n\t\t\t<\/dt><\/dl><dl class='gallery-item'>\n\t\t\t<dt class='gallery-icon portrait'>\n\t\t\t\t<a href='https:\/\/www.nsa.smsm.lt\/old\/wp-content\/uploads\/2020\/07\/Foto-2.jpg'><img loading=\"lazy\" decoding=\"async\" width=\"150\" height=\"150\" src=\"https:\/\/www.nsa.smsm.lt\/old\/wp-content\/uploads\/2020\/07\/Foto-2-150x150.jpg\" class=\"attachment-thumbnail size-thumbnail\" alt=\"\" \/><\/a>\n\t\t\t<\/dt><\/dl><dl class='gallery-item'>\n\t\t\t<dt class='gallery-icon landscape'>\n\t\t\t\t<a href='https:\/\/www.nsa.smsm.lt\/old\/wp-content\/uploads\/2020\/07\/Foto-666.jpeg'><img loading=\"lazy\" decoding=\"async\" width=\"150\" height=\"150\" src=\"https:\/\/www.nsa.smsm.lt\/old\/wp-content\/uploads\/2020\/07\/Foto-666-150x150.jpeg\" class=\"attachment-thumbnail size-thumbnail\" alt=\"\" \/><\/a>\n\t\t\t<\/dt><\/dl><br style=\"clear: both\" \/>\n\t\t<\/div>\n\n<p><em>autor.\u00a0Ramut\u0117 Skrickien\u0117, Edita Gai\u017eauskien\u0117<\/em><\/p>\n<p>Vilma Venta Jank\u016bn\u0117<br \/>\nProjekto \u201eNeformaliojo vaik\u0173 \u0161vietimo, ikimokyklinio, prie\u0161mokyklinio ir bendrojo ugdymo vertinimo, \u012fsivertinimo tobulinimas ir pl\u0117tot\u0117\u201c (09.2.1-ESFA-V-706-03-0001) vadov\u0117<br \/>\nEl. pa\u0161tas: vilma-venta.jankune@nmva.smm.lt<\/p>\n<hr \/>\n<h3 class=\"entry-title\">\u0160vietimo \u012fstaig\u0173 atstovai dalyvavo sta\u017euot\u0117je Berlyne<\/h3>\n<p>A\u0161tuoni \u012fvairi\u0173 Lietuvos \u0161vietimo \u012fstaig\u0173 darbuotojai dalyvavo Nacionalin\u0117s mokykl\u0173 vertinimo agent\u016bros vykdomo projekto \u201eNeformaliojo vaik\u0173 \u0161vietimo, ikimokyklinio, prie\u0161mokyklinio ir bendrojo ugdymo vertinimo, \u012fsivertinimo tobulinimas ir pl\u0117tot\u0117\u201c (Nr. 09.2.1-ESFA-V-706-03-0001) sta\u017euot\u0117je Berlyne, vykusioje gegu\u017e\u0117s 21\u201325 dienomis. Sta\u017euot\u0117s tikslas \u2013 susipa\u017einti su Berlyno ikimokyklinio ir prie\u0161mokyklinio ugdymo veiklos kokyb\u0117s vertinimo sistema. Vizito metu buvo aplankytos trys ikimokyklinio ugdymo \u012fstaigos ir viena bendrojo ugdymo mokykla, vie\u0161\u0117ta Berlyno ikimokyklini\u0173 \u012fstaig\u0173 ugdymo kokyb\u0117s vystymo institute\u00a0\u201eBerliner Kita-Institut f\u00fcr\u00a0Qualit\u00e4tsentwicklung\u201c (BeKi) bei organizacijoje \u201eDer Parit\u00e4tische\u201c, kuri teikia konsultacijas teisiniais, verslo ir socialiniais klausimais. \u0160ioje organizacijoje buvo pristatytas veiklos kokyb\u0117s u\u017etikrinimas ir ikimokyklinio ugdymo \u012fstaig\u0173 veiklos kokyb\u0117s vertinimas, ikimokyklinio ugdymo \u012fstaig\u0173 vadov\u0173 atranka ir kvalifikacijos tobulinimo galimyb\u0117s. Sta\u017euot\u0117s prad\u017eia ir apibendrinimas buvo organizuotas BeKi institute, kuriame buvo aptarta Berlyno miesto \u0161vietimo programa, ikimokyklinio ugdymo \u012fstaig\u0173 veiklos kokyb\u0117s vertinimas ir \u012fsivertinimas, organizuota sta\u017euot\u0117s dalyvi\u0173 refleksija.<\/p>\n<p><strong>Sta\u017euot\u0117s akimirkos<\/strong><\/p>\n\n\t\t<style type=\"text\/css\">\n\t\t\t#gallery-4 {\n\t\t\t\tmargin: auto;\n\t\t\t}\n\t\t\t#gallery-4 .gallery-item {\n\t\t\t\tfloat: left;\n\t\t\t\tmargin-top: 10px;\n\t\t\t\ttext-align: center;\n\t\t\t\twidth: 25%;\n\t\t\t}\n\t\t\t#gallery-4 img {\n\t\t\t\tborder: 2px solid #cfcfcf;\n\t\t\t}\n\t\t\t#gallery-4 .gallery-caption {\n\t\t\t\tmargin-left: 0;\n\t\t\t}\n\t\t\t\/* see gallery_shortcode() in wp-includes\/media.php *\/\n\t\t<\/style>\n\t\t<div id='gallery-4' class='gallery galleryid-14336 gallery-columns-4 gallery-size-thumbnail'><dl class='gallery-item'>\n\t\t\t<dt class='gallery-icon landscape'>\n\t\t\t\t<a href='https:\/\/www.nsa.smsm.lt\/old\/wp-content\/uploads\/2020\/07\/Foto-2222-scaled-e1595430536155.jpg'><img loading=\"lazy\" decoding=\"async\" width=\"150\" height=\"150\" src=\"https:\/\/www.nsa.smsm.lt\/old\/wp-content\/uploads\/2020\/07\/Foto-2222-150x150.jpg\" class=\"attachment-thumbnail size-thumbnail\" alt=\"\" aria-describedby=\"gallery-4-14839\" \/><\/a>\n\t\t\t<\/dt>\n\t\t\t\t<dd class='wp-caption-text gallery-caption' id='gallery-4-14839'>\n\t\t\t\tsdr\n\t\t\t\t<\/dd><\/dl><dl class='gallery-item'>\n\t\t\t<dt class='gallery-icon landscape'>\n\t\t\t\t<a href='https:\/\/www.nsa.smsm.lt\/old\/wp-content\/uploads\/2020\/07\/Foto-1111-624x468-1.jpg'><img loading=\"lazy\" decoding=\"async\" width=\"150\" height=\"150\" src=\"https:\/\/www.nsa.smsm.lt\/old\/wp-content\/uploads\/2020\/07\/Foto-1111-624x468-1-150x150.jpg\" class=\"attachment-thumbnail size-thumbnail\" alt=\"\" \/><\/a>\n\t\t\t<\/dt><\/dl><dl class='gallery-item'>\n\t\t\t<dt class='gallery-icon landscape'>\n\t\t\t\t<a href='https:\/\/www.nsa.smsm.lt\/old\/wp-content\/uploads\/2020\/07\/Foto-7777a.jpg'><img loading=\"lazy\" decoding=\"async\" width=\"150\" height=\"150\" src=\"https:\/\/www.nsa.smsm.lt\/old\/wp-content\/uploads\/2020\/07\/Foto-7777a-150x150.jpg\" class=\"attachment-thumbnail size-thumbnail\" alt=\"\" \/><\/a>\n\t\t\t<\/dt><\/dl><dl class='gallery-item'>\n\t\t\t<dt class='gallery-icon landscape'>\n\t\t\t\t<a href='https:\/\/www.nsa.smsm.lt\/old\/wp-content\/uploads\/2020\/07\/Foto-999.jpg'><img loading=\"lazy\" decoding=\"async\" width=\"150\" height=\"150\" src=\"https:\/\/www.nsa.smsm.lt\/old\/wp-content\/uploads\/2020\/07\/Foto-999-150x150.jpg\" class=\"attachment-thumbnail size-thumbnail\" alt=\"\" \/><\/a>\n\t\t\t<\/dt><\/dl><br style=\"clear: both\" \/>\n\t\t<\/div>\n\n<p><em>Nuotrauk\u0173 autor. Neringa Bar\u0161auskien\u0117, Mantas Cegelskas<\/em><\/p>\n<p>Sonata La\u017eauninkien\u0117<br \/>\nKauno lop\u0161elio-dar\u017eelio \u201eTukas\u201c direktor\u0117, i\u0161or\u0117s vertintoja<\/p>\n<hr \/>\n<h3 class=\"entry-title\">\u012evyko apskritojo stalo diskusija \u201eSta\u017euo\u010di\u0173 Airijoje ir Vokietijoje patirtys. \u012egyt\u0173 patir\u010di\u0173 taikymo galimyb\u0117s rengiant ikimokyklinio, prie\u0161mokyklinio ugdymo programas vykdan\u010di\u0173 mokykl\u0173 veiklos vertinimo ir \u012fsivertinimo metodikas\u201c<\/h3>\n<p>Sta\u017euo\u010di\u0173 dalyviai, gr\u012f\u017e\u0119 i\u0161 Airijos ir Vokietijos (Berlyno), pasidalino \u012fsp\u016bd\u017eiais, \u012fgytomis \u017einiomis bei patirtimi projekto \u201eNeformaliojo vaik\u0173 \u0161vietimo, ikimokyklinio, prie\u0161mokyklinio ir bendrojo ugdymo vertinimo, \u012fsivertinimo tobulinimas ir pl\u0117tot\u0117\u201c (Nr. 09.2.1-ESFA-V-706-03-0001) apskritojo stalo diskusijoje gegu\u017e\u0117s 30 d. Vilniuje.<\/p>\n<p>Dubline sta\u017euo\u010di\u0173 dalyviai lank\u0117si \u0160vietimo ir \u012fg\u016bd\u017ei\u0173 departamente, vyko \u012f ankstyvojo, pradinio ir pagrindinio ugdymo \u012fstaigas. Buvo sudaryta galimyb\u0117 dalyvauti \u2013 \u201e\u0161e\u0161\u0117liuoti\u201c ankstyvojo ugdymo \u012fstaigos i\u0161oriniame vertinime. Sta\u017euot\u0117s dalyviai, kalb\u0117dami apie Airijoje veikian\u010dios inspekt\u016bros veikl\u0105, pa\u017eym\u0117jo didel\u012f pozityvum\u0105, geranori\u0161kum\u0105 vykdant i\u0161orin\u012f vertinim\u0105, pagrindinio d\u0117mes\u012f sutelkim\u0105 \u012f vaiko poreiki\u0173 tenkinim\u0105.<\/p>\n<p>Berlyne sta\u017euot\u0117s dalyviai susitiko su Berliner Kita-Institut f\u00fcr Qualit\u00e4tsentwicklung (BeKi) darbuotojais. Berlyne ankstyvasis ugdymas vykdomas pagal Berlyno \u0161vietimo program\u0105, kurios esm\u0117 yra holistinis vaiko ugdymas. \u00a0I\u0161orin\u012f vaik\u0173 dar\u017eeli\u0173 veiklos kokyb\u0117s vertinim\u0105 kas penkerius metus vykdo 9 institucijos. Vertinimo rezultatai nepublikuojami, nebent pati \u012fstaiga pageidauja \u0161i\u0105 informacij\u0105 vie\u0161inti. Dalyviai tur\u0117jo galimyb\u0119 aplankyti tris BeKi konsultacinius dar\u017eelius, o taip pat lank\u0117si Der Parit\u00e4tische Wohlfahrtsverband Berlin organizacijoje, jungian\u010dioje 120 \u012fvairi\u0173 organizacij\u0173 ir vykdan\u010dioje i\u0161orin\u012f vaik\u0173 dar\u017eeli\u0173 veiklos kokyb\u0117s vertinim\u0105.<\/p>\n<p><strong>Renginio akimirkos<\/strong><\/p>\n\n\t\t<style type=\"text\/css\">\n\t\t\t#gallery-5 {\n\t\t\t\tmargin: auto;\n\t\t\t}\n\t\t\t#gallery-5 .gallery-item {\n\t\t\t\tfloat: left;\n\t\t\t\tmargin-top: 10px;\n\t\t\t\ttext-align: center;\n\t\t\t\twidth: 33%;\n\t\t\t}\n\t\t\t#gallery-5 img {\n\t\t\t\tborder: 2px solid #cfcfcf;\n\t\t\t}\n\t\t\t#gallery-5 .gallery-caption {\n\t\t\t\tmargin-left: 0;\n\t\t\t}\n\t\t\t\/* see gallery_shortcode() in wp-includes\/media.php *\/\n\t\t<\/style>\n\t\t<div id='gallery-5' class='gallery galleryid-14336 gallery-columns-3 gallery-size-thumbnail'><dl class='gallery-item'>\n\t\t\t<dt class='gallery-icon portrait'>\n\t\t\t\t<a href='https:\/\/www.nsa.smsm.lt\/old\/wp-content\/uploads\/2020\/07\/Foto-666666-273x300-1.jpg'><img loading=\"lazy\" decoding=\"async\" width=\"150\" height=\"150\" src=\"https:\/\/www.nsa.smsm.lt\/old\/wp-content\/uploads\/2020\/07\/Foto-666666-273x300-1-150x150.jpg\" class=\"attachment-thumbnail size-thumbnail\" alt=\"\" \/><\/a>\n\t\t\t<\/dt><\/dl><dl class='gallery-item'>\n\t\t\t<dt class='gallery-icon landscape'>\n\t\t\t\t<a href='https:\/\/www.nsa.smsm.lt\/old\/wp-content\/uploads\/2020\/07\/Foto-555555555-624x468-1.jpg'><img loading=\"lazy\" decoding=\"async\" width=\"150\" height=\"150\" src=\"https:\/\/www.nsa.smsm.lt\/old\/wp-content\/uploads\/2020\/07\/Foto-555555555-624x468-1-150x150.jpg\" class=\"attachment-thumbnail size-thumbnail\" alt=\"\" \/><\/a>\n\t\t\t<\/dt><\/dl><dl class='gallery-item'>\n\t\t\t<dt class='gallery-icon landscape'>\n\t\t\t\t<a href='https:\/\/www.nsa.smsm.lt\/old\/wp-content\/uploads\/2020\/07\/Foto-3333333-scaled.jpg'><img loading=\"lazy\" decoding=\"async\" width=\"150\" height=\"150\" src=\"https:\/\/www.nsa.smsm.lt\/old\/wp-content\/uploads\/2020\/07\/Foto-3333333-150x150.jpg\" class=\"attachment-thumbnail size-thumbnail\" alt=\"\" \/><\/a>\n\t\t\t<\/dt><\/dl><br style=\"clear: both\" \/>\n\t\t<\/div>\n\n<p>Nuotrauk\u0173 autor\u0117 Birut\u0117 Rutkauskien\u0117<\/p>\n<p>Birut\u0117 Rutkauskien\u0117<br \/>\nProjekto \u201eNeformaliojo vaik\u0173 \u0161vietimo, ikimokyklinio, prie\u0161mokyklinio ir bendrojo ugdymo vertinimo, \u012fsivertinimo tobulinimas ir pl\u0117tot\u0117\u201c (Nr. 09.2.1-ESFA-V-706-03-0001) veiklos Nr. 1.1 veiklos vadov\u0117<br \/>\nEl. pa\u0161tas\u00a0<a href=\"mailto:birute.rutkauskiene@nmva.smm.lt\">birute.rutkauskiene@nmva.smm.lt<\/a><\/p>\n<hr \/>\n<h3 class=\"entry-title\">\u012evyko projekto \u201eNeformaliojo vaik\u0173 \u0161vietimo, ikimokyklinio, prie\u0161mokyklinio ir bendrojo ugdymo vertinimo, \u012fsivertinimo tobulinimas ir pl\u0117tot\u0117\u201c (Nr. 09.2.1-ESFA-V-706-03-0001) sta\u017euot\u0117 \u012f Olandij\u0105<\/h3>\n<p>Tre\u010dioji projekto \u201eNeformaliojo vaik\u0173 \u0161vietimo, ikimokyklinio, prie\u0161mokyklinio ir bendrojo ugdymo vertinimo, \u012fsivertinimo tobulinimas ir pl\u0117tot\u0117\u201c (Nr. 09.2.1-ESFA-V-706-03-0001)\u00a0sta\u017euot\u0117 \u012fvyko bir\u017eelio 10\u201314 dienomis Olandijoje.<\/p>\n<p>A\u0161tuoni darbuotojai i\u0161 \u012fvairi\u0173 Lietuvos \u0161vietimo \u012fstaig\u0173 lank\u0117si Olandijos \u0161vietimo inspekcijoje Utrechte. Susitikim\u0173 metu oland\u0173 kolegos papasakojo apie ankstyvojo vaik\u0173 ugdymo ir prie\u017ei\u016bros sistem\u0105,\u00a0<em>Nyderland\u0173 \u0161vietimo inspekcijos<\/em>\u00a0vykdom\u0105 ugdymo \u012fstaig\u0173 veiklos kokyb\u0117s vertinim\u0105, \u00a0<em>Bendruomen\u0117s sveikatos paslaug\u0173 asociacijos<\/em>\u00a0veikl\u0105, Olandijos ikimokyklinio ugdymo vertinimo sistem\u0105, sritis ir rodiklius. Sta\u017euot\u0117s dalyviai tur\u0117jo galimyb\u0119 aplankyti ikimokyklinio ugdymo \u012fstaigas Utrechte Peutercentrum De Krekels ir T\u2018nest Horsto mieste.<\/p>\n<p>Nyderland\u0173 Karalyst\u0117je dauguma moter\u0173 \u012f darb\u0105 gr\u012f\u017eta pra\u0117jus 10-12 savai\u010di\u0173\u00a0 po vaiko gimimo, tod\u0117l ikimokyklinis ugdymas yra skirtas vaikams nuo 0 iki 4 met\u0173. Pagrindinis ugdymo tikslas \u2013\u00a0 parengti vaikus adaptacijai, tolimesniam ugdymui(-si) pradin\u0117je mokykloje. Ypatingas d\u0117mesys skiriamas emigrant\u0173 \u0161eim\u0173 vaikams ir j\u0173 \u0161eimoms.<\/p>\n<p><strong>Sta\u017euot\u0117s akimirkos<\/strong><\/p>\n\n\t\t<style type=\"text\/css\">\n\t\t\t#gallery-6 {\n\t\t\t\tmargin: auto;\n\t\t\t}\n\t\t\t#gallery-6 .gallery-item {\n\t\t\t\tfloat: left;\n\t\t\t\tmargin-top: 10px;\n\t\t\t\ttext-align: center;\n\t\t\t\twidth: 33%;\n\t\t\t}\n\t\t\t#gallery-6 img {\n\t\t\t\tborder: 2px solid #cfcfcf;\n\t\t\t}\n\t\t\t#gallery-6 .gallery-caption {\n\t\t\t\tmargin-left: 0;\n\t\t\t}\n\t\t\t\/* see gallery_shortcode() in wp-includes\/media.php *\/\n\t\t<\/style>\n\t\t<div id='gallery-6' class='gallery galleryid-14336 gallery-columns-3 gallery-size-thumbnail'><dl class='gallery-item'>\n\t\t\t<dt class='gallery-icon landscape'>\n\t\t\t\t<a href='https:\/\/www.nsa.smsm.lt\/old\/wp-content\/uploads\/2020\/07\/Foto-1-1.jpg'><img loading=\"lazy\" decoding=\"async\" width=\"150\" height=\"150\" src=\"https:\/\/www.nsa.smsm.lt\/old\/wp-content\/uploads\/2020\/07\/Foto-1-1-150x150.jpg\" class=\"attachment-thumbnail size-thumbnail\" alt=\"\" \/><\/a>\n\t\t\t<\/dt><\/dl><dl class='gallery-item'>\n\t\t\t<dt class='gallery-icon landscape'>\n\t\t\t\t<a href='https:\/\/www.nsa.smsm.lt\/old\/wp-content\/uploads\/2020\/07\/Foto-11111.jpg'><img loading=\"lazy\" decoding=\"async\" width=\"150\" height=\"150\" src=\"https:\/\/www.nsa.smsm.lt\/old\/wp-content\/uploads\/2020\/07\/Foto-11111-150x150.jpg\" class=\"attachment-thumbnail size-thumbnail\" alt=\"\" \/><\/a>\n\t\t\t<\/dt><\/dl><dl class='gallery-item'>\n\t\t\t<dt class='gallery-icon landscape'>\n\t\t\t\t<a href='https:\/\/www.nsa.smsm.lt\/old\/wp-content\/uploads\/2020\/07\/Foto-888.jpg'><img loading=\"lazy\" decoding=\"async\" width=\"150\" height=\"150\" src=\"https:\/\/www.nsa.smsm.lt\/old\/wp-content\/uploads\/2020\/07\/Foto-888-150x150.jpg\" class=\"attachment-thumbnail size-thumbnail\" alt=\"\" \/><\/a>\n\t\t\t<\/dt><\/dl><br style=\"clear: both\" \/><dl class='gallery-item'>\n\t\t\t<dt class='gallery-icon landscape'>\n\t\t\t\t<a href='https:\/\/www.nsa.smsm.lt\/old\/wp-content\/uploads\/2020\/07\/Foto-666.jpg'><img loading=\"lazy\" decoding=\"async\" width=\"150\" height=\"150\" src=\"https:\/\/www.nsa.smsm.lt\/old\/wp-content\/uploads\/2020\/07\/Foto-666-150x150.jpg\" class=\"attachment-thumbnail size-thumbnail\" alt=\"\" \/><\/a>\n\t\t\t<\/dt><\/dl><dl class='gallery-item'>\n\t\t\t<dt class='gallery-icon landscape'>\n\t\t\t\t<a href='https:\/\/www.nsa.smsm.lt\/old\/wp-content\/uploads\/2020\/07\/Foto-333.jpg'><img loading=\"lazy\" decoding=\"async\" width=\"150\" height=\"150\" src=\"https:\/\/www.nsa.smsm.lt\/old\/wp-content\/uploads\/2020\/07\/Foto-333-150x150.jpg\" class=\"attachment-thumbnail size-thumbnail\" alt=\"\" \/><\/a>\n\t\t\t<\/dt><\/dl><dl class='gallery-item'>\n\t\t\t<dt class='gallery-icon landscape'>\n\t\t\t\t<a href='https:\/\/www.nsa.smsm.lt\/old\/wp-content\/uploads\/2020\/07\/Foto-999-1.jpg'><img loading=\"lazy\" decoding=\"async\" width=\"150\" height=\"150\" src=\"https:\/\/www.nsa.smsm.lt\/old\/wp-content\/uploads\/2020\/07\/Foto-999-1-150x150.jpg\" class=\"attachment-thumbnail size-thumbnail\" alt=\"\" \/><\/a>\n\t\t\t<\/dt><\/dl><br style=\"clear: both\" \/>\n\t\t<\/div>\n\n<p><em>autor. Linas Ja\u0161inauskas<\/em><\/p>\n<p>Birut\u0117 Rutkauskien\u0117<br \/>\nProjekto \u201eNeformaliojo vaik\u0173 \u0161vietimo, ikimokyklinio, prie\u0161mokyklinio ir bendrojo ugdymo vertinimo, \u012fsivertinimo tobulinimas ir pl\u0117tot\u0117\u201c (Nr. 09.2.1-ESFA-V-706-03-0001) veiklos Nr. 1.1 veiklos vadov\u0117<br \/>\nEl. pa\u0161tas\u00a0<a href=\"mailto:birute.rutkauskiene@nmva.smm.lt\">birute.rutkauskiene@nmva.smm.lt<\/a><\/p>\n<hr \/>\n<h3 class=\"entry-title\">Projekto \u201eNeformaliojo vaik\u0173 \u0161vietimo, ikimokyklinio, prie\u0161mokyklinio ir bendrojo ugdymo vertinimo, \u012fsivertinimo tobulinimas ir pl\u0117tot\u0117\u201c (Nr. 09.2.1-ESFA-V-706-03-0001) sta\u017euo\u010di\u0173 Airijoje, Vokietijoje (Berlyne) ir Nyderland\u0173 Karalyst\u0117je (Olandijoje) ataskaitos<\/h3>\n<p>Skelbiame projekto \u201eNeformaliojo vaik\u0173 \u0161vietimo, ikimokyklinio, prie\u0161mokyklinio ir bendrojo ugdymo vertinimo, \u012fsivertinimo tobulinimas ir pl\u0117tot\u0117\u201c (Nr. 09.2.1-ESFA-V-706-03-0001) sta\u017euo\u010di\u0173 Airijoje, Vokietijoje (Berlyne) ir Nyderland\u0173 Karalyst\u0117je (Olandijoje) ataskaitas.<\/p>\n<ul>\n<li><a href=\"https:\/\/www.nsa.smsm.lt\/old\/old\/wp-content\/uploads\/2020\/07\/bendra_Stazuotes-Airijoje-ataskaita.docx\">Sta\u017euot\u0117s Airijoje ataskaita<\/a><\/li>\n<li><a href=\"https:\/\/www.nsa.smsm.lt\/old\/old\/wp-content\/uploads\/2020\/07\/bendra-Berlyno-atasakaita.docx\">Sta\u017euot\u0117s Berlyne ataskaita<\/a><\/li>\n<li><a href=\"https:\/\/www.nsa.smsm.lt\/old\/old\/wp-content\/uploads\/2020\/07\/bendra_Olandijos_ataskaita.docx\">Sta\u017euot\u0117s Olandijoje ataskaita<\/a><\/li>\n<\/ul>\n<p>Birut\u0117 Rutkauskien\u0117<br \/>\nProjekto \u201eNeformaliojo vaik\u0173 \u0161vietimo, ikimokyklinio, prie\u0161mokyklinio ir bendrojo ugdymo vertinimo, \u012fsivertinimo tobulinimas ir pl\u0117tot\u0117\u201c (Nr. 09.2.1-ESFA-V-706-03-0001) veiklos Nr. 1.1 vadov\u0117<br \/>\nEl. pa\u0161tas\u00a0<a href=\"mailto:birute.rutkauskiene@nmva.smm.lt\">birute.rutkauskiene@nmva.smm.lt<\/a><\/p>\n","protected":false},"excerpt":{"rendered":"<p>KVIE\u010cIAME TEIKTI PARAI\u0160KAS \u012e MOKYKL\u0172 \u012eSIVERTINIMO SISTEMOS KONSULTANT\u0172 MOKYMO PROGRAM\u0104 Kvietimas teikti parai\u0161kas \u012f mokymo programas Parai\u0161ka dalyvauti mokymuose Kvietimas teikti parai\u0161kas \u012f mokymo programas Parai\u0161ka dalyvauti mokymuose PROJEKTO \u201eNEFORMALIOJO VAIK\u0172 \u0160VIETIMO, IKIMOKYKLINIO, PRIE\u0160MOKYKLINIO IR BENDROJO UGDYMO VERTINIMO, \u012eSIVERTINIMO TOBULINIMAS&nbsp;<a href=\"https:\/\/www.nsa.smsm.lt\/old\/stebesenos-ir-vertinimo-departamentas\/projektai\/projektas-neformaliojo-vaiku-svietimo-ikimokyklinio-priesmokyklinio-ir-bendrojo-ugdymo-vertinimo-isivertinimo-tobulinimas-ir-pletote-09-2-1-esfa-v-706-03-0001-2\/projekto-renginiai\/\" class=\"placiau\">Pla\u010diau <i class=\"fa fa-caret-right\"><\/i><\/a><\/p>\n","protected":false},"author":1,"featured_media":0,"parent":13973,"menu_order":1,"comment_status":"closed","ping_status":"closed","template":"page-projektas.php","meta":{"_acf_changed":false,"footnotes":""},"class_list":["post-14336","page","type-page","status-publish","hentry"],"acf":[],"_links":{"self":[{"href":"https:\/\/www.nsa.smsm.lt\/old\/wp-json\/wp\/v2\/pages\/14336","targetHints":{"allow":["GET"]}}],"collection":[{"href":"https:\/\/www.nsa.smsm.lt\/old\/wp-json\/wp\/v2\/pages"}],"about":[{"href":"https:\/\/www.nsa.smsm.lt\/old\/wp-json\/wp\/v2\/types\/page"}],"author":[{"embeddable":true,"href":"https:\/\/www.nsa.smsm.lt\/old\/wp-json\/wp\/v2\/users\/1"}],"replies":[{"embeddable":true,"href":"https:\/\/www.nsa.smsm.lt\/old\/wp-json\/wp\/v2\/comments?post=14336"}],"version-history":[{"count":0,"href":"https:\/\/www.nsa.smsm.lt\/old\/wp-json\/wp\/v2\/pages\/14336\/revisions"}],"up":[{"embeddable":true,"href":"https:\/\/www.nsa.smsm.lt\/old\/wp-json\/wp\/v2\/pages\/13973"}],"wp:attachment":[{"href":"https:\/\/www.nsa.smsm.lt\/old\/wp-json\/wp\/v2\/media?parent=14336"}],"curies":[{"name":"wp","href":"https:\/\/api.w.org\/{rel}","templated":true}]}}