{"id":10372,"date":"2022-10-21T10:31:51","date_gmt":"2022-10-21T08:31:51","guid":{"rendered":"https:\/\/www.nsa.smsm.lt\/old\/?page_id=10372"},"modified":"2023-01-11T23:36:55","modified_gmt":"2023-01-11T21:36:55","slug":"turi-profesija-turi-ateiti-nr-09-4-1-esfa-v-735-01-0001","status":"publish","type":"page","link":"https:\/\/www.nsa.smsm.lt\/old\/svietimo-pagalbos-departamentas\/projektai\/turi-profesija-turi-ateiti-nr-09-4-1-esfa-v-735-01-0001\/","title":{"rendered":"\u201eTuri profesij\u0105 \u2013 turi ateit\u012f!\u201c Nr. 09.4.1-ESFA-V-735-01-0001"},"content":{"rendered":"<h3><img loading=\"lazy\" decoding=\"async\" class=\" wp-image-11965 alignnone\" src=\"https:\/\/www.nsa.smsm.lt\/old\/old\/wp-content\/uploads\/2020\/04\/eu.png\" alt=\"\" width=\"335\" height=\"154\" srcset=\"https:\/\/www.nsa.smsm.lt\/old\/wp-content\/uploads\/2020\/04\/eu.png 320w, https:\/\/www.nsa.smsm.lt\/old\/wp-content\/uploads\/2020\/04\/eu-300x138.png 300w\" sizes=\"auto, (max-width: 335px) 100vw, 335px\" \/><\/h3>\n<h3><strong>Projektas finansuojamas Europos socialinio fondo l\u0117\u0161omis<\/strong><\/h3>\n<h3><strong>\u201eTuri profesij\u0105 \u2013 turi ateit\u012f!\u201c Nr. 09.4.1-ESFA-V-735-01-0001<\/strong><\/h3>\n<p><strong>Projekto id\u0117ja <\/strong>\u2013 u\u017etikrinta \u0161vietimo pagalba socialiai jautri\u0173 grupi\u0173 mokiniams \u012fgyti profesij\u0105 ir j\u0105 realizuoti.<\/p>\n<p><strong>Projekto tikslin\u0117s grup\u0117s:<\/strong><\/p>\n<ul>\n<li>profesinio mokymo \u012fstaig\u0173 mokiniai, turintys speciali\u0173j\u0173 ugdymosi poreiki\u0173;<\/li>\n<li>profesinio mokymo \u012fstaig\u0173 mokiniai, gyvenantys socialin\u0119 rizik\u0105 patirian\u010diose \u0161eimose.<\/li>\n<\/ul>\n<p><strong>Projekto u\u017edaviniai:<\/strong><\/p>\n<ol>\n<li><strong>Remti mokinius i\u0161 socialiai jautri\u0173 grupi\u0173 profesiniame mokyme.\u00a0<\/strong>Mokini\u0173 i\u0161 socialiai jautri\u0173 grupi\u0173 apr\u016bpinimas profesijai \u012fgyti b\u016btinomis mokymo priemon\u0117mis ir darbo drabu\u017eiais, pagalbos mokantis (specialiosios pedagogin\u0117s) ir popamokin\u0117s veiklos (u\u017eimtumo grupi\u0173) organizavimas.<\/li>\n<\/ol>\n<ol start=\"2\">\n<li><strong>Tobulinti ugdymo proces\u0105 profesin\u0117se mokyklose.\u00a0<\/strong>Mokomosios med\u017eiagos ir mokym\u0173 organizavimas.<\/li>\n<\/ol>\n<ol start=\"3\">\n<li><strong>Pl\u0117sti mokini\u0173, turin\u010di\u0173 speciali\u0173j\u0173 ugdymosi poreiki\u0173, profesijos pasirinkimo galimybes.\u00a0<\/strong>\u012eranki\u0173, skirt\u0173 mokini\u0173, turin\u010di\u0173 speciali\u0173j\u0173 ugdymosi poreiki\u0173, profesiniam kryptingumui \u012fvertinti \u012fsigijimas ir mokym\u0173 jais naudotis organizavimas.<\/li>\n<\/ol>\n<p><strong>Projekto l\u0117\u0161omis siekiami rezultatai:<\/strong><\/p>\n<table width=\"100%\">\n<tbody>\n<tr>\n<td width=\"536\"><strong>Fizinis rodiklis<\/strong><\/td>\n<td width=\"143\"><strong>Siektina reik\u0161m\u0117<\/strong><\/td>\n<\/tr>\n<tr>\n<td width=\"536\">Pagalbos mokantis ir popamokinio u\u017eimtumo grupi\u0173 organizavimas<\/td>\n<td width=\"143\">300,00 asm.<\/td>\n<\/tr>\n<tr>\n<td width=\"536\">Mokomosios med\u017eiagos socialini\u0173 \u012fg\u016bd\u017ei\u0173 programos moduliams parengimas<\/td>\n<td width=\"143\">1,00 vnt.<\/td>\n<\/tr>\n<tr>\n<td width=\"536\">Mokym\u0173 apie mokini\u0173, turin\u010di\u0173 speciali\u0173j\u0173 ugdymosi poreiki\u0173 ugdym\u0105, nepageidaujamo elgesio valdym\u0105 organizavimas:<\/td>\n<td width=\"143\">2.000,00 asm.<\/td>\n<\/tr>\n<tr>\n<td width=\"536\">\n<ul>\n<li>\u00a0Agresijos prevencijos ir valdymo mokymai<\/li>\n<\/ul>\n<\/td>\n<td width=\"143\">2.000,00 asm.<\/td>\n<\/tr>\n<tr>\n<td width=\"536\">\n<ul>\n<li>Mokymai apie vaik\u0173, turin\u010di\u0173 speciali\u0173j\u0173 ugdymosi poreiki\u0173, ugdymo(si) ypatumus<\/li>\n<\/ul>\n<\/td>\n<td width=\"143\">1.000,00 asm.<\/td>\n<\/tr>\n<tr>\n<td width=\"536\">\n<ul>\n<li>Mokymai apie socialini\u0173 \u012fg\u016bd\u017ei\u0173 programos rengim\u0105 ir taikym\u0105<\/li>\n<\/ul>\n<\/td>\n<td width=\"143\">150,00 asm.<\/td>\n<\/tr>\n<tr>\n<td width=\"536\">\n<ul>\n<li>Mokymai apie Vaiko gerov\u0117s komisijos veiklos organizavim\u0105<\/li>\n<\/ul>\n<\/td>\n<td width=\"143\">350,00 asm.<\/td>\n<\/tr>\n<tr>\n<td width=\"536\">\u012eranki\u0173, skirt\u0173 profesiniam kryptingumui \u012fvertinti, komplektai<\/td>\n<td width=\"143\">17,00 kompl.<\/td>\n<\/tr>\n<tr>\n<td width=\"536\">Mokym\u0173 ir supervizij\u0173 naudotis darbini\u0173 geb\u0117jim\u0173 diagnostikos priemoni\u0173 rinkiniais organizavimas<\/td>\n<td width=\"143\">22,00 asm.<\/td>\n<\/tr>\n<tr>\n<td width=\"536\">Mokini\u0173, turin\u010di\u0173 speciali\u0173j\u0173 ugdymosi poreiki\u0173, \u012fvertinimas ir rekomendacij\u0173 d\u0117l profesijos \u012fgijimo rengimas<\/td>\n<td width=\"143\">650,00 asm.<\/td>\n<\/tr>\n<\/tbody>\n<\/table>\n<p>&nbsp;<\/p>\n<p><strong>Projekto prad<\/strong><strong>\u017eia:<\/strong>\u00a02019 m. rugpj\u016b\u010dio 30 d.<\/p>\n<p><strong>Projekto pabaiga:<\/strong>\u00a02022 m. rugpj\u016b\u010dio 30 d.<\/p>\n<p><strong>Biud\u017eetas:<\/strong>\u00a02 138 061,53 Eur<\/p>\n<div><strong>Informacijos teirautis:<\/strong><\/div>\n<div>Projekto metodinink\u0117 Ana Pavilovi\u010d-Jan\u010dis, el. p. <a title=\"ana.pavilovic-jancis@nsa.smm.lt\" href=\"mailto:ana.pavilovic-jancis@nsa.smm.lt\">ana.pavilovic-jancis@nsa.smm.lt<\/a>, tel. 8 658 18190<\/div>\n","protected":false},"excerpt":{"rendered":"<p>Projektas finansuojamas Europos socialinio fondo l\u0117\u0161omis \u201eTuri profesij\u0105 \u2013 turi ateit\u012f!\u201c Nr. 09.4.1-ESFA-V-735-01-0001 Projekto id\u0117ja \u2013 u\u017etikrinta \u0161vietimo pagalba socialiai jautri\u0173 grupi\u0173 mokiniams \u012fgyti profesij\u0105 ir j\u0105 realizuoti. Projekto tikslin\u0117s grup\u0117s: profesinio mokymo \u012fstaig\u0173 mokiniai, turintys speciali\u0173j\u0173 ugdymosi poreiki\u0173; profesinio&nbsp;<a href=\"https:\/\/www.nsa.smsm.lt\/old\/svietimo-pagalbos-departamentas\/projektai\/turi-profesija-turi-ateiti-nr-09-4-1-esfa-v-735-01-0001\/\" class=\"placiau\">Pla\u010diau <i class=\"fa fa-caret-right\"><\/i><\/a><\/p>\n","protected":false},"author":1,"featured_media":0,"parent":10370,"menu_order":0,"comment_status":"closed","ping_status":"closed","template":"","meta":{"_acf_changed":false,"footnotes":""},"class_list":["post-10372","page","type-page","status-publish","hentry"],"acf":[],"_links":{"self":[{"href":"https:\/\/www.nsa.smsm.lt\/old\/wp-json\/wp\/v2\/pages\/10372","targetHints":{"allow":["GET"]}}],"collection":[{"href":"https:\/\/www.nsa.smsm.lt\/old\/wp-json\/wp\/v2\/pages"}],"about":[{"href":"https:\/\/www.nsa.smsm.lt\/old\/wp-json\/wp\/v2\/types\/page"}],"author":[{"embeddable":true,"href":"https:\/\/www.nsa.smsm.lt\/old\/wp-json\/wp\/v2\/users\/1"}],"replies":[{"embeddable":true,"href":"https:\/\/www.nsa.smsm.lt\/old\/wp-json\/wp\/v2\/comments?post=10372"}],"version-history":[{"count":0,"href":"https:\/\/www.nsa.smsm.lt\/old\/wp-json\/wp\/v2\/pages\/10372\/revisions"}],"up":[{"embeddable":true,"href":"https:\/\/www.nsa.smsm.lt\/old\/wp-json\/wp\/v2\/pages\/10370"}],"wp:attachment":[{"href":"https:\/\/www.nsa.smsm.lt\/old\/wp-json\/wp\/v2\/media?parent=10372"}],"curies":[{"name":"wp","href":"https:\/\/api.w.org\/{rel}","templated":true}]}}